{"id":169,"date":"2023-03-20T20:52:43","date_gmt":"2023-03-20T20:52:43","guid":{"rendered":"https:\/\/bike-baeriswil.ch\/?page_id=169"},"modified":"2026-03-28T19:38:00","modified_gmt":"2026-03-28T19:38:00","slug":"anlaesse","status":"publish","type":"page","link":"https:\/\/bike-baeriswil.ch\/index.php\/anlaesse\/","title":{"rendered":"Anl\u00e4sse"},"content":{"rendered":"\n<style type=\"text\/css\" data-created_by=\"avia_inline_auto\" id=\"style-css-av-lfha3qvy-0368e76d6a42ffe54fa33300083bc77d\">\n#top .av_textblock_section.av-lfha3qvy-0368e76d6a42ffe54fa33300083bc77d .avia_textblock{\nfont-size:18px;\ntext-align:center;\n}\n<\/style>\n<section  class='av_textblock_section av-lfha3qvy-0368e76d6a42ffe54fa33300083bc77d '   itemscope=\"itemscope\" itemtype=\"https:\/\/schema.org\/CreativeWork\" ><div class='avia_textblock'  itemprop=\"text\" ><p>* * * Jeden Dienstag Abendausfahrt; Treffpunkt 19:00 Uhr <a href=\"https:\/\/www.google.ch\/maps\/place\/Dorfstrasse+1,+3323+B%C3%A4riswil\/@47.0189879,7.5269839,19z\/data=!4m17!1m10!3m9!1s0x478e30491beeaaab:0x43da88b4e5a63553!2zQsOkcmlzd2ls!5m2!4m1!1i2!8m2!3d47.0225248!4d7.5239885!16s%2Fg%2F11pf2gw9t5!3m5!1s0x478e304c46eaab4d:0x269e9606552e4c90!8m2!3d47.0190837!4d7.5273326!16s%2Fg%2F11fj_wc1fs\" target=\"_blank\" rel=\"noopener\">Feuerwehrmagazin B\u00e4riswil<\/a> * * *<br \/>\nHier geht&#8217;s zum <a href=\"https:\/\/nuudel.digitalcourage.de\/txACXu4NQwlaMGbk\" target=\"_blank\" rel=\"noopener\">Nuudel<\/a><\/p>\n<\/div><\/section>\n\n<style type=\"text\/css\" data-created_by=\"avia_inline_auto\" id=\"style-css-av-lfha6lrc-21607961bfe55e14d71b234bc7715583\">\n#top .av-special-heading.av-lfha6lrc-21607961bfe55e14d71b234bc7715583{\nmargin:0 0 0 0;\npadding-bottom:10px;\n}\nbody .av-special-heading.av-lfha6lrc-21607961bfe55e14d71b234bc7715583 .av-special-heading-tag .heading-char{\nfont-size:25px;\n}\n.av-special-heading.av-lfha6lrc-21607961bfe55e14d71b234bc7715583 .av-subheading{\nfont-size:15px;\n}\n<\/style>\n<div  class='av-special-heading av-lfha6lrc-21607961bfe55e14d71b234bc7715583 av-special-heading-h4  avia-builder-el-1  el_after_av_textblock  el_before_av_timeline '><h4 class='av-special-heading-tag '  itemprop=\"headline\"  >&#8230; and more:<\/h4><div class=\"special-heading-border\"><div class=\"special-heading-inner-border\"><\/div><\/div><\/div>\n\n<style type=\"text\/css\" data-created_by=\"avia_inline_auto\" id=\"style-css-av-lfhax9ph-d9411939712bbee4e1207eb7c22fe98e\">\n.avia-timeline-container.av-lfhax9ph-d9411939712bbee4e1207eb7c22fe98e .av-milestone-date{\nfont-size:16px;\ncolor:#f8f8f8;\n}\n.avia-timeline-container.av-lfhax9ph-d9411939712bbee4e1207eb7c22fe98e .av-milestone-title{\nfont-size:16px;\ncolor:#f8f8f8;\n}\n.avia-timeline-container.av-lfhax9ph-d9411939712bbee4e1207eb7c22fe98e .av-milestone-content{\nfont-size:14px;\ncolor:#f8f8f8;\n}\n.avia-timeline-container.av-lfhax9ph-d9411939712bbee4e1207eb7c22fe98e .av-milestone-contentbox{\nbackground-color:#8c8c8c;\n}\n<\/style>\n\n<style type=\"text\/css\" data-created_by=\"avia_inline_auto\" id=\"style-css-sub-av-lfhax9ph-d9411939712bbee4e1207eb7c22fe98e\">\n.avia-timeline-container .av-milestone.av-lfhaez3b-352a1f956c6ebacbbcf4dcd1f160d2ad .av-milestone-icon-inner{\nbackground-color:#15c118;\n}\n.avia-timeline-container .av-milestone.av-lfhaez3b-352a1f956c6ebacbbcf4dcd1f160d2ad .av-milestone-indicator{\nbackground-color:#15c118;\n}\n.avia-timeline-container .av-milestone.av-lfhaez3b-352a1f956c6ebacbbcf4dcd1f160d2ad .av-milestone-article-footer{\nbackground-color:#15c118;\n}\n.avia-timeline-container .av-milestone.av-lfhaio2e-34c3f2add43ae26a0a52f6ac9771f0a2 .av-milestone-icon-inner{\nbackground-color:#15c118;\n}\n.avia-timeline-container .av-milestone.av-lfhaio2e-34c3f2add43ae26a0a52f6ac9771f0a2 .av-milestone-indicator{\nbackground-color:#15c118;\n}\n.avia-timeline-container .av-milestone.av-lfhaio2e-34c3f2add43ae26a0a52f6ac9771f0a2 .av-milestone-article-footer{\nbackground-color:#15c118;\n}\n.avia-timeline-container .av-milestone.av-lfhag6o6-9709373fd19722f6f1877028c76eaa6e .av-milestone-icon-inner{\nbackground-color:#15c118;\n}\n.avia-timeline-container .av-milestone.av-lfhag6o6-9709373fd19722f6f1877028c76eaa6e .av-milestone-indicator{\nbackground-color:#15c118;\n}\n.avia-timeline-container .av-milestone.av-lfhag6o6-9709373fd19722f6f1877028c76eaa6e .av-milestone-article-footer{\nbackground-color:#15c118;\n}\n.avia-timeline-container .av-milestone.av-lfhanrn4-1634200a5137b2e0eada1bc0dd13e389 .av-milestone-icon-inner{\nbackground-color:#15c118;\n}\n.avia-timeline-container .av-milestone.av-lfhanrn4-1634200a5137b2e0eada1bc0dd13e389 .av-milestone-indicator{\nbackground-color:#15c118;\n}\n.avia-timeline-container .av-milestone.av-lfhanrn4-1634200a5137b2e0eada1bc0dd13e389 .av-milestone-article-footer{\nbackground-color:#15c118;\n}\n.avia-timeline-container .av-milestone.av-lfhajlq8-00ce789fd810240191164458594276a0 .av-milestone-icon-inner{\nbackground-color:#15c118;\n}\n.avia-timeline-container .av-milestone.av-lfhajlq8-00ce789fd810240191164458594276a0 .av-milestone-indicator{\nbackground-color:#15c118;\n}\n.avia-timeline-container .av-milestone.av-lfhajlq8-00ce789fd810240191164458594276a0 .av-milestone-article-footer{\nbackground-color:#15c118;\n}\n.avia-timeline-container .av-milestone.av-lfhakc1n-683089d73e8f2e8baa74315b44d09529 .av-milestone-icon-inner{\nbackground-color:#15c118;\n}\n.avia-timeline-container .av-milestone.av-lfhakc1n-683089d73e8f2e8baa74315b44d09529 .av-milestone-indicator{\nbackground-color:#15c118;\n}\n.avia-timeline-container .av-milestone.av-lfhakc1n-683089d73e8f2e8baa74315b44d09529 .av-milestone-article-footer{\nbackground-color:#15c118;\n}\n.avia-timeline-container .av-milestone.av-lfhanrn4-3-618f67bcdf3cfcde492998f1778445dc .av-milestone-icon-inner{\nbackground-color:#15c118;\n}\n.avia-timeline-container .av-milestone.av-lfhanrn4-3-618f67bcdf3cfcde492998f1778445dc .av-milestone-indicator{\nbackground-color:#15c118;\n}\n.avia-timeline-container .av-milestone.av-lfhanrn4-3-618f67bcdf3cfcde492998f1778445dc .av-milestone-article-footer{\nbackground-color:#15c118;\n}\n.avia-timeline-container .av-milestone.av-lfhamywn-c74bb5d1e1344d5ba638d57dbb9fa967 .av-milestone-icon-inner{\nbackground-color:#15c118;\n}\n.avia-timeline-container .av-milestone.av-lfhamywn-c74bb5d1e1344d5ba638d57dbb9fa967 .av-milestone-indicator{\nbackground-color:#15c118;\n}\n.avia-timeline-container .av-milestone.av-lfhamywn-c74bb5d1e1344d5ba638d57dbb9fa967 .av-milestone-article-footer{\nbackground-color:#15c118;\n}\n.avia-timeline-container .av-milestone.av-lfhanrn4-2-4a892a971fc597cdb5a28fa33fbc3139 .av-milestone-icon-inner{\nbackground-color:#15c118;\n}\n.avia-timeline-container .av-milestone.av-lfhanrn4-2-4a892a971fc597cdb5a28fa33fbc3139 .av-milestone-indicator{\nbackground-color:#15c118;\n}\n.avia-timeline-container .av-milestone.av-lfhanrn4-2-4a892a971fc597cdb5a28fa33fbc3139 .av-milestone-article-footer{\nbackground-color:#15c118;\n}\n.avia-timeline-container .av-milestone.av-lfhanrn4-1-1-e24eb2fdf6c47c3c69d4d7854a633e84 .av-milestone-icon-inner{\nbackground-color:#15c118;\n}\n.avia-timeline-container .av-milestone.av-lfhanrn4-1-1-e24eb2fdf6c47c3c69d4d7854a633e84 .av-milestone-indicator{\nbackground-color:#15c118;\n}\n.avia-timeline-container .av-milestone.av-lfhanrn4-1-1-e24eb2fdf6c47c3c69d4d7854a633e84 .av-milestone-article-footer{\nbackground-color:#15c118;\n}\n<\/style>\n<div  id=\"avia-timeline-1\"  class='avia-timeline-container av-lfhax9ph-d9411939712bbee4e1207eb7c22fe98e av-slideshow-ui  avia-builder-el-2  el_after_av_heading  avia-builder-el-last ' ><ul class='avia-timeline avia-timeline-vertical av-milestone-placement-alternate avia-timeline-boxshadow avia_animate_when_almost_visible avia-timeline-animate'>\n<li  class='av-milestone av-lfha8fsl-5b68815fe04036c4b769cba66d535d84 av-animated-generic fade-in av-milestone-valign-baseline av-milestone-odd'><h2 class='av-milestone-date ' id='milestone-17-januar-2026' ><strong>17. Januar 2026<span class='av-milestone-indicator'><\/span><\/strong><\/h2><div class=\"av-milestone-icon-wrap\"><span class='av-milestone-icon milestone_icon avia-font-svg_entypo-fontello'><span class='av-milestone-icon-inner milestone_inner'><i class='milestone-char avia-svg-icon avia-font-svg_entypo-fontello' data-av_svg_icon='lock' data-av_iconset='svg_entypo-fontello'><svg version=\"1.1\" xmlns=\"http:\/\/www.w3.org\/2000\/svg\" width=\"22\" height=\"32\" viewBox=\"0 0 22 32\" preserveAspectRatio=\"xMidYMid meet\" aria-labelledby='av-svg-title-1' aria-describedby='av-svg-desc-1' role=\"graphics-symbol\">\n<title id='av-svg-title-1'>Lock<\/title>\n<desc id='av-svg-desc-1'>Lock<\/desc>\n<path d=\"M20.48 11.968q0.64 0 1.28 0.608t0.64 1.312v12.48q0 1.536-1.536 2.112l-1.92 0.576q-1.344 0.512-3.072 0.512h-9.28q-1.792 0-3.136-0.512l-1.92-0.576q-1.536-0.576-1.536-2.112v-12.48q0-0.704 0.48-1.312t1.12-0.608h3.2v-2.24q0-3.52 1.632-5.44t4.768-1.92 4.768 1.92 1.632 5.44v2.24h2.88zM8 9.088v2.88h6.4v-2.88q0-1.664-0.864-2.592t-2.336-0.928-2.336 0.928-0.864 2.592z\"><\/path>\n<\/svg><\/i><\/span><\/span><\/div><article class='av-milestone-content-wrap'><div class='av-milestone-contentbox'><header class=\"entry-content-header\" aria-label=\"Milestone: Winterspass Elsigenalp\"><h4 class='av-milestone-title '>Winterspass Elsigenalp<\/h4><\/header><div class='av-milestone-content'><p>Sportlicher &#038; gem\u00fctlicher Tag im Wintersport-Paradies von Pesche;<br \/>\nDurchf\u00fchrung spontan je nach Schnee- und Wetterverh\u00e4ltnissen.<\/p>\n<p><em>Koordinator: Pesche<\/em><\/p>\n<\/div><\/div><footer class='av-milestone-article-footer entry-footer'><\/footer><\/article><\/li>\n<li  class='av-milestone av-lfhacs00-7024c96554709d0d63d7351550db72d3 av-animated-generic fade-in av-milestone-valign-baseline av-milestone-even'><article class='av-milestone-content-wrap'><div class='av-milestone-contentbox'><header class=\"entry-content-header\" aria-label=\"Milestone: MTB- &amp; Skitour\"><h4 class='av-milestone-title '>MTB- & Skitour<\/h4><\/header><div class='av-milestone-content'><p>Kombitour mit MTB und Tourenski im Berner Oberland (Raum Lenk i\/S.).<\/p>\n<p><em>Organisator: DT-D\u00e4nu<br \/>\n<\/em><\/p>\n<\/div><\/div><footer class='av-milestone-article-footer entry-footer'><\/footer><\/article><div class=\"av-milestone-icon-wrap\"><span class='av-milestone-icon milestone_icon avia-font-svg_entypo-fontello'><span class='av-milestone-icon-inner milestone_inner'><i class='milestone-char avia-svg-icon avia-font-svg_entypo-fontello' data-av_svg_icon='lock' data-av_iconset='svg_entypo-fontello'><svg version=\"1.1\" xmlns=\"http:\/\/www.w3.org\/2000\/svg\" width=\"22\" height=\"32\" viewBox=\"0 0 22 32\" preserveAspectRatio=\"xMidYMid meet\" aria-labelledby='av-svg-title-2' aria-describedby='av-svg-desc-2' role=\"graphics-symbol\">\n<title id='av-svg-title-2'>Lock<\/title>\n<desc id='av-svg-desc-2'>Lock<\/desc>\n<path d=\"M20.48 11.968q0.64 0 1.28 0.608t0.64 1.312v12.48q0 1.536-1.536 2.112l-1.92 0.576q-1.344 0.512-3.072 0.512h-9.28q-1.792 0-3.136-0.512l-1.92-0.576q-1.536-0.576-1.536-2.112v-12.48q0-0.704 0.48-1.312t1.12-0.608h3.2v-2.24q0-3.52 1.632-5.44t4.768-1.92 4.768 1.92 1.632 5.44v2.24h2.88zM8 9.088v2.88h6.4v-2.88q0-1.664-0.864-2.592t-2.336-0.928-2.336 0.928-0.864 2.592z\"><\/path>\n<\/svg><\/i><\/span><\/span><\/div><h2 class='av-milestone-date ' id='milestone-07-maerz-2026' ><strong>07. M\u00e4rz 2026 <span class='av-milestone-indicator'><\/span><\/strong><\/h2><\/li>\n<li  class='av-milestone av-lfhabqqd-1afe174160ee02757d3af00d56f16a46 av-animated-generic fade-in av-milestone-valign-baseline av-milestone-odd'><h2 class='av-milestone-date ' id='milestone-20-maerz-2026' ><strong>20. M\u00e4rz 2026<span class='av-milestone-indicator'><\/span><\/strong><\/h2><div class=\"av-milestone-icon-wrap\"><span class='av-milestone-icon milestone_icon avia-font-svg_entypo-fontello'><span class='av-milestone-icon-inner milestone_inner'><i class='milestone-char avia-svg-icon avia-font-svg_entypo-fontello' data-av_svg_icon='lock' data-av_iconset='svg_entypo-fontello'><svg version=\"1.1\" xmlns=\"http:\/\/www.w3.org\/2000\/svg\" width=\"22\" height=\"32\" viewBox=\"0 0 22 32\" preserveAspectRatio=\"xMidYMid meet\" aria-labelledby='av-svg-title-3' aria-describedby='av-svg-desc-3' role=\"graphics-symbol\">\n<title id='av-svg-title-3'>Lock<\/title>\n<desc id='av-svg-desc-3'>Lock<\/desc>\n<path d=\"M20.48 11.968q0.64 0 1.28 0.608t0.64 1.312v12.48q0 1.536-1.536 2.112l-1.92 0.576q-1.344 0.512-3.072 0.512h-9.28q-1.792 0-3.136-0.512l-1.92-0.576q-1.536-0.576-1.536-2.112v-12.48q0-0.704 0.48-1.312t1.12-0.608h3.2v-2.24q0-3.52 1.632-5.44t4.768-1.92 4.768 1.92 1.632 5.44v2.24h2.88zM8 9.088v2.88h6.4v-2.88q0-1.664-0.864-2.592t-2.336-0.928-2.336 0.928-0.864 2.592z\"><\/path>\n<\/svg><\/i><\/span><\/span><\/div><article class='av-milestone-content-wrap'><div class='av-milestone-contentbox'><header class=\"entry-content-header\" aria-label=\"Milestone: Snowbike Adelboden\"><h4 class='av-milestone-title '>Snowbike Adelboden<\/h4><\/header><div class='av-milestone-content'><h5><span style=\"color: #ff0000;\"><strong>Achtung: Neues Datum!<\/strong><\/span><\/h5>\n<p>Mit dem Bike auf der Piste &#8211; der traditionelle Winter-Klassiker!<\/p>\n<p><em>Organisator: J\u00fcre<\/em><\/p>\n<\/div><\/div><footer class='av-milestone-article-footer entry-footer'><\/footer><\/article><\/li>\n<li  class='av-milestone av-lfhaez3b-352a1f956c6ebacbbcf4dcd1f160d2ad av-animated-generic fade-in av-milestone-valign-baseline av-milestone-even'><article class='av-milestone-content-wrap'><div class='av-milestone-contentbox'><header class=\"entry-content-header\" aria-label=\"Milestone: Technik-Refresher\"><h4 class='av-milestone-title '>Technik-Refresher<\/h4><\/header><div class='av-milestone-content'><p>An der Fahrtechnik feilen schadet nie!!<\/p>\n<p><em>Organisator: K\u00fcse<br \/>\n<\/em><\/p>\n<\/div><\/div><footer class='av-milestone-article-footer entry-footer'><\/footer><\/article><div class=\"av-milestone-icon-wrap\"><span class='av-milestone-icon milestone_icon avia-font-entypo-fontello'><span class='av-milestone-icon-inner milestone_inner'><i class='milestone-char avia-iconfont avia-font-entypo-fontello' data-av_icon='\ue825' data-av_iconfont='entypo-fontello' ><\/i><\/span><\/span><\/div><h2 class='av-milestone-date ' id='milestone-18-april-2026' ><strong>18. April 2026<span class='av-milestone-indicator'><\/span><\/strong><\/h2><\/li>\n<li  class='av-milestone av-lfhaio2e-34c3f2add43ae26a0a52f6ac9771f0a2 av-animated-generic fade-in av-milestone-valign-baseline av-milestone-odd'><h2 class='av-milestone-date ' id='milestone-09-mai-2026' ><strong>09. Mai 2026<span class='av-milestone-indicator'><\/span><\/strong><\/h2><div class=\"av-milestone-icon-wrap\"><span class='av-milestone-icon milestone_icon avia-font-entypo-fontello'><span class='av-milestone-icon-inner milestone_inner'><i class='milestone-char avia-iconfont avia-font-entypo-fontello' data-av_icon='\ue825' data-av_iconfont='entypo-fontello' ><\/i><\/span><\/span><\/div><article class='av-milestone-content-wrap'><div class='av-milestone-contentbox'><header class=\"entry-content-header\" aria-label=\"Milestone: Gravelbike-Tour\"><h4 class='av-milestone-title '>Gravelbike-Tour<\/h4><\/header><div class='av-milestone-content'><p>Tagestour mit dem Schotter-Velo.<\/p>\n<p><em>Organisator: DT-D\u00e4nu<\/em><\/p>\n<\/div><\/div><footer class='av-milestone-article-footer entry-footer'><\/footer><\/article><\/li>\n<li  class='av-milestone av-lfhag6o6-9709373fd19722f6f1877028c76eaa6e av-animated-generic fade-in av-milestone-valign-baseline av-milestone-even'><article class='av-milestone-content-wrap'><div class='av-milestone-contentbox'><header class=\"entry-content-header\" aria-label=\"Milestone: Themen-Tour MTB &amp; RV\"><h4 class='av-milestone-title '>Themen-Tour MTB & RV<\/h4><\/header><div class='av-milestone-content'><p>Der legend\u00e4re Velo-Event:<br \/>\nAm fr\u00fchen Morgen\/Vormittag mit dem Mountainbike, am Nachmittag mit dem Rennvelo unterwegs in der Region.<br \/>\nDas gem\u00fctliche Nachtessen als Belohnung darf nicht fehlen!<\/p>\n<p><em>Organisator: Res<\/em><\/p>\n<\/div><\/div><footer class='av-milestone-article-footer entry-footer'><\/footer><\/article><div class=\"av-milestone-icon-wrap\"><span class='av-milestone-icon milestone_icon avia-font-entypo-fontello'><span class='av-milestone-icon-inner milestone_inner'><i class='milestone-char avia-iconfont avia-font-entypo-fontello' data-av_icon='\ue825' data-av_iconfont='entypo-fontello' ><\/i><\/span><\/span><\/div><h2 class='av-milestone-date ' id='milestone-06-juni-2026' ><strong>06. Juni 2026<span class='av-milestone-indicator'><\/span><\/strong><\/h2><\/li>\n<li  class='av-milestone av-lfhanrn4-1634200a5137b2e0eada1bc0dd13e389 av-animated-generic fade-in av-milestone-valign-baseline av-milestone-odd'><h2 class='av-milestone-date ' id='milestone-02-juli-2026' ><strong>02. Juli 2026<span class='av-milestone-indicator'><\/span><\/strong><\/h2><div class=\"av-milestone-icon-wrap\"><span class='av-milestone-icon milestone_icon avia-font-entypo-fontello'><span class='av-milestone-icon-inner milestone_inner'><i class='milestone-char avia-iconfont avia-font-entypo-fontello' data-av_icon='\ue825' data-av_iconfont='entypo-fontello' ><\/i><\/span><\/span><\/div><article class='av-milestone-content-wrap'><div class='av-milestone-contentbox'><header class=\"entry-content-header\" aria-label=\"Milestone: RV-Tour \"><h4 class='av-milestone-title '>RV-Tour <\/h4><\/header><div class='av-milestone-content'><p>Rennvelo-Runde von\/nach Andermatt \u00fcber Furka-Nufenen-Gotthard.<\/p>\n<p><em>Koordinator: DT-D\u00e4nu<\/em><\/p>\n<\/div><\/div><footer class='av-milestone-article-footer entry-footer'><\/footer><\/article><\/li>\n<li  class='av-milestone av-lfhajlq8-00ce789fd810240191164458594276a0 av-animated-generic fade-in av-milestone-valign-baseline av-milestone-even'><article class='av-milestone-content-wrap'><div class='av-milestone-contentbox'><header class=\"entry-content-header\" aria-label=\"Milestone: Wallis-Bike\"><h4 class='av-milestone-title '>Wallis-Bike<\/h4><\/header><div class='av-milestone-content'><p>Fredu + Wallis = Biken vom Feinsten!<\/p>\n<p><em>Organisator: Th\u00f6mus Fredu<br \/>\n<\/em><\/p>\n<\/div><\/div><footer class='av-milestone-article-footer entry-footer'><\/footer><\/article><div class=\"av-milestone-icon-wrap\"><span class='av-milestone-icon milestone_icon avia-font-entypo-fontello'><span class='av-milestone-icon-inner milestone_inner'><i class='milestone-char avia-iconfont avia-font-entypo-fontello' data-av_icon='\ue825' data-av_iconfont='entypo-fontello' ><\/i><\/span><\/span><\/div><h2 class='av-milestone-date ' id='milestone-08-august-2026' ><strong>08. August 2026<span class='av-milestone-indicator'><\/span><\/strong><\/h2><\/li>\n<li  class='av-milestone av-lfhakc1n-683089d73e8f2e8baa74315b44d09529 av-animated-generic fade-in av-milestone-valign-baseline av-milestone-odd'><h2 class='av-milestone-date ' id='milestone-21-24-august-2026' ><strong>21. - 24. August 2026<span class='av-milestone-indicator'><\/span><\/strong><\/h2><div class=\"av-milestone-icon-wrap\"><span class='av-milestone-icon milestone_icon avia-font-entypo-fontello'><span class='av-milestone-icon-inner milestone_inner'><i class='milestone-char avia-iconfont avia-font-entypo-fontello' data-av_icon='\ue825' data-av_iconfont='entypo-fontello' ><\/i><\/span><\/span><\/div><article class='av-milestone-content-wrap'><div class='av-milestone-contentbox'><header class=\"entry-content-header\" aria-label=\"Milestone: Trai(l)s Vals 2nd Edition\"><h4 class='av-milestone-title '>Trai(l)s Vals 2nd Edition<\/h4><\/header><div class='av-milestone-content'><p>Mit dem Val S-charl haben wir von 2024 noch eine Rechnung offen.<br \/>\nDann geht&#8217;s vom Umbrail ins Valle die Fra\u00e9le, weiter \u00fcber den Passo della Vallacia ins Val Viola Bormina. Die Abschlusstour f\u00fchrt uns zur Kirche San Romerio im Val Poschiavo.<br \/>\nChristian wird uns mit dem Bus zu den g&#8230;&#8230;. &#8211; eh sch\u00f6nsten Trails fahren!<\/p>\n<p><em>Organisator: Res<\/em><\/p>\n<\/div><\/div><footer class='av-milestone-article-footer entry-footer'><\/footer><\/article><\/li>\n<li  class='av-milestone av-lfhanrn4-3-618f67bcdf3cfcde492998f1778445dc av-animated-generic fade-in av-milestone-valign-baseline av-milestone-even'><article class='av-milestone-content-wrap'><div class='av-milestone-contentbox'><header class=\"entry-content-header\" aria-label=\"Milestone: 10 Seen-Tour\"><h4 class='av-milestone-title '>10 Seen-Tour<\/h4><\/header><div class='av-milestone-content'><p>Rundfahrt im Berner Oberland mit dem Gravel- oder MT-Bike.<\/p>\n<p><em>Organisator: Dani Brun\/Cl\u00e4re<\/em><\/p>\n<\/div><\/div><footer class='av-milestone-article-footer entry-footer'><\/footer><\/article><div class=\"av-milestone-icon-wrap\"><span class='av-milestone-icon milestone_icon avia-font-entypo-fontello'><span class='av-milestone-icon-inner milestone_inner'><i class='milestone-char avia-iconfont avia-font-entypo-fontello' data-av_icon='\ue825' data-av_iconfont='entypo-fontello' ><\/i><\/span><\/span><\/div><h2 class='av-milestone-date ' id='milestone-19-september2025' ><strong>19. September2025<span class='av-milestone-indicator'><\/span><\/strong><\/h2><\/li>\n<li  class='av-milestone av-lfhamywn-c74bb5d1e1344d5ba638d57dbb9fa967 av-animated-generic fade-in av-milestone-valign-baseline av-milestone-odd'><h2 class='av-milestone-date ' id='milestone-14-18-oktober-2025' ><strong>14. - 18. Oktober 2025<span class='av-milestone-indicator'><\/span><\/strong><\/h2><div class=\"av-milestone-icon-wrap\"><span class='av-milestone-icon milestone_icon avia-font-entypo-fontello'><span class='av-milestone-icon-inner milestone_inner'><i class='milestone-char avia-iconfont avia-font-entypo-fontello' data-av_icon='\ue825' data-av_iconfont='entypo-fontello' ><\/i><\/span><\/span><\/div><article class='av-milestone-content-wrap'><div class='av-milestone-contentbox'><header class=\"entry-content-header\" aria-label=\"Milestone: MTB-Weekend Finale Ligure\"><h4 class='av-milestone-title '>MTB-Weekend Finale Ligure<\/h4><\/header><div class='av-milestone-content'><p>Das traditionelle Herbst-Highlight!<br \/>\nWer letztes Jahr dabei war, weiss: eine Woche fr\u00fcher lohnt sich!<br \/>\nAnfahrt am Mittwoch Nachmittag\/Abend.<\/p>\n<p><em>Organisator: Cl\u00e4re<br \/>\n<\/em><\/p>\n<\/div><\/div><footer class='av-milestone-article-footer entry-footer'><\/footer><\/article><\/li>\n<li  class='av-milestone av-lfhanrn4-2-4a892a971fc597cdb5a28fa33fbc3139 av-animated-generic fade-in av-milestone-valign-baseline av-milestone-even'><article class='av-milestone-content-wrap'><div class='av-milestone-contentbox'><header class=\"entry-content-header\" aria-label=\"Milestone: Planungsabend 2027\"><h4 class='av-milestone-title '>Planungsabend 2027<\/h4><\/header><div class='av-milestone-content'><p>Wir planen das n\u00e4chste Biketr\u00e4ff-Jahr.<\/p>\n<p><em>Organisator: Pesche\/Sheppi<br \/>\n<\/em><\/p>\n<\/div><\/div><footer class='av-milestone-article-footer entry-footer'><\/footer><\/article><div class=\"av-milestone-icon-wrap\"><span class='av-milestone-icon milestone_icon avia-font-entypo-fontello'><span class='av-milestone-icon-inner milestone_inner'><i class='milestone-char avia-iconfont avia-font-entypo-fontello' data-av_icon='\ue825' data-av_iconfont='entypo-fontello' ><\/i><\/span><\/span><\/div><h2 class='av-milestone-date ' id='milestone-24-november-2026' ><strong>24. November 2026<span class='av-milestone-indicator'><\/span><\/strong><\/h2><\/li>\n<li  class='av-milestone av-lfhanrn4-1-1-e24eb2fdf6c47c3c69d4d7854a633e84 av-animated-generic fade-in av-milestone-valign-baseline av-milestone-odd'><h2 class='av-milestone-date ' id='milestone-15-dezember-2026' ><strong>15. Dezember 2026<span class='av-milestone-indicator'><\/span><\/strong><\/h2><div class=\"av-milestone-icon-wrap\"><span class='av-milestone-icon milestone_icon avia-font-entypo-fontello'><span class='av-milestone-icon-inner milestone_inner'><i class='milestone-char avia-iconfont avia-font-entypo-fontello' data-av_icon='\ue825' data-av_iconfont='entypo-fontello' ><\/i><\/span><\/span><\/div><article class='av-milestone-content-wrap'><div class='av-milestone-contentbox'><header class=\"entry-content-header\" aria-label=\"Milestone: Bike &amp; Fondue\"><h4 class='av-milestone-title '>Bike & Fondue<\/h4><\/header><div class='av-milestone-content'><p>Jahres- aber nicht Saisonausklang mit Biketour und gem\u00fctlichem Beisammensein bei einem Fondue im Br\u00fcggstock-Beizli zu Bantigen!<\/p>\n<p><em>Organisator: Br\u00fcnu<\/em><\/p>\n<\/div><\/div><footer class='av-milestone-article-footer entry-footer'><\/footer><\/article><\/li>\n<\/ul><\/div>\n","protected":false},"excerpt":{"rendered":"","protected":false},"author":1,"featured_media":0,"parent":0,"menu_order":0,"comment_status":"closed","ping_status":"closed","template":"","meta":{"footnotes":""},"class_list":["post-169","page","type-page","status-publish","hentry"],"_links":{"self":[{"href":"https:\/\/bike-baeriswil.ch\/index.php\/wp-json\/wp\/v2\/pages\/169","targetHints":{"allow":["GET"]}}],"collection":[{"href":"https:\/\/bike-baeriswil.ch\/index.php\/wp-json\/wp\/v2\/pages"}],"about":[{"href":"https:\/\/bike-baeriswil.ch\/index.php\/wp-json\/wp\/v2\/types\/page"}],"author":[{"embeddable":true,"href":"https:\/\/bike-baeriswil.ch\/index.php\/wp-json\/wp\/v2\/users\/1"}],"replies":[{"embeddable":true,"href":"https:\/\/bike-baeriswil.ch\/index.php\/wp-json\/wp\/v2\/comments?post=169"}],"version-history":[{"count":65,"href":"https:\/\/bike-baeriswil.ch\/index.php\/wp-json\/wp\/v2\/pages\/169\/revisions"}],"predecessor-version":[{"id":2025,"href":"https:\/\/bike-baeriswil.ch\/index.php\/wp-json\/wp\/v2\/pages\/169\/revisions\/2025"}],"wp:attachment":[{"href":"https:\/\/bike-baeriswil.ch\/index.php\/wp-json\/wp\/v2\/media?parent=169"}],"curies":[{"name":"wp","href":"https:\/\/api.w.org\/{rel}","templated":true}]}}