{"id":259,"date":"2023-03-22T19:44:26","date_gmt":"2023-03-22T19:44:26","guid":{"rendered":"https:\/\/bike-baeriswil.ch\/?page_id=259"},"modified":"2026-02-12T14:21:15","modified_gmt":"2026-02-12T14:21:15","slug":"259-2","status":"publish","type":"page","link":"https:\/\/bike-baeriswil.ch\/index.php\/259-2\/","title":{"rendered":"Biker"},"content":{"rendered":"\n<style type=\"text\/css\" data-created_by=\"avia_inline_auto\" id=\"style-css-av-1pqc23-bfeb0479a65b540276b4db0dc6af4877\">\n.flex_column.av-1pqc23-bfeb0479a65b540276b4db0dc6af4877{\npadding:10px 10px 10px 10px;\nbackground-color:#384852;\n}\n<\/style>\n<div  class='flex_column av-1pqc23-bfeb0479a65b540276b4db0dc6af4877 av_one_third  avia-builder-el-0  el_before_av_one_third  avia-builder-el-first  first flex_column_div  '     ><p><section  class='avia-team-member av-lfk2zs6z-90592d650ffa03997b17ce1da50f6406  avia-builder-el-1  el_before_av_textblock  avia-builder-el-first '  itemscope=\"itemscope\" itemtype=\"https:\/\/schema.org\/Person\" ><div class=\"team-img-container\"><img decoding=\"async\" fetchpriority=\"high\" class='wp-image-1373 avia-img-lazy-loading-not-1373 avia_image avia_image_team' src=\"https:\/\/bike-baeriswil.ch\/wp-content\/uploads\/2024\/12\/LVDcs.jpg\" alt='LV-D\u00e4nu'  itemprop=\"image\"   height=\"800\" width=\"640\" srcset=\"https:\/\/bike-baeriswil.ch\/wp-content\/uploads\/2024\/12\/LVDcs.jpg 640w, https:\/\/bike-baeriswil.ch\/wp-content\/uploads\/2024\/12\/LVDcs-240x300.jpg 240w, https:\/\/bike-baeriswil.ch\/wp-content\/uploads\/2024\/12\/LVDcs-564x705.jpg 564w\" sizes=\"(max-width: 640px) 100vw, 640px\" \/><\/div><h3 class='team-member-name '  itemprop=\"name\" >LV-D\u00e4nu<\/h3><div class='team-member-description '  itemprop=\"description\" ><p>Essen:<br \/>\nUnterwegs: Keine Riegel, wenig Banane aber viel \u00abBiberli\u00bb.<br \/>\nAm Ziel: Da bin ich der \u00abAsia-Curry-J\u00e4ger\u00bb oder Pizza-Typ; oder doch eher Hausmannskost? Egal, Hauptsache, das Teller ist gr\u00f6sser als mein Vorderrad!<\/p>\n<p>Lieblings-Tour:<br \/>\nParpanerRothorn-\u00c4lplisee-Arosa-Ochsenalp-retour<\/p>\n<p>Haustour:<br \/>\nRV:        Bielerseerunde 105km<br \/>\nGravel:  SolothurnerLoop 85km<br \/>\nMTB:     Bantigerr\u00fcndeli 25km<\/p>\n<p>Meine Bikes:<br \/>\nMTB:          Liteville 301 Mk15<br \/>\nRV\/Gravel: CANYON Grail CF SL 8 eTap<\/p>\n<\/div><span class='hidden team-member-affiliation'  itemprop=\"affiliation\" >Biketr\u00e4ff B\u00e4riswil<\/span><\/section><br \/>\n<section  class='av_textblock_section av-lfk34moz-771a8a6d2998a39899e4365cfa47e5cc '   itemscope=\"itemscope\" itemtype=\"https:\/\/schema.org\/CreativeWork\" ><div class='avia_textblock'  itemprop=\"text\" ><h5>Meine Bikes:<\/h5>\n<\/div><\/section><br \/>\n\n<style type=\"text\/css\" data-created_by=\"avia_inline_auto\" id=\"style-css-av-1lmq0j-cb4593d5ab0fae1c95c293f17c09acdd\">\n#top .hr.hr-invisible.av-1lmq0j-cb4593d5ab0fae1c95c293f17c09acdd{\nheight:10px;\n}\n<\/style>\n<div  class='hr av-1lmq0j-cb4593d5ab0fae1c95c293f17c09acdd hr-invisible  avia-builder-el-3  el_after_av_textblock  el_before_av_image '><span class='hr-inner '><span class=\"hr-inner-style\"><\/span><\/span><\/div><br \/>\n\n<style type=\"text\/css\" data-created_by=\"avia_inline_auto\" id=\"style-css-av-lfk3fe7z-5e7238bd63f993f2f4910b2b81f41dd8\">\n.avia-image-container.av-lfk3fe7z-5e7238bd63f993f2f4910b2b81f41dd8 img.avia_image{\nbox-shadow:none;\n}\n.avia-image-container.av-lfk3fe7z-5e7238bd63f993f2f4910b2b81f41dd8 .av-image-caption-overlay-center{\ncolor:#ffffff;\n}\n<\/style>\n<div  class='avia-image-container av-lfk3fe7z-5e7238bd63f993f2f4910b2b81f41dd8 av-styling- avia-align-center  avia-builder-el-4  el_after_av_hr  el_before_av_image '   itemprop=\"image\" itemscope=\"itemscope\" itemtype=\"https:\/\/schema.org\/ImageObject\" ><div class=\"avia-image-container-inner\"><div class=\"avia-image-overlay-wrap\"><img decoding=\"async\" fetchpriority=\"high\" class='wp-image-1374 avia-img-lazy-loading-not-1374 avia_image ' src=\"https:\/\/bike-baeriswil.ch\/wp-content\/uploads\/2024\/12\/Liteville-301-Mk15-2cs.jpg\" alt='' title='Liteville-301-Mk15-2(c+s)'  height=\"384\" width=\"597\"  itemprop=\"thumbnailUrl\" srcset=\"https:\/\/bike-baeriswil.ch\/wp-content\/uploads\/2024\/12\/Liteville-301-Mk15-2cs.jpg 597w, https:\/\/bike-baeriswil.ch\/wp-content\/uploads\/2024\/12\/Liteville-301-Mk15-2cs-300x193.jpg 300w\" sizes=\"(max-width: 597px) 100vw, 597px\" \/><\/div><\/div><\/div><br \/>\n\n<style type=\"text\/css\" data-created_by=\"avia_inline_auto\" id=\"style-css-av-m4bqhk1m-880f919c5245717344b472426da94e59\">\n.avia-image-container.av-m4bqhk1m-880f919c5245717344b472426da94e59 img.avia_image{\nbox-shadow:none;\n}\n.avia-image-container.av-m4bqhk1m-880f919c5245717344b472426da94e59 .av-image-caption-overlay-center{\ncolor:#ffffff;\n}\n<\/style>\n<div  class='avia-image-container av-m4bqhk1m-880f919c5245717344b472426da94e59 av-styling- avia-align-center  avia-builder-el-5  el_after_av_image  avia-builder-el-last '   itemprop=\"image\" itemscope=\"itemscope\" itemtype=\"https:\/\/schema.org\/ImageObject\" ><div class=\"avia-image-container-inner\"><div class=\"avia-image-overlay-wrap\"><img decoding=\"async\" fetchpriority=\"high\" class='wp-image-1375 avia-img-lazy-loading-not-1375 avia_image ' src=\"https:\/\/bike-baeriswil.ch\/wp-content\/uploads\/2024\/12\/CanyonGrail-RVcs.jpg\" alt='' title='CanyonGrail-RV(c+s)'  height=\"384\" width=\"640\"  itemprop=\"thumbnailUrl\" srcset=\"https:\/\/bike-baeriswil.ch\/wp-content\/uploads\/2024\/12\/CanyonGrail-RVcs.jpg 640w, https:\/\/bike-baeriswil.ch\/wp-content\/uploads\/2024\/12\/CanyonGrail-RVcs-300x180.jpg 300w\" sizes=\"(max-width: 640px) 100vw, 640px\" \/><\/div><\/div><\/div><\/p><\/div>\n\n<style type=\"text\/css\" data-created_by=\"avia_inline_auto\" id=\"style-css-av-6bv4r-163174975860644fc6c37d0a2322f58d\">\n.flex_column.av-6bv4r-163174975860644fc6c37d0a2322f58d{\npadding:10px 10px 10px 10px;\nbackground-color:#384852;\n}\n<\/style>\n<div  class='flex_column av-6bv4r-163174975860644fc6c37d0a2322f58d av_one_third  avia-builder-el-6  el_after_av_one_third  el_before_av_one_third  flex_column_div  '     ><p><section  class='avia-team-member av-1kt4ff-8923e44d147e1de4dff4243d6afa0dcf  avia-builder-el-7  el_before_av_textblock  avia-builder-el-first '  itemscope=\"itemscope\" itemtype=\"https:\/\/schema.org\/Person\" ><div class=\"team-img-container\"><img decoding=\"async\" fetchpriority=\"high\" class='wp-image-1660 avia-img-lazy-loading-not-1660 avia_image avia_image_team' src=\"https:\/\/bike-baeriswil.ch\/wp-content\/uploads\/2025\/12\/Claere2025_cs.jpg\" alt='Cl\u00e4re'  itemprop=\"image\"   height=\"800\" width=\"640\" srcset=\"https:\/\/bike-baeriswil.ch\/wp-content\/uploads\/2025\/12\/Claere2025_cs.jpg 640w, https:\/\/bike-baeriswil.ch\/wp-content\/uploads\/2025\/12\/Claere2025_cs-240x300.jpg 240w, https:\/\/bike-baeriswil.ch\/wp-content\/uploads\/2025\/12\/Claere2025_cs-564x705.jpg 564w\" sizes=\"(max-width: 640px) 100vw, 640px\" \/><\/div><h3 class='team-member-name '  itemprop=\"name\" >Cl\u00e4re<\/h3><div class='team-member-description '  itemprop=\"description\" ><p>Essen:<br \/>\nnicht w\u00e4hlerisch<\/p>\n<p>Lieblings-Touren:<br \/>\n- Hiroshima Mon Amour<br \/>\n- Belalp Nesselloop<br \/>\n- Moosalp<\/p>\n<p>Haustouren:<br \/>\nGravel: 10Seen-Tour<br \/>\nMTB Winter: Bireb\u00e4rg<br \/>\nMTB Sommer: B\u00e4rgli<\/p>\n<p>Meine Bikes:<br \/>\n- MTB e: Specialized Levo S-Work<br \/>\n- MTB bio: Scott Genius 910<br \/>\n- Gravel: OPEN WI.DE.<br \/>\n- Road: Scott Adict 10<\/p>\n<\/div><span class='hidden team-member-affiliation'  itemprop=\"affiliation\" >Biketr\u00e4ff B\u00e4riswil<\/span><\/section><br \/>\n<section  class='av_textblock_section av-1ef53v-ee85a7c84ca8fa31dfa397d95238c948 '   itemscope=\"itemscope\" itemtype=\"https:\/\/schema.org\/CreativeWork\" ><div class='avia_textblock'  itemprop=\"text\" ><h5>Meine Bikes:<\/h5>\n<\/div><\/section><br \/>\n\n<style type=\"text\/css\" data-created_by=\"avia_inline_auto\" id=\"style-css-av-1biv8z-f2049dc6482ff00927fb6e009311cf8f\">\n#top .hr.hr-invisible.av-1biv8z-f2049dc6482ff00927fb6e009311cf8f{\nheight:10px;\n}\n<\/style>\n<div  class='hr av-1biv8z-f2049dc6482ff00927fb6e009311cf8f hr-invisible  avia-builder-el-9  el_after_av_textblock  el_before_av_image '><span class='hr-inner '><span class=\"hr-inner-style\"><\/span><\/span><\/div><br \/>\n\n<style type=\"text\/css\" data-created_by=\"avia_inline_auto\" id=\"style-css-av-13okfv-ae42d3b2b342d803dc095b502167e71e\">\n.avia-image-container.av-13okfv-ae42d3b2b342d803dc095b502167e71e img.avia_image{\nbox-shadow:none;\n}\n.avia-image-container.av-13okfv-ae42d3b2b342d803dc095b502167e71e .av-image-caption-overlay-center{\ncolor:#ffffff;\n}\n<\/style>\n<div  class='avia-image-container av-13okfv-ae42d3b2b342d803dc095b502167e71e av-styling- avia-align-center  avia-builder-el-10  el_after_av_hr  el_before_av_image '   itemprop=\"image\" itemscope=\"itemscope\" itemtype=\"https:\/\/schema.org\/ImageObject\" ><div class=\"avia-image-container-inner\"><div class=\"avia-image-overlay-wrap\"><img decoding=\"async\" fetchpriority=\"high\" class='wp-image-1661 avia-img-lazy-loading-not-1661 avia_image ' src=\"https:\/\/bike-baeriswil.ch\/wp-content\/uploads\/2025\/12\/Claere-Levo_cs.jpg\" alt='' title='Cl\u00e4re-Levo_cs'  height=\"384\" width=\"640\"  itemprop=\"thumbnailUrl\" srcset=\"https:\/\/bike-baeriswil.ch\/wp-content\/uploads\/2025\/12\/Claere-Levo_cs.jpg 640w, https:\/\/bike-baeriswil.ch\/wp-content\/uploads\/2025\/12\/Claere-Levo_cs-300x180.jpg 300w\" sizes=\"(max-width: 640px) 100vw, 640px\" \/><\/div><\/div><\/div><br \/>\n\n<style type=\"text\/css\" data-created_by=\"avia_inline_auto\" id=\"style-css-av-mivu939w-ade28f805829ed165565e5c63cf41b2f\">\n.avia-image-container.av-mivu939w-ade28f805829ed165565e5c63cf41b2f img.avia_image{\nbox-shadow:none;\n}\n.avia-image-container.av-mivu939w-ade28f805829ed165565e5c63cf41b2f .av-image-caption-overlay-center{\ncolor:#ffffff;\n}\n<\/style>\n<div  class='avia-image-container av-mivu939w-ade28f805829ed165565e5c63cf41b2f av-styling- avia-align-center  avia-builder-el-11  el_after_av_image  el_before_av_image '   itemprop=\"image\" itemscope=\"itemscope\" itemtype=\"https:\/\/schema.org\/ImageObject\" ><div class=\"avia-image-container-inner\"><div class=\"avia-image-overlay-wrap\"><img decoding=\"async\" fetchpriority=\"high\" class='wp-image-1664 avia-img-lazy-loading-not-1664 avia_image ' src=\"https:\/\/bike-baeriswil.ch\/wp-content\/uploads\/2025\/12\/Claere-Scott-Genius-910_cs.jpg\" alt='' title='Cl\u00e4re-Scott-Genius-910_cs'  height=\"384\" width=\"640\"  itemprop=\"thumbnailUrl\" srcset=\"https:\/\/bike-baeriswil.ch\/wp-content\/uploads\/2025\/12\/Claere-Scott-Genius-910_cs.jpg 640w, https:\/\/bike-baeriswil.ch\/wp-content\/uploads\/2025\/12\/Claere-Scott-Genius-910_cs-300x180.jpg 300w\" sizes=\"(max-width: 640px) 100vw, 640px\" \/><\/div><\/div><\/div><br \/>\n\n<style type=\"text\/css\" data-created_by=\"avia_inline_auto\" id=\"style-css-av-mivu9hir-ceb8d4be1392240f5739cb6ed575ad02\">\n.avia-image-container.av-mivu9hir-ceb8d4be1392240f5739cb6ed575ad02 img.avia_image{\nbox-shadow:none;\n}\n.avia-image-container.av-mivu9hir-ceb8d4be1392240f5739cb6ed575ad02 .av-image-caption-overlay-center{\ncolor:#ffffff;\n}\n<\/style>\n<div  class='avia-image-container av-mivu9hir-ceb8d4be1392240f5739cb6ed575ad02 av-styling- avia-align-center  avia-builder-el-12  el_after_av_image  el_before_av_image '   itemprop=\"image\" itemscope=\"itemscope\" itemtype=\"https:\/\/schema.org\/ImageObject\" ><div class=\"avia-image-container-inner\"><div class=\"avia-image-overlay-wrap\"><img decoding=\"async\" fetchpriority=\"high\" class='wp-image-1662 avia-img-lazy-loading-not-1662 avia_image ' src=\"https:\/\/bike-baeriswil.ch\/wp-content\/uploads\/2025\/12\/Claere-OPEN_WI.DE_cs.jpg\" alt='' title='Cl\u00e4re-OPEN_WI.DE_cs'  height=\"384\" width=\"640\"  itemprop=\"thumbnailUrl\" srcset=\"https:\/\/bike-baeriswil.ch\/wp-content\/uploads\/2025\/12\/Claere-OPEN_WI.DE_cs.jpg 640w, https:\/\/bike-baeriswil.ch\/wp-content\/uploads\/2025\/12\/Claere-OPEN_WI.DE_cs-300x180.jpg 300w\" sizes=\"(max-width: 640px) 100vw, 640px\" \/><\/div><\/div><\/div><br \/>\n\n<style type=\"text\/css\" data-created_by=\"avia_inline_auto\" id=\"style-css-av-mivu9s81-0292bc319a05628dcbcd2e820631df24\">\n.avia-image-container.av-mivu9s81-0292bc319a05628dcbcd2e820631df24 img.avia_image{\nbox-shadow:none;\n}\n.avia-image-container.av-mivu9s81-0292bc319a05628dcbcd2e820631df24 .av-image-caption-overlay-center{\ncolor:#ffffff;\n}\n<\/style>\n<div  class='avia-image-container av-mivu9s81-0292bc319a05628dcbcd2e820631df24 av-styling- avia-align-center  avia-builder-el-13  el_after_av_image  avia-builder-el-last '   itemprop=\"image\" itemscope=\"itemscope\" itemtype=\"https:\/\/schema.org\/ImageObject\" ><div class=\"avia-image-container-inner\"><div class=\"avia-image-overlay-wrap\"><img decoding=\"async\" fetchpriority=\"high\" class='wp-image-1663 avia-img-lazy-loading-not-1663 avia_image ' src=\"https:\/\/bike-baeriswil.ch\/wp-content\/uploads\/2025\/12\/Claere-Scott_Adict-10_cs.jpg\" alt='' title='Cl\u00e4re-Scott_Adict-10_cs'  height=\"384\" width=\"640\"  itemprop=\"thumbnailUrl\" srcset=\"https:\/\/bike-baeriswil.ch\/wp-content\/uploads\/2025\/12\/Claere-Scott_Adict-10_cs.jpg 640w, https:\/\/bike-baeriswil.ch\/wp-content\/uploads\/2025\/12\/Claere-Scott_Adict-10_cs-300x180.jpg 300w\" sizes=\"(max-width: 640px) 100vw, 640px\" \/><\/div><\/div><\/div><\/p><\/div>\n\n<style type=\"text\/css\" data-created_by=\"avia_inline_auto\" id=\"style-css-av-vw5j7-366e74847785a4c647ac8480c8296e54\">\n.flex_column.av-vw5j7-366e74847785a4c647ac8480c8296e54{\npadding:10px 10px 10px 10px;\nbackground-color:#384852;\n}\n<\/style>\n<div  class='flex_column av-vw5j7-366e74847785a4c647ac8480c8296e54 av_one_third  avia-builder-el-14  el_after_av_one_third  el_before_av_one_third  flex_column_div  '     ><p><section  class='avia-team-member av-rr7nf-e73c296f61095acb58dabab369856e00  avia-builder-el-15  el_before_av_textblock  avia-builder-el-first '  itemscope=\"itemscope\" itemtype=\"https:\/\/schema.org\/Person\" ><div class=\"team-img-container\"><img decoding=\"async\" fetchpriority=\"high\" class='wp-image-100 avia-img-lazy-loading-not-100 avia_image avia_image_team' src=\"https:\/\/bike-baeriswil.ch\/wp-content\/uploads\/2023\/03\/Thoemus-Fredu_Face.jpg\" alt='Th\u00f6mus Fredu'  itemprop=\"image\"   height=\"800\" width=\"640\" srcset=\"https:\/\/bike-baeriswil.ch\/wp-content\/uploads\/2023\/03\/Thoemus-Fredu_Face.jpg 640w, https:\/\/bike-baeriswil.ch\/wp-content\/uploads\/2023\/03\/Thoemus-Fredu_Face-240x300.jpg 240w, https:\/\/bike-baeriswil.ch\/wp-content\/uploads\/2023\/03\/Thoemus-Fredu_Face-564x705.jpg 564w\" sizes=\"(max-width: 640px) 100vw, 640px\" \/><\/div><h3 class='team-member-name '  itemprop=\"name\" >Th\u00f6mus Fredu<\/h3><div class='team-member-description '  itemprop=\"description\" ><p>Essen:<br \/>\nItalienische K\u00fcche und scharf<\/p>\n<p>Lieblings-Tour:<br \/>\nRinderh\u00fctte (K\u00e4seschnitte bei Franz, F\u00e4slialp), Moosalp VS<\/p>\n<p>Haustour:<br \/>\n35 min. bis Bantiger bei der Abfahrt einmal absteigen <\/p>\n<p>Mein Bike:<br \/>\nTh\u00f6mus Oberrieder CT 170<\/p>\n<\/div><span class='hidden team-member-affiliation'  itemprop=\"affiliation\" >Biketr\u00e4ff B\u00e4riswil<\/span><\/section><br \/>\n<section  class='av_textblock_section av-n6k6j-6457ff874b5ca116347a21093dd0c036 '   itemscope=\"itemscope\" itemtype=\"https:\/\/schema.org\/CreativeWork\" ><div class='avia_textblock'  itemprop=\"text\" ><h5>Mein Bike:<\/h5>\n<\/div><\/section><br \/>\n\n<style type=\"text\/css\" data-created_by=\"avia_inline_auto\" id=\"style-css-av-gwfqz-694671c45915b96f72ad2aaa821db543\">\n#top .hr.hr-invisible.av-gwfqz-694671c45915b96f72ad2aaa821db543{\nheight:10px;\n}\n<\/style>\n<div  class='hr av-gwfqz-694671c45915b96f72ad2aaa821db543 hr-invisible  avia-builder-el-17  el_after_av_textblock  el_before_av_image '><span class='hr-inner '><span class=\"hr-inner-style\"><\/span><\/span><\/div><br \/>\n\n<style type=\"text\/css\" data-created_by=\"avia_inline_auto\" id=\"style-css-av-lfr6fr0q-e058b3745fa953642331f0e821fa32b7\">\n.avia-image-container.av-lfr6fr0q-e058b3745fa953642331f0e821fa32b7 img.avia_image{\nbox-shadow:none;\n}\n.avia-image-container.av-lfr6fr0q-e058b3745fa953642331f0e821fa32b7 .av-image-caption-overlay-center{\ncolor:#ffffff;\n}\n<\/style>\n<div  class='avia-image-container av-lfr6fr0q-e058b3745fa953642331f0e821fa32b7 av-styling- avia-align-center  avia-builder-el-18  el_after_av_hr  avia-builder-el-last '   itemprop=\"image\" itemscope=\"itemscope\" itemtype=\"https:\/\/schema.org\/ImageObject\" ><div class=\"avia-image-container-inner\"><div class=\"avia-image-overlay-wrap\"><img decoding=\"async\" fetchpriority=\"high\" class='wp-image-535 avia-img-lazy-loading-not-535 avia_image ' src=\"https:\/\/bike-baeriswil.ch\/wp-content\/uploads\/2023\/03\/ThoemusFredu_Bike.jpg\" alt='' title='Th\u00f6musFredu_Bike'  height=\"384\" width=\"640\"  itemprop=\"thumbnailUrl\" srcset=\"https:\/\/bike-baeriswil.ch\/wp-content\/uploads\/2023\/03\/ThoemusFredu_Bike.jpg 640w, https:\/\/bike-baeriswil.ch\/wp-content\/uploads\/2023\/03\/ThoemusFredu_Bike-300x180.jpg 300w\" sizes=\"(max-width: 640px) 100vw, 640px\" \/><\/div><\/div><\/div><\/p><\/div>\n\n<style type=\"text\/css\" data-created_by=\"avia_inline_auto\" id=\"style-css-av-94u5v-38b9594b1d1ee463e1ec4878ba534235\">\n.flex_column.av-94u5v-38b9594b1d1ee463e1ec4878ba534235{\npadding:10px 10px 10px 10px;\nbackground-color:#384852;\n}\n<\/style>\n<div  class='flex_column av-94u5v-38b9594b1d1ee463e1ec4878ba534235 av_one_third  avia-builder-el-19  el_after_av_one_third  el_before_av_one_third  first flex_column_div  column-top-margin'     ><p><section  class='avia-team-member av-2cof97-8c28c238714eb67896a1db5e1eff7848  avia-builder-el-20  el_before_av_textblock  avia-builder-el-first '  itemscope=\"itemscope\" itemtype=\"https:\/\/schema.org\/Person\" ><div class=\"team-img-container\"><img decoding=\"async\" fetchpriority=\"high\" class='wp-image-1656 avia-img-lazy-loading-not-1656 avia_image avia_image_team' src=\"https:\/\/bike-baeriswil.ch\/wp-content\/uploads\/2025\/12\/Juere2025_cs.jpg\" alt='J\u00fcre'  itemprop=\"image\"   height=\"800\" width=\"640\" srcset=\"https:\/\/bike-baeriswil.ch\/wp-content\/uploads\/2025\/12\/Juere2025_cs.jpg 640w, https:\/\/bike-baeriswil.ch\/wp-content\/uploads\/2025\/12\/Juere2025_cs-240x300.jpg 240w, https:\/\/bike-baeriswil.ch\/wp-content\/uploads\/2025\/12\/Juere2025_cs-564x705.jpg 564w\" sizes=\"(max-width: 640px) 100vw, 640px\" \/><\/div><h3 class='team-member-name '  itemprop=\"name\" >J\u00fcre<\/h3><div class='team-member-description '  itemprop=\"description\" ><p>Essen:<br \/>\nRossfilet mit Teigwaren, Salat und einem Barolo<\/p>\n<p>Lieblings-Tour:<br \/>\nAlle<\/p>\n<p>Haustour:<br \/>\nWurzeltrail, Finale Natobasistrail<\/p>\n<p>Mein Bike:<br \/>\nTh\u00f6mus Lightrider E3 Pro<\/p>\n<\/div><span class='hidden team-member-affiliation'  itemprop=\"affiliation\" >Biketr\u00e4ff B\u00e4riswil<\/span><\/section><br \/>\n<section  class='av_textblock_section av-2882vn-2458f6c162e6fc4f6e6e39e1e48cbead '   itemscope=\"itemscope\" itemtype=\"https:\/\/schema.org\/CreativeWork\" ><div class='avia_textblock'  itemprop=\"text\" ><h5>Mein Bike:<\/h5>\n<\/div><\/section><br \/>\n\n<style type=\"text\/css\" data-created_by=\"avia_inline_auto\" id=\"style-css-av-21tger-6102d1f7fdfa755c6b91a6285ffd2e97\">\n#top .hr.hr-invisible.av-21tger-6102d1f7fdfa755c6b91a6285ffd2e97{\nheight:10px;\n}\n<\/style>\n<div  class='hr av-21tger-6102d1f7fdfa755c6b91a6285ffd2e97 hr-invisible  avia-builder-el-22  el_after_av_textblock  el_before_av_image '><span class='hr-inner '><span class=\"hr-inner-style\"><\/span><\/span><\/div><br \/>\n\n<style type=\"text\/css\" data-created_by=\"avia_inline_auto\" id=\"style-css-av-1xpstn-e867f60dd5b1b17a8c5ccd48fb32d0e6\">\n.avia-image-container.av-1xpstn-e867f60dd5b1b17a8c5ccd48fb32d0e6 img.avia_image{\nbox-shadow:none;\n}\n.avia-image-container.av-1xpstn-e867f60dd5b1b17a8c5ccd48fb32d0e6 .av-image-caption-overlay-center{\ncolor:#ffffff;\n}\n<\/style>\n<div  class='avia-image-container av-1xpstn-e867f60dd5b1b17a8c5ccd48fb32d0e6 av-styling- avia-align-center  avia-builder-el-23  el_after_av_hr  avia-builder-el-last '   itemprop=\"image\" itemscope=\"itemscope\" itemtype=\"https:\/\/schema.org\/ImageObject\" ><div class=\"avia-image-container-inner\"><div class=\"avia-image-overlay-wrap\"><img decoding=\"async\" fetchpriority=\"high\" class='wp-image-1657 avia-img-lazy-loading-not-1657 avia_image ' src=\"https:\/\/bike-baeriswil.ch\/wp-content\/uploads\/2025\/12\/Juere-E3_cs.jpg\" alt='' title='J\u00fcre-E3_cs'  height=\"384\" width=\"640\"  itemprop=\"thumbnailUrl\" srcset=\"https:\/\/bike-baeriswil.ch\/wp-content\/uploads\/2025\/12\/Juere-E3_cs.jpg 640w, https:\/\/bike-baeriswil.ch\/wp-content\/uploads\/2025\/12\/Juere-E3_cs-300x180.jpg 300w\" sizes=\"(max-width: 640px) 100vw, 640px\" \/><\/div><\/div><\/div><\/p><\/div>\n\n<style type=\"text\/css\" data-created_by=\"avia_inline_auto\" id=\"style-css-av-1p768r-0967fdf502858d4a3787323dce442afd\">\n.flex_column.av-1p768r-0967fdf502858d4a3787323dce442afd{\npadding:10px 10px 10px 10px;\nbackground-color:#384852;\n}\n<\/style>\n<div  class='flex_column av-1p768r-0967fdf502858d4a3787323dce442afd av_one_third  avia-builder-el-24  el_after_av_one_third  el_before_av_one_third  flex_column_div  column-top-margin'     ><p><section  class='avia-team-member av-1kmwnv-50295881a12651400238ef37fbc421b2  avia-builder-el-25  el_before_av_textblock  avia-builder-el-first '  itemscope=\"itemscope\" itemtype=\"https:\/\/schema.org\/Person\" ><div class=\"team-img-container\"><img decoding=\"async\" fetchpriority=\"high\" class='wp-image-867 avia-img-lazy-loading-not-867 avia_image avia_image_team' src=\"https:\/\/bike-baeriswil.ch\/wp-content\/uploads\/2023\/12\/DT-Daenu_Face.jpg\" alt='DT-D\u00e4nu'  itemprop=\"image\"   height=\"800\" width=\"640\" srcset=\"https:\/\/bike-baeriswil.ch\/wp-content\/uploads\/2023\/12\/DT-Daenu_Face.jpg 640w, https:\/\/bike-baeriswil.ch\/wp-content\/uploads\/2023\/12\/DT-Daenu_Face-240x300.jpg 240w, https:\/\/bike-baeriswil.ch\/wp-content\/uploads\/2023\/12\/DT-Daenu_Face-564x705.jpg 564w\" sizes=\"(max-width: 640px) 100vw, 640px\" \/><\/div><h3 class='team-member-name '  itemprop=\"name\" >DT-D\u00e4nu<\/h3><div class='team-member-description '  itemprop=\"description\" ><p>Essen:<br \/>\nitalienisch mit Tignanello, Gaja, Ornellaia oder Sassicaia<\/p>\n<p>Lieblings-Tour:<br \/>\nNiesen<\/p>\n<p>Haustour:<br \/>\nBantiger<\/p>\n<p>Mein Bike:<br \/>\nRotwild RC 1000<\/p>\n<\/div><span class='hidden team-member-affiliation'  itemprop=\"affiliation\" >Biketr\u00e4ff B\u00e4riswil<\/span><\/section><br \/>\n<section  class='av_textblock_section av-il6j-e5ae30d4f321ef7b877353a636025ad3 '   itemscope=\"itemscope\" itemtype=\"https:\/\/schema.org\/CreativeWork\" ><div class='avia_textblock'  itemprop=\"text\" ><h5>Mein Bike:<\/h5>\n<\/div><\/section><br \/>\n\n<style type=\"text\/css\" data-created_by=\"avia_inline_auto\" id=\"style-css-av-16tcmj-92ba94ce4f635c5a291e315d7c0015ef\">\n#top .hr.hr-invisible.av-16tcmj-92ba94ce4f635c5a291e315d7c0015ef{\nheight:10px;\n}\n<\/style>\n<div  class='hr av-16tcmj-92ba94ce4f635c5a291e315d7c0015ef hr-invisible  avia-builder-el-27  el_after_av_textblock  el_before_av_image '><span class='hr-inner '><span class=\"hr-inner-style\"><\/span><\/span><\/div><br \/>\n\n<style type=\"text\/css\" data-created_by=\"avia_inline_auto\" id=\"style-css-av-11ko6r-60991e1dc1f7593d33669ef66285d9f7\">\n.avia-image-container.av-11ko6r-60991e1dc1f7593d33669ef66285d9f7 img.avia_image{\nbox-shadow:none;\n}\n.avia-image-container.av-11ko6r-60991e1dc1f7593d33669ef66285d9f7 .av-image-caption-overlay-center{\ncolor:#ffffff;\n}\n<\/style>\n<div  class='avia-image-container av-11ko6r-60991e1dc1f7593d33669ef66285d9f7 av-styling- avia-align-center  avia-builder-el-28  el_after_av_hr  avia-builder-el-last '   itemprop=\"image\" itemscope=\"itemscope\" itemtype=\"https:\/\/schema.org\/ImageObject\" ><div class=\"avia-image-container-inner\"><div class=\"avia-image-overlay-wrap\"><img decoding=\"async\" fetchpriority=\"high\" class='wp-image-868 avia-img-lazy-loading-not-868 avia_image ' src=\"https:\/\/bike-baeriswil.ch\/wp-content\/uploads\/2023\/12\/DT-Daenu_Bike.jpg\" alt='' title='DT-D\u00e4nu_Bike'  height=\"384\" width=\"640\"  itemprop=\"thumbnailUrl\" srcset=\"https:\/\/bike-baeriswil.ch\/wp-content\/uploads\/2023\/12\/DT-Daenu_Bike.jpg 640w, https:\/\/bike-baeriswil.ch\/wp-content\/uploads\/2023\/12\/DT-Daenu_Bike-300x180.jpg 300w\" sizes=\"(max-width: 640px) 100vw, 640px\" \/><\/div><\/div><\/div><\/p><\/div>\n\n<style type=\"text\/css\" data-created_by=\"avia_inline_auto\" id=\"style-css-av-xss7n-1ec99a3a0eed060095ee8ab1889a0c1f\">\n.flex_column.av-xss7n-1ec99a3a0eed060095ee8ab1889a0c1f{\npadding:10px 10px 10px 10px;\nbackground-color:#384852;\n}\n<\/style>\n<div  class='flex_column av-xss7n-1ec99a3a0eed060095ee8ab1889a0c1f av_one_third  avia-builder-el-29  el_after_av_one_third  el_before_av_one_third  flex_column_div  column-top-margin'     ><p><section  class='avia-team-member av-2q6x7-a0c1ad0d94046ddc2b84a540d9f608bb  avia-builder-el-30  el_before_av_textblock  avia-builder-el-first '  itemscope=\"itemscope\" itemtype=\"https:\/\/schema.org\/Person\" ><div class=\"team-img-container\"><img decoding=\"async\" fetchpriority=\"high\" class='wp-image-1353 avia-img-lazy-loading-not-1353 avia_image avia_image_team' src=\"https:\/\/bike-baeriswil.ch\/wp-content\/uploads\/2024\/11\/Tinu_Face_2024k.jpg\" alt='Tinu'  itemprop=\"image\"   height=\"260\" width=\"208\" \/><\/div><h3 class='team-member-name '  itemprop=\"name\" >Tinu<\/h3><div class='team-member-description '  itemprop=\"description\" ><p>Essen:<br \/>\nSchweinsfilet mit Kartoffelgratin <\/p>\n<p>Lieblings-Tour:<br \/>\nGrischatrail<\/p>\n<p>Haustour:<br \/>\nB\u00e4riswil<\/p>\n<p>Mein Bike:<br \/>\nScott Genius LT 710<\/p>\n<\/div><span class='hidden team-member-affiliation'  itemprop=\"affiliation\" >Biketr\u00e4ff B\u00e4riswil<\/span><\/section><br \/>\n<section  class='av_textblock_section av-jx28r-9b3eca81bad1f1ca779ef0bac49a7f5d '   itemscope=\"itemscope\" itemtype=\"https:\/\/schema.org\/CreativeWork\" ><div class='avia_textblock'  itemprop=\"text\" ><h5>Mein Bike:<\/h5>\n<\/div><\/section><br \/>\n\n<style type=\"text\/css\" data-created_by=\"avia_inline_auto\" id=\"style-css-av-h75jv-4a1be2306bf878466d2ebb40dc762d6b\">\n#top .hr.hr-invisible.av-h75jv-4a1be2306bf878466d2ebb40dc762d6b{\nheight:10px;\n}\n<\/style>\n<div  class='hr av-h75jv-4a1be2306bf878466d2ebb40dc762d6b hr-invisible  avia-builder-el-32  el_after_av_textblock  el_before_av_image '><span class='hr-inner '><span class=\"hr-inner-style\"><\/span><\/span><\/div><br \/>\n\n<style type=\"text\/css\" data-created_by=\"avia_inline_auto\" id=\"style-css-av-bg1j7-7ad03b97afa58cc83242c458dab9d6ac\">\n.avia-image-container.av-bg1j7-7ad03b97afa58cc83242c458dab9d6ac img.avia_image{\nbox-shadow:none;\n}\n.avia-image-container.av-bg1j7-7ad03b97afa58cc83242c458dab9d6ac .av-image-caption-overlay-center{\ncolor:#ffffff;\n}\n<\/style>\n<div  class='avia-image-container av-bg1j7-7ad03b97afa58cc83242c458dab9d6ac av-styling- avia-align-center  avia-builder-el-33  el_after_av_hr  avia-builder-el-last '   itemprop=\"image\" itemscope=\"itemscope\" itemtype=\"https:\/\/schema.org\/ImageObject\" ><div class=\"avia-image-container-inner\"><div class=\"avia-image-overlay-wrap\"><img decoding=\"async\" fetchpriority=\"high\" class='wp-image-134 avia-img-lazy-loading-not-134 avia_image ' src=\"https:\/\/bike-baeriswil.ch\/wp-content\/uploads\/2023\/03\/Tinu-Bike.jpg\" alt='' title='Tinu-Bike'  height=\"384\" width=\"640\"  itemprop=\"thumbnailUrl\" srcset=\"https:\/\/bike-baeriswil.ch\/wp-content\/uploads\/2023\/03\/Tinu-Bike.jpg 640w, https:\/\/bike-baeriswil.ch\/wp-content\/uploads\/2023\/03\/Tinu-Bike-300x180.jpg 300w\" sizes=\"(max-width: 640px) 100vw, 640px\" \/><\/div><\/div><\/div><\/p><\/div>\n\n<style type=\"text\/css\" data-created_by=\"avia_inline_auto\" id=\"style-css-av-3deixn-a928609c003a959128aae9eaffea4959\">\n.flex_column.av-3deixn-a928609c003a959128aae9eaffea4959{\npadding:10px 10px 10px 10px;\nbackground-color:#384852;\n}\n<\/style>\n<div  class='flex_column av-3deixn-a928609c003a959128aae9eaffea4959 av_one_third  avia-builder-el-34  el_after_av_one_third  el_before_av_one_third  first flex_column_div  column-top-margin'     ><p><section  class='avia-team-member av-lfk5h735-861d2d33610f7eb526d7d969d5b4b570  avia-builder-el-35  el_before_av_textblock  avia-builder-el-first '  itemscope=\"itemscope\" itemtype=\"https:\/\/schema.org\/Person\" ><div class=\"team-img-container\"><img decoding=\"async\" fetchpriority=\"high\" class='wp-image-531 avia-img-lazy-loading-not-531 avia_image avia_image_team' src=\"https:\/\/bike-baeriswil.ch\/wp-content\/uploads\/2023\/03\/Daenu4_Face_2023.jpg\" alt='D\u00e4nu 4'  itemprop=\"image\"   height=\"800\" width=\"640\" srcset=\"https:\/\/bike-baeriswil.ch\/wp-content\/uploads\/2023\/03\/Daenu4_Face_2023.jpg 640w, https:\/\/bike-baeriswil.ch\/wp-content\/uploads\/2023\/03\/Daenu4_Face_2023-240x300.jpg 240w, https:\/\/bike-baeriswil.ch\/wp-content\/uploads\/2023\/03\/Daenu4_Face_2023-564x705.jpg 564w\" sizes=\"(max-width: 640px) 100vw, 640px\" \/><\/div><h3 class='team-member-name '  itemprop=\"name\" >D\u00e4nu 4<\/h3><div class='team-member-description '  itemprop=\"description\" ><p>Essen:<br \/>\n380 Gramm saftiger Gentlemen\u2019s cut mindestens 4 Wochen gereiftes feinfasriges, zartes Swiss Black Angus Filet Mittelst\u00fcck, 60 Sekunden scharf angegrillt mit einer Kerntemperatur von 54\u00b0C mit etwas schwarzem Pferrer aus der M\u00fchle und etwas Murray River Salz mit gegrilltem gr\u00fcnem Spargel mit einer s\u00e4migen Sauce Bernaise, dazu eine Hardegger-Perle auf 5,8\u00b0C gek\u00fchlt.<\/p>\n<p>Lieblings-Tour:<br \/>\nSamedan - Alp Muntatsch - Piz Nair - Val Bever<\/p>\n<p>Haustour:<br \/>\nBantiger<\/p>\n<p>Mein Bike:<br \/>\nCannondale Scalpel Si WC HM Carbon<\/p>\n<\/div><span class='hidden team-member-affiliation'  itemprop=\"affiliation\" >Biketr\u00e4ff B\u00e4riswil<\/span><\/section><br \/>\n<section  class='av_textblock_section av-3948x7-6e43b0e0eaee9d0f10cd92331c8edace '   itemscope=\"itemscope\" itemtype=\"https:\/\/schema.org\/CreativeWork\" ><div class='avia_textblock'  itemprop=\"text\" ><h5>Mein Bike:<\/h5>\n<\/div><\/section><br \/>\n\n<style type=\"text\/css\" data-created_by=\"avia_inline_auto\" id=\"style-css-av-32dbjv-ef73fd9bde65d34b0f049d438dccc6c3\">\n#top .hr.hr-invisible.av-32dbjv-ef73fd9bde65d34b0f049d438dccc6c3{\nheight:10px;\n}\n<\/style>\n<div  class='hr av-32dbjv-ef73fd9bde65d34b0f049d438dccc6c3 hr-invisible  avia-builder-el-37  el_after_av_textblock  el_before_av_image '><span class='hr-inner '><span class=\"hr-inner-style\"><\/span><\/span><\/div><br \/>\n\n<style type=\"text\/css\" data-created_by=\"avia_inline_auto\" id=\"style-css-av-lfk5hsl3-bf8262cb7c85c30644c17687ce808ce0\">\n.avia-image-container.av-lfk5hsl3-bf8262cb7c85c30644c17687ce808ce0 img.avia_image{\nbox-shadow:none;\n}\n.avia-image-container.av-lfk5hsl3-bf8262cb7c85c30644c17687ce808ce0 .av-image-caption-overlay-center{\ncolor:#ffffff;\n}\n<\/style>\n<div  class='avia-image-container av-lfk5hsl3-bf8262cb7c85c30644c17687ce808ce0 av-styling- avia-align-center  avia-builder-el-38  el_after_av_hr  avia-builder-el-last '   itemprop=\"image\" itemscope=\"itemscope\" itemtype=\"https:\/\/schema.org\/ImageObject\" ><div class=\"avia-image-container-inner\"><div class=\"avia-image-overlay-wrap\"><img decoding=\"async\" fetchpriority=\"high\" class='wp-image-530 avia-img-lazy-loading-not-530 avia_image ' src=\"https:\/\/bike-baeriswil.ch\/wp-content\/uploads\/2023\/03\/Daenu4_Bike-1_2023.png\" alt='' title='D\u00e4nu4_Bike-1_2023'  height=\"384\" width=\"640\"  itemprop=\"thumbnailUrl\" srcset=\"https:\/\/bike-baeriswil.ch\/wp-content\/uploads\/2023\/03\/Daenu4_Bike-1_2023.png 640w, https:\/\/bike-baeriswil.ch\/wp-content\/uploads\/2023\/03\/Daenu4_Bike-1_2023-300x180.png 300w\" sizes=\"(max-width: 640px) 100vw, 640px\" \/><\/div><\/div><\/div><\/p><\/div>\n\n<style type=\"text\/css\" data-created_by=\"avia_inline_auto\" id=\"style-css-av-2usu4z-9832b2a5bc104ef792f95d97d291a053\">\n.flex_column.av-2usu4z-9832b2a5bc104ef792f95d97d291a053{\npadding:10px 10px 10px 10px;\nbackground-color:#384852;\n}\n<\/style>\n<div  class='flex_column av-2usu4z-9832b2a5bc104ef792f95d97d291a053 av_one_third  avia-builder-el-39  el_after_av_one_third  el_before_av_one_third  flex_column_div  column-top-margin'     ><p><section  class='avia-team-member av-lfk5iuci-5dcdbee820b0eded0663692cdb3da566  avia-builder-el-40  el_before_av_textblock  avia-builder-el-first '  itemscope=\"itemscope\" itemtype=\"https:\/\/schema.org\/Person\" ><div class=\"team-img-container\"><img decoding=\"async\" fetchpriority=\"high\" class='wp-image-83 avia-img-lazy-loading-not-83 avia_image avia_image_team' src=\"https:\/\/bike-baeriswil.ch\/wp-content\/uploads\/2023\/03\/Koni_Face.jpg\" alt='Koni'  itemprop=\"image\"   height=\"800\" width=\"640\" srcset=\"https:\/\/bike-baeriswil.ch\/wp-content\/uploads\/2023\/03\/Koni_Face.jpg 640w, https:\/\/bike-baeriswil.ch\/wp-content\/uploads\/2023\/03\/Koni_Face-240x300.jpg 240w, https:\/\/bike-baeriswil.ch\/wp-content\/uploads\/2023\/03\/Koni_Face-564x705.jpg 564w\" sizes=\"(max-width: 640px) 100vw, 640px\" \/><\/div><h3 class='team-member-name '  itemprop=\"name\" >Koni<\/h3><div class='team-member-description '  itemprop=\"description\" ><p>Essen:<br \/>\n\u00c4 r\u00e4chte Bitz Fleisch vom Grill mit Gr\u00fcenfuetter<\/p>\n<p>Lieblings-Tour:<br \/>\nLenzerheide-Parpaner Rothorn-Arosa<\/p>\n<p>Haustour:<br \/>\n35 min. Singletrails vom Bantiger<\/p>\n<p>Mein Bike:<br \/>\n?<\/p>\n<\/div><span class='hidden team-member-affiliation'  itemprop=\"affiliation\" >Biketr\u00e4ff B\u00e4riswil<\/span><\/section><br \/>\n<section  class='av_textblock_section av-2qmf0j-a41252cf79d9dbfa63a1047281c0da52 '   itemscope=\"itemscope\" itemtype=\"https:\/\/schema.org\/CreativeWork\" ><div class='avia_textblock'  itemprop=\"text\" ><h5>Mein Bike:<\/h5>\n<\/div><\/section><br \/>\n\n<style type=\"text\/css\" data-created_by=\"avia_inline_auto\" id=\"style-css-av-2mxbcj-ce6fe6bdb327c39bdf8b587d2ffc0b5b\">\n#top .hr.hr-invisible.av-2mxbcj-ce6fe6bdb327c39bdf8b587d2ffc0b5b{\nheight:10px;\n}\n<\/style>\n<div  class='hr av-2mxbcj-ce6fe6bdb327c39bdf8b587d2ffc0b5b hr-invisible  avia-builder-el-42  el_after_av_textblock  el_before_av_image '><span class='hr-inner '><span class=\"hr-inner-style\"><\/span><\/span><\/div><br \/>\n\n<style type=\"text\/css\" data-created_by=\"avia_inline_auto\" id=\"style-css-av-2f58sb-4561f72189fcf3692e2f8eaef17f1d66\">\n.avia-image-container.av-2f58sb-4561f72189fcf3692e2f8eaef17f1d66 img.avia_image{\nbox-shadow:none;\n}\n.avia-image-container.av-2f58sb-4561f72189fcf3692e2f8eaef17f1d66 .av-image-caption-overlay-center{\ncolor:#ffffff;\n}\n<\/style>\n<div  class='avia-image-container av-2f58sb-4561f72189fcf3692e2f8eaef17f1d66 av-styling- avia-align-center  avia-builder-el-43  el_after_av_hr  avia-builder-el-last '   itemprop=\"image\" itemscope=\"itemscope\" itemtype=\"https:\/\/schema.org\/ImageObject\" ><div class=\"avia-image-container-inner\"><div class=\"avia-image-overlay-wrap\"><img decoding=\"async\" fetchpriority=\"high\" class='wp-image-265 avia-img-lazy-loading-not-265 avia_image ' src=\"https:\/\/bike-baeriswil.ch\/wp-content\/uploads\/2023\/03\/Rusty-M.jpg\" alt='' title='Rusty-M'  height=\"384\" width=\"640\"  itemprop=\"thumbnailUrl\" srcset=\"https:\/\/bike-baeriswil.ch\/wp-content\/uploads\/2023\/03\/Rusty-M.jpg 640w, https:\/\/bike-baeriswil.ch\/wp-content\/uploads\/2023\/03\/Rusty-M-300x180.jpg 300w\" sizes=\"(max-width: 640px) 100vw, 640px\" \/><\/div><\/div><\/div><\/p><\/div>\n\n<style type=\"text\/css\" data-created_by=\"avia_inline_auto\" id=\"style-css-av-275l2r-558aa36bedb11dfed51c60a88b2f519f\">\n.flex_column.av-275l2r-558aa36bedb11dfed51c60a88b2f519f{\npadding:10px 10px 10px 10px;\nbackground-color:#384852;\n}\n<\/style>\n<div  class='flex_column av-275l2r-558aa36bedb11dfed51c60a88b2f519f av_one_third  avia-builder-el-44  el_after_av_one_third  el_before_av_one_third  flex_column_div  column-top-margin'     ><p><section  class='avia-team-member av-lfk5jv54-32b5b1e251b444f3c2b26a9baf634476  avia-builder-el-45  el_before_av_textblock  avia-builder-el-first '  itemscope=\"itemscope\" itemtype=\"https:\/\/schema.org\/Person\" ><div class=\"team-img-container\"><img decoding=\"async\" fetchpriority=\"high\" class='wp-image-542 avia-img-lazy-loading-not-542 avia_image avia_image_team' src=\"https:\/\/bike-baeriswil.ch\/wp-content\/uploads\/2023\/04\/Aedu-UP_Face_2023.jpg\" alt='\u00c4du-U'  itemprop=\"image\"   height=\"800\" width=\"640\" srcset=\"https:\/\/bike-baeriswil.ch\/wp-content\/uploads\/2023\/04\/Aedu-UP_Face_2023.jpg 640w, https:\/\/bike-baeriswil.ch\/wp-content\/uploads\/2023\/04\/Aedu-UP_Face_2023-240x300.jpg 240w, https:\/\/bike-baeriswil.ch\/wp-content\/uploads\/2023\/04\/Aedu-UP_Face_2023-564x705.jpg 564w\" sizes=\"(max-width: 640px) 100vw, 640px\" \/><\/div><h3 class='team-member-name '  itemprop=\"name\" >\u00c4du-U<\/h3><div class='team-member-description '  itemprop=\"description\" ><p>Essen:<br \/>\nEin k\u00fchles Blondes und dann Gerda\u2019s Pizza mit einem feinen italienischen Wein, dann vielleicht nochmal ein k\u00fchles Blondes<\/p>\n<p>Lieblings-Tour:<br \/>\nBiel - Chasseral - Biel<\/p>\n<p>Haustour:<br \/>\nBantiger via Schwarzkopf<\/p>\n<p>Mein Bike:<br \/>\nBold Unplugged Volume 2- stealth-black<\/p>\n<\/div><span class='hidden team-member-affiliation'  itemprop=\"affiliation\" >Biketr\u00e4ff B\u00e4riswil<\/span><\/section><br \/>\n<section  class='av_textblock_section av-245gbv-46bc8d0d0cfaadc78d9c370381b688ce '   itemscope=\"itemscope\" itemtype=\"https:\/\/schema.org\/CreativeWork\" ><div class='avia_textblock'  itemprop=\"text\" ><h5>Mein Bike:<\/h5>\n<\/div><\/section><br \/>\n\n<style type=\"text\/css\" data-created_by=\"avia_inline_auto\" id=\"style-css-av-1voua3-e27241b177cc129ef92e4f0a538e0cb6\">\n#top .hr.hr-invisible.av-1voua3-e27241b177cc129ef92e4f0a538e0cb6{\nheight:10px;\n}\n<\/style>\n<div  class='hr av-1voua3-e27241b177cc129ef92e4f0a538e0cb6 hr-invisible  avia-builder-el-47  el_after_av_textblock  el_before_av_image '><span class='hr-inner '><span class=\"hr-inner-style\"><\/span><\/span><\/div><br \/>\n\n<style type=\"text\/css\" data-created_by=\"avia_inline_auto\" id=\"style-css-av-1qbxu3-b92d2bf04ee8d423074558103c546c2c\">\n.avia-image-container.av-1qbxu3-b92d2bf04ee8d423074558103c546c2c img.avia_image{\nbox-shadow:none;\n}\n.avia-image-container.av-1qbxu3-b92d2bf04ee8d423074558103c546c2c .av-image-caption-overlay-center{\ncolor:#ffffff;\n}\n<\/style>\n<div  class='avia-image-container av-1qbxu3-b92d2bf04ee8d423074558103c546c2c av-styling- avia-align-center  avia-builder-el-48  el_after_av_hr  avia-builder-el-last '   itemprop=\"image\" itemscope=\"itemscope\" itemtype=\"https:\/\/schema.org\/ImageObject\" ><div class=\"avia-image-container-inner\"><div class=\"avia-image-overlay-wrap\"><img decoding=\"async\" fetchpriority=\"high\" class='wp-image-541 avia-img-lazy-loading-not-541 avia_image ' src=\"https:\/\/bike-baeriswil.ch\/wp-content\/uploads\/2023\/04\/Aedu-UP_Bike-1_2023.jpg\" alt='' title='\u00c4du-UP_Bike-1_2023'  height=\"384\" width=\"640\"  itemprop=\"thumbnailUrl\" srcset=\"https:\/\/bike-baeriswil.ch\/wp-content\/uploads\/2023\/04\/Aedu-UP_Bike-1_2023.jpg 640w, https:\/\/bike-baeriswil.ch\/wp-content\/uploads\/2023\/04\/Aedu-UP_Bike-1_2023-300x180.jpg 300w\" sizes=\"(max-width: 640px) 100vw, 640px\" \/><\/div><\/div><\/div><\/p><\/div>\n\n<style type=\"text\/css\" data-created_by=\"avia_inline_auto\" id=\"style-css-av-1j95rn-a439528629894adecbe4c7aa0d6c1f3e\">\n.flex_column.av-1j95rn-a439528629894adecbe4c7aa0d6c1f3e{\npadding:10px 10px 10px 10px;\nbackground-color:#384852;\n}\n<\/style>\n<div  class='flex_column av-1j95rn-a439528629894adecbe4c7aa0d6c1f3e av_one_third  avia-builder-el-49  el_after_av_one_third  el_before_av_one_third  first flex_column_div  column-top-margin'     ><p><section  class='avia-team-member av-lfk5lfwq-37f4bbad91144256b8764c0c14208490  avia-builder-el-50  el_before_av_textblock  avia-builder-el-first '  itemscope=\"itemscope\" itemtype=\"https:\/\/schema.org\/Person\" ><div class=\"team-img-container\"><img decoding=\"async\" fetchpriority=\"high\" class='wp-image-747 avia-img-lazy-loading-not-747 avia_image avia_image_team' src=\"https:\/\/bike-baeriswil.ch\/wp-content\/uploads\/2023\/10\/OR-Daenu-20231009.jpg\" alt='OR-D\u00e4nu'  itemprop=\"image\"   height=\"800\" width=\"640\" srcset=\"https:\/\/bike-baeriswil.ch\/wp-content\/uploads\/2023\/10\/OR-Daenu-20231009.jpg 640w, https:\/\/bike-baeriswil.ch\/wp-content\/uploads\/2023\/10\/OR-Daenu-20231009-240x300.jpg 240w, https:\/\/bike-baeriswil.ch\/wp-content\/uploads\/2023\/10\/OR-Daenu-20231009-564x705.jpg 564w\" sizes=\"(max-width: 640px) 100vw, 640px\" \/><\/div><h3 class='team-member-name '  itemprop=\"name\" >OR-D\u00e4nu<\/h3><div class='team-member-description '  itemprop=\"description\" ><p>Essen:<br \/>\nItali\u00e4nischi Chuchi oder es feins Cordon Bleu mit Pommes - schwierig!<\/p>\n<p>Lieblings-Tour:<br \/>\nIm Hinterland vo Finale Ligure<\/p>\n<p>Haustour:<br \/>\nSchwarzchopf - Bantiger i viune Variatione!<\/p>\n<p>Meine Bikes:<br \/>\n- Th\u00f6mus Oberrider Pro SAE<br \/>\n- Th\u00f6mus Sliker Pro<\/p>\n<\/div><span class='hidden team-member-affiliation'  itemprop=\"affiliation\" >Biketr\u00e4ff B\u00e4riswil<\/span><\/section><br \/>\n<section  class='av_textblock_section av-1d1svf-a7a63dde03fe7b563656f31af3364271 '   itemscope=\"itemscope\" itemtype=\"https:\/\/schema.org\/CreativeWork\" ><div class='avia_textblock'  itemprop=\"text\" ><h5>Meine Bikes:<\/h5>\n<\/div><\/section><br \/>\n\n<style type=\"text\/css\" data-created_by=\"avia_inline_auto\" id=\"style-css-av-19b08z-07c34cee9ef3b84ca292659a19953b78\">\n#top .hr.hr-invisible.av-19b08z-07c34cee9ef3b84ca292659a19953b78{\nheight:10px;\n}\n<\/style>\n<div  class='hr av-19b08z-07c34cee9ef3b84ca292659a19953b78 hr-invisible  avia-builder-el-52  el_after_av_textblock  el_before_av_image '><span class='hr-inner '><span class=\"hr-inner-style\"><\/span><\/span><\/div><br \/>\n\n<style type=\"text\/css\" data-created_by=\"avia_inline_auto\" id=\"style-css-av-lfk5luyx-49f7d5d2e4fd757031c15189d54f4803\">\n.avia-image-container.av-lfk5luyx-49f7d5d2e4fd757031c15189d54f4803 img.avia_image{\nbox-shadow:none;\n}\n.avia-image-container.av-lfk5luyx-49f7d5d2e4fd757031c15189d54f4803 .av-image-caption-overlay-center{\ncolor:#ffffff;\n}\n<\/style>\n<div  class='avia-image-container av-lfk5luyx-49f7d5d2e4fd757031c15189d54f4803 av-styling- avia-align-center  avia-builder-el-53  el_after_av_hr  el_before_av_image '   itemprop=\"image\" itemscope=\"itemscope\" itemtype=\"https:\/\/schema.org\/ImageObject\" ><div class=\"avia-image-container-inner\"><div class=\"avia-image-overlay-wrap\"><img decoding=\"async\" fetchpriority=\"high\" class='wp-image-532 avia-img-lazy-loading-not-532 avia_image ' src=\"https:\/\/bike-baeriswil.ch\/wp-content\/uploads\/2023\/03\/OR-Daenu_Bike-1_2023.jpg\" alt='' title='OR-D\u00e4nu_Bike-1_2023'  height=\"384\" width=\"640\"  itemprop=\"thumbnailUrl\" srcset=\"https:\/\/bike-baeriswil.ch\/wp-content\/uploads\/2023\/03\/OR-Daenu_Bike-1_2023.jpg 640w, https:\/\/bike-baeriswil.ch\/wp-content\/uploads\/2023\/03\/OR-Daenu_Bike-1_2023-300x180.jpg 300w\" sizes=\"(max-width: 640px) 100vw, 640px\" \/><\/div><\/div><\/div><br \/>\n\n<style type=\"text\/css\" data-created_by=\"avia_inline_auto\" id=\"style-css-av-lfr5zi8p-a72b6a35a4887136505df64e42ebff0e\">\n.avia-image-container.av-lfr5zi8p-a72b6a35a4887136505df64e42ebff0e img.avia_image{\nbox-shadow:none;\n}\n.avia-image-container.av-lfr5zi8p-a72b6a35a4887136505df64e42ebff0e .av-image-caption-overlay-center{\ncolor:#ffffff;\n}\n<\/style>\n<div  class='avia-image-container av-lfr5zi8p-a72b6a35a4887136505df64e42ebff0e av-styling- avia-align-center  avia-builder-el-54  el_after_av_image  avia-builder-el-last '   itemprop=\"image\" itemscope=\"itemscope\" itemtype=\"https:\/\/schema.org\/ImageObject\" ><div class=\"avia-image-container-inner\"><div class=\"avia-image-overlay-wrap\"><img decoding=\"async\" fetchpriority=\"high\" class='wp-image-1649 avia-img-lazy-loading-not-1649 avia_image ' src=\"https:\/\/bike-baeriswil.ch\/wp-content\/uploads\/2025\/09\/OR-Daenu_Bike-RV.jpg\" alt='' title='OR-D\u00e4nu_Bike-RV'  height=\"384\" width=\"640\"  itemprop=\"thumbnailUrl\" srcset=\"https:\/\/bike-baeriswil.ch\/wp-content\/uploads\/2025\/09\/OR-Daenu_Bike-RV.jpg 640w, https:\/\/bike-baeriswil.ch\/wp-content\/uploads\/2025\/09\/OR-Daenu_Bike-RV-300x180.jpg 300w\" sizes=\"(max-width: 640px) 100vw, 640px\" \/><\/div><\/div><\/div><\/p><\/div>\n\n<style type=\"text\/css\" data-created_by=\"avia_inline_auto\" id=\"style-css-av-136ew3-d8af942b99e8ce0b67cf718a8b919e84\">\n.flex_column.av-136ew3-d8af942b99e8ce0b67cf718a8b919e84{\npadding:10px 10px 10px 10px;\nbackground-color:#384852;\n}\n<\/style>\n<div  class='flex_column av-136ew3-d8af942b99e8ce0b67cf718a8b919e84 av_one_third  avia-builder-el-55  el_after_av_one_third  el_before_av_one_third  flex_column_div  column-top-margin'     ><p><section  class='avia-team-member av-lfk5n99n-160f3436ea2e27c51bd5d51fc6bb4aa2  avia-builder-el-56  el_before_av_textblock  avia-builder-el-first '  itemscope=\"itemscope\" itemtype=\"https:\/\/schema.org\/Person\" ><div class=\"team-img-container\"><img decoding=\"async\" fetchpriority=\"high\" class='wp-image-1658 avia-img-lazy-loading-not-1658 avia_image avia_image_team' src=\"https:\/\/bike-baeriswil.ch\/wp-content\/uploads\/2025\/12\/Res2025_cs.jpg\" alt='Res'  itemprop=\"image\"   height=\"800\" width=\"640\" srcset=\"https:\/\/bike-baeriswil.ch\/wp-content\/uploads\/2025\/12\/Res2025_cs.jpg 640w, https:\/\/bike-baeriswil.ch\/wp-content\/uploads\/2025\/12\/Res2025_cs-240x300.jpg 240w, https:\/\/bike-baeriswil.ch\/wp-content\/uploads\/2025\/12\/Res2025_cs-564x705.jpg 564w\" sizes=\"(max-width: 640px) 100vw, 640px\" \/><\/div><h3 class='team-member-name '  itemprop=\"name\" >Res<\/h3><div class='team-member-description '  itemprop=\"description\" ><p>Essen:<br \/>\nasiatischi Chuchi oder Raclette<\/p>\n<p>Lieblings-Touren:<br \/>\n- Scuol \u2013 Val d\u2019Uina - Val Mora \u2013 Livigno<br \/>\n- Samnaun \u2013 Fimberpass \u2013 Scuol<\/p>\n<p>Haustour:<br \/>\nB\u00e4reriedtrail - Chutzturm-BremerLoop<\/p>\n<p>Meine Bikes:<br \/>\n- Bold Unplugged Volume 2<br \/>\n- Th\u00f6mus Lightrider E3 Pro<br \/>\n- Th\u00f6mus Sliker X<\/p>\n<\/div><span class='hidden team-member-affiliation'  itemprop=\"affiliation\" >Biketr\u00e4ff B\u00e4riswil<\/span><\/section><br \/>\n<section  class='av_textblock_section av-yuxo3-7470f7b52bc2bd62d7a1999e6f69e2ee '   itemscope=\"itemscope\" itemtype=\"https:\/\/schema.org\/CreativeWork\" ><div class='avia_textblock'  itemprop=\"text\" ><h5>Meine Bikes:<\/h5>\n<\/div><\/section><br \/>\n\n<style type=\"text\/css\" data-created_by=\"avia_inline_auto\" id=\"style-css-av-qz75v-f0d45d9e75d14c6dab2a90c99ae1ba9c\">\n#top .hr.hr-invisible.av-qz75v-f0d45d9e75d14c6dab2a90c99ae1ba9c{\nheight:10px;\n}\n<\/style>\n<div  class='hr av-qz75v-f0d45d9e75d14c6dab2a90c99ae1ba9c hr-invisible  avia-builder-el-58  el_after_av_textblock  el_before_av_image '><span class='hr-inner '><span class=\"hr-inner-style\"><\/span><\/span><\/div><br \/>\n\n<style type=\"text\/css\" data-created_by=\"avia_inline_auto\" id=\"style-css-av-lfk5nsji-40f1efbed3de48060fa069cf05a86646\">\n.avia-image-container.av-lfk5nsji-40f1efbed3de48060fa069cf05a86646 img.avia_image{\nbox-shadow:none;\n}\n.avia-image-container.av-lfk5nsji-40f1efbed3de48060fa069cf05a86646 .av-image-caption-overlay-center{\ncolor:#ffffff;\n}\n<\/style>\n<div  class='avia-image-container av-lfk5nsji-40f1efbed3de48060fa069cf05a86646 av-styling- avia-align-center  avia-builder-el-59  el_after_av_hr  el_before_av_image '   itemprop=\"image\" itemscope=\"itemscope\" itemtype=\"https:\/\/schema.org\/ImageObject\" ><div class=\"avia-image-container-inner\"><div class=\"avia-image-overlay-wrap\"><img decoding=\"async\" fetchpriority=\"high\" class='wp-image-519 avia-img-lazy-loading-not-519 avia_image ' src=\"https:\/\/bike-baeriswil.ch\/wp-content\/uploads\/2023\/03\/Res_Bike-1_2023.jpg\" alt='' title='Res_Bike-1_2023'  height=\"384\" width=\"640\"  itemprop=\"thumbnailUrl\" srcset=\"https:\/\/bike-baeriswil.ch\/wp-content\/uploads\/2023\/03\/Res_Bike-1_2023.jpg 640w, https:\/\/bike-baeriswil.ch\/wp-content\/uploads\/2023\/03\/Res_Bike-1_2023-300x180.jpg 300w\" sizes=\"(max-width: 640px) 100vw, 640px\" \/><\/div><\/div><\/div><br \/>\n\n<style type=\"text\/css\" data-created_by=\"avia_inline_auto\" id=\"style-css-av-lfpmbwfu-2f6d68976c407080471a312f0e9a64cf\">\n.avia-image-container.av-lfpmbwfu-2f6d68976c407080471a312f0e9a64cf img.avia_image{\nbox-shadow:none;\n}\n.avia-image-container.av-lfpmbwfu-2f6d68976c407080471a312f0e9a64cf .av-image-caption-overlay-center{\ncolor:#ffffff;\n}\n<\/style>\n<div  class='avia-image-container av-lfpmbwfu-2f6d68976c407080471a312f0e9a64cf av-styling- avia-align-center  avia-builder-el-60  el_after_av_image  el_before_av_image '   itemprop=\"image\" itemscope=\"itemscope\" itemtype=\"https:\/\/schema.org\/ImageObject\" ><div class=\"avia-image-container-inner\"><div class=\"avia-image-overlay-wrap\"><img decoding=\"async\" fetchpriority=\"high\" class='wp-image-520 avia-img-lazy-loading-not-520 avia_image ' src=\"https:\/\/bike-baeriswil.ch\/wp-content\/uploads\/2023\/03\/Res_Bike-2_2023.jpg\" alt='' title='Res_Bike-2_2023'  height=\"384\" width=\"640\"  itemprop=\"thumbnailUrl\" srcset=\"https:\/\/bike-baeriswil.ch\/wp-content\/uploads\/2023\/03\/Res_Bike-2_2023.jpg 640w, https:\/\/bike-baeriswil.ch\/wp-content\/uploads\/2023\/03\/Res_Bike-2_2023-300x180.jpg 300w\" sizes=\"(max-width: 640px) 100vw, 640px\" \/><\/div><\/div><\/div><br \/>\n\n<style type=\"text\/css\" data-created_by=\"avia_inline_auto\" id=\"style-css-av-mivui9za-1802ac076da9d3399eb3c97337143beb\">\n.avia-image-container.av-mivui9za-1802ac076da9d3399eb3c97337143beb img.avia_image{\nbox-shadow:none;\n}\n.avia-image-container.av-mivui9za-1802ac076da9d3399eb3c97337143beb .av-image-caption-overlay-center{\ncolor:#ffffff;\n}\n<\/style>\n<div  class='avia-image-container av-mivui9za-1802ac076da9d3399eb3c97337143beb av-styling- avia-align-center  avia-builder-el-61  el_after_av_image  avia-builder-el-last '   itemprop=\"image\" itemscope=\"itemscope\" itemtype=\"https:\/\/schema.org\/ImageObject\" ><div class=\"avia-image-container-inner\"><div class=\"avia-image-overlay-wrap\"><img decoding=\"async\" fetchpriority=\"high\" class='wp-image-1659 avia-img-lazy-loading-not-1659 avia_image ' src=\"https:\/\/bike-baeriswil.ch\/wp-content\/uploads\/2025\/12\/Res-E3_cs.jpg\" alt='' title='Res-E3_cs'  height=\"384\" width=\"640\"  itemprop=\"thumbnailUrl\" srcset=\"https:\/\/bike-baeriswil.ch\/wp-content\/uploads\/2025\/12\/Res-E3_cs.jpg 640w, https:\/\/bike-baeriswil.ch\/wp-content\/uploads\/2025\/12\/Res-E3_cs-300x180.jpg 300w\" sizes=\"(max-width: 640px) 100vw, 640px\" \/><\/div><\/div><\/div><\/p><\/div>\n\n<style type=\"text\/css\" data-created_by=\"avia_inline_auto\" id=\"style-css-av-ll0f7-78fdd3b34ce434388be47266ada9835c\">\n.flex_column.av-ll0f7-78fdd3b34ce434388be47266ada9835c{\npadding:10px 10px 10px 10px;\nbackground-color:#384852;\n}\n<\/style>\n<div  class='flex_column av-ll0f7-78fdd3b34ce434388be47266ada9835c av_one_third  avia-builder-el-62  el_after_av_one_third  el_before_av_one_third  flex_column_div  column-top-margin'     ><p><section  class='avia-team-member av-lfk5oxep-5f881a58e9345277279aaf36956eba65  avia-builder-el-63  el_before_av_textblock  avia-builder-el-first '  itemscope=\"itemscope\" itemtype=\"https:\/\/schema.org\/Person\" ><div class=\"team-img-container\"><img decoding=\"async\" fetchpriority=\"high\" class='wp-image-90 avia-img-lazy-loading-not-90 avia_image avia_image_team' src=\"https:\/\/bike-baeriswil.ch\/wp-content\/uploads\/2023\/03\/Mirjam_FaceA.jpg\" alt='Mirjam'  itemprop=\"image\"   height=\"800\" width=\"640\" srcset=\"https:\/\/bike-baeriswil.ch\/wp-content\/uploads\/2023\/03\/Mirjam_FaceA.jpg 640w, https:\/\/bike-baeriswil.ch\/wp-content\/uploads\/2023\/03\/Mirjam_FaceA-240x300.jpg 240w, https:\/\/bike-baeriswil.ch\/wp-content\/uploads\/2023\/03\/Mirjam_FaceA-564x705.jpg 564w\" sizes=\"(max-width: 640px) 100vw, 640px\" \/><\/div><h3 class='team-member-name '  itemprop=\"name\" >Mirjam<\/h3><div class='team-member-description '  itemprop=\"description\" ><p>Essen:<br \/>\n?<\/p>\n<p>Lieblings-Tour:<br \/>\n?<\/p>\n<p>Haustour:<br \/>\n?<\/p>\n<p>Mein Bike:<br \/>\n?<\/p>\n<\/div><span class='hidden team-member-affiliation'  itemprop=\"affiliation\" >Biketr\u00e4ff B\u00e4riswil<\/span><\/section><br \/>\n<section  class='av_textblock_section av-f35fv-f7a70f121e2299cc6073ec83a21b3e2b '   itemscope=\"itemscope\" itemtype=\"https:\/\/schema.org\/CreativeWork\" ><div class='avia_textblock'  itemprop=\"text\" ><h5>Mein Bike:<\/h5>\n<\/div><\/section><br \/>\n\n<style type=\"text\/css\" data-created_by=\"avia_inline_auto\" id=\"style-css-av-12777-5809c1db475b00f9bb73f5f45a4bf733\">\n#top .hr.hr-invisible.av-12777-5809c1db475b00f9bb73f5f45a4bf733{\nheight:10px;\n}\n<\/style>\n<div  class='hr av-12777-5809c1db475b00f9bb73f5f45a4bf733 hr-invisible  avia-builder-el-65  el_after_av_textblock  el_before_av_image '><span class='hr-inner '><span class=\"hr-inner-style\"><\/span><\/span><\/div><br \/>\n\n<style type=\"text\/css\" data-created_by=\"avia_inline_auto\" id=\"style-css-av-lfk5pjrl-43791899d75dbb8ea9884345bd828e62\">\n.avia-image-container.av-lfk5pjrl-43791899d75dbb8ea9884345bd828e62 img.avia_image{\nbox-shadow:none;\n}\n.avia-image-container.av-lfk5pjrl-43791899d75dbb8ea9884345bd828e62 .av-image-caption-overlay-center{\ncolor:#ffffff;\n}\n<\/style>\n<div  class='avia-image-container av-lfk5pjrl-43791899d75dbb8ea9884345bd828e62 av-styling- avia-align-center  avia-builder-el-66  el_after_av_hr  avia-builder-el-last '   itemprop=\"image\" itemscope=\"itemscope\" itemtype=\"https:\/\/schema.org\/ImageObject\" ><div class=\"avia-image-container-inner\"><div class=\"avia-image-overlay-wrap\"><img decoding=\"async\" fetchpriority=\"high\" class='wp-image-264 avia-img-lazy-loading-not-264 avia_image ' src=\"https:\/\/bike-baeriswil.ch\/wp-content\/uploads\/2023\/03\/Rusty-F.jpg\" alt='' title='Rusty-F'  height=\"384\" width=\"640\"  itemprop=\"thumbnailUrl\" srcset=\"https:\/\/bike-baeriswil.ch\/wp-content\/uploads\/2023\/03\/Rusty-F.jpg 640w, https:\/\/bike-baeriswil.ch\/wp-content\/uploads\/2023\/03\/Rusty-F-300x180.jpg 300w\" sizes=\"(max-width: 640px) 100vw, 640px\" \/><\/div><\/div><\/div><\/p><\/div>\n\n<style type=\"text\/css\" data-created_by=\"avia_inline_auto\" id=\"style-css-av-ck8szv-a9ecc2e34b606eb5fdd6b8a11bba265b\">\n.flex_column.av-ck8szv-a9ecc2e34b606eb5fdd6b8a11bba265b{\npadding:10px 10px 10px 10px;\nbackground-color:#384852;\n}\n<\/style>\n<div  class='flex_column av-ck8szv-a9ecc2e34b606eb5fdd6b8a11bba265b av_one_third  avia-builder-el-67  el_after_av_one_third  el_before_av_one_third  first flex_column_div  column-top-margin'     ><p><section  class='avia-team-member av-lfk5rlzi-1deb75e93d80d7c2953d95d15f51811c  avia-builder-el-68  el_before_av_textblock  avia-builder-el-first '  itemscope=\"itemscope\" itemtype=\"https:\/\/schema.org\/Person\" ><div class=\"team-img-container\"><img decoding=\"async\" fetchpriority=\"high\" class='wp-image-93 avia-img-lazy-loading-not-93 avia_image avia_image_team' src=\"https:\/\/bike-baeriswil.ch\/wp-content\/uploads\/2023\/03\/Pesche_Face.jpg\" alt='Pesche'  itemprop=\"image\"   height=\"800\" width=\"640\" srcset=\"https:\/\/bike-baeriswil.ch\/wp-content\/uploads\/2023\/03\/Pesche_Face.jpg 640w, https:\/\/bike-baeriswil.ch\/wp-content\/uploads\/2023\/03\/Pesche_Face-240x300.jpg 240w, https:\/\/bike-baeriswil.ch\/wp-content\/uploads\/2023\/03\/Pesche_Face-564x705.jpg 564w\" sizes=\"(max-width: 640px) 100vw, 640px\" \/><\/div><h3 class='team-member-name '  itemprop=\"name\" >Pesche<\/h3><div class='team-member-description '  itemprop=\"description\" ><p>Essen:<br \/>\nAsiatische und italienische K\u00fcche dazu ein guter Rotwein. Ein k\u00fchles Bier der ideale Durstl\u00f6scher<\/p>\n<p>Lieblings-Tour:<br \/>\nWallisertouren, Brasilianer<\/p>\n<p>Haustour:<br \/>\nRoth\u00f6he, Burgdorf, Egg<\/p>\n<p>Mein Bike:<br \/>\nStoll M1<\/p>\n<\/div><span class='hidden team-member-affiliation'  itemprop=\"affiliation\" >Biketr\u00e4ff B\u00e4riswil<\/span><\/section><br \/>\n<section  class='av_textblock_section av-cblwv7-64e584e3bcdad69714a0033b395801ae '   itemscope=\"itemscope\" itemtype=\"https:\/\/schema.org\/CreativeWork\" ><div class='avia_textblock'  itemprop=\"text\" ><h5>Mein Bike:<\/h5>\n<\/div><\/section><br \/>\n\n<style type=\"text\/css\" data-created_by=\"avia_inline_auto\" id=\"style-css-av-c5io4b-d6625a0097bd157b24cbd18d5e30c093\">\n#top .hr.hr-invisible.av-c5io4b-d6625a0097bd157b24cbd18d5e30c093{\nheight:10px;\n}\n<\/style>\n<div  class='hr av-c5io4b-d6625a0097bd157b24cbd18d5e30c093 hr-invisible  avia-builder-el-70  el_after_av_textblock  el_before_av_image '><span class='hr-inner '><span class=\"hr-inner-style\"><\/span><\/span><\/div><br \/>\n\n<style type=\"text\/css\" data-created_by=\"avia_inline_auto\" id=\"style-css-av-lfk5sp49-e80cfe74bb20743328ce8cf487cdb874\">\n.avia-image-container.av-lfk5sp49-e80cfe74bb20743328ce8cf487cdb874 img.avia_image{\nbox-shadow:none;\n}\n.avia-image-container.av-lfk5sp49-e80cfe74bb20743328ce8cf487cdb874 .av-image-caption-overlay-center{\ncolor:#ffffff;\n}\n<\/style>\n<div  class='avia-image-container av-lfk5sp49-e80cfe74bb20743328ce8cf487cdb874 av-styling- avia-align-center  avia-builder-el-71  el_after_av_hr  avia-builder-el-last '   itemprop=\"image\" itemscope=\"itemscope\" itemtype=\"https:\/\/schema.org\/ImageObject\" ><div class=\"avia-image-container-inner\"><div class=\"avia-image-overlay-wrap\"><img decoding=\"async\" fetchpriority=\"high\" class='wp-image-126 avia-img-lazy-loading-not-126 avia_image ' src=\"https:\/\/bike-baeriswil.ch\/wp-content\/uploads\/2023\/03\/Pesche_Bike.jpg\" alt='' title='Pesche_Bike'  height=\"384\" width=\"640\"  itemprop=\"thumbnailUrl\" srcset=\"https:\/\/bike-baeriswil.ch\/wp-content\/uploads\/2023\/03\/Pesche_Bike.jpg 640w, https:\/\/bike-baeriswil.ch\/wp-content\/uploads\/2023\/03\/Pesche_Bike-300x180.jpg 300w\" sizes=\"(max-width: 640px) 100vw, 640px\" \/><\/div><\/div><\/div><\/p><\/div>\n\n<style type=\"text\/css\" data-created_by=\"avia_inline_auto\" id=\"style-css-av-bz69wb-5a4208e973c742c6966afa58c777baf2\">\n.flex_column.av-bz69wb-5a4208e973c742c6966afa58c777baf2{\npadding:10px 10px 10px 10px;\nbackground-color:#384852;\n}\n<\/style>\n<div  class='flex_column av-bz69wb-5a4208e973c742c6966afa58c777baf2 av_one_third  avia-builder-el-72  el_after_av_one_third  el_before_av_one_third  flex_column_div  column-top-margin'     ><p><section  class='avia-team-member av-lfk5u4nq-f9150f5afbf070f09f6452064e6ed87d  avia-builder-el-73  el_before_av_textblock  avia-builder-el-first '  itemscope=\"itemscope\" itemtype=\"https:\/\/schema.org\/Person\" ><div class=\"team-img-container\"><img decoding=\"async\" fetchpriority=\"high\" class='wp-image-73 avia-img-lazy-loading-not-73 avia_image avia_image_team' src=\"https:\/\/bike-baeriswil.ch\/wp-content\/uploads\/2023\/03\/Baehnli-Aedu_Face.jpg\" alt='B\u00e4hnli-\u00c4du'  itemprop=\"image\"   height=\"794\" width=\"640\" srcset=\"https:\/\/bike-baeriswil.ch\/wp-content\/uploads\/2023\/03\/Baehnli-Aedu_Face.jpg 640w, https:\/\/bike-baeriswil.ch\/wp-content\/uploads\/2023\/03\/Baehnli-Aedu_Face-242x300.jpg 242w, https:\/\/bike-baeriswil.ch\/wp-content\/uploads\/2023\/03\/Baehnli-Aedu_Face-568x705.jpg 568w\" sizes=\"(max-width: 640px) 100vw, 640px\" \/><\/div><h3 class='team-member-name '  itemprop=\"name\" >B\u00e4hnli-\u00c4du<\/h3><div class='team-member-description '  itemprop=\"description\" ><p>Essen:<br \/>\nNach dem Biken Pouletfl\u00fcgeli, zu Hause was ich so finde, mit G\u00e4sten in der Gourmet-Sph\u00e4re<\/p>\n<p>Lieblings-Tour:<br \/>\nJedesmal eine neue, oder solche, welche nicht zu anstrengend sind<\/p>\n<p>Haustour:<br \/>\nKenne ich jeweils erst Dienstagsabends um 19 Uhr<\/p>\n<p>Mein Bike:<br \/>\n?<\/p>\n<\/div><span class='hidden team-member-affiliation'  itemprop=\"affiliation\" >Biketr\u00e4ff B\u00e4riswil<\/span><\/section><br \/>\n<section  class='av_textblock_section av-bsa843-1830cec5664fcd7f4ded790750d064f4 '   itemscope=\"itemscope\" itemtype=\"https:\/\/schema.org\/CreativeWork\" ><div class='avia_textblock'  itemprop=\"text\" ><h5>Mein Bike:<\/h5>\n<\/div><\/section><br \/>\n\n<style type=\"text\/css\" data-created_by=\"avia_inline_auto\" id=\"style-css-av-169837-96960f878a122649a656407a39a4b578\">\n#top .hr.hr-invisible.av-169837-96960f878a122649a656407a39a4b578{\nheight:10px;\n}\n<\/style>\n<div  class='hr av-169837-96960f878a122649a656407a39a4b578 hr-invisible  avia-builder-el-75  el_after_av_textblock  el_before_av_image '><span class='hr-inner '><span class=\"hr-inner-style\"><\/span><\/span><\/div><br \/>\n\n<style type=\"text\/css\" data-created_by=\"avia_inline_auto\" id=\"style-css-av-1556qb-9f99603f24a51a8b363f8a3b9e9404b8\">\n.avia-image-container.av-1556qb-9f99603f24a51a8b363f8a3b9e9404b8 img.avia_image{\nbox-shadow:none;\n}\n.avia-image-container.av-1556qb-9f99603f24a51a8b363f8a3b9e9404b8 .av-image-caption-overlay-center{\ncolor:#ffffff;\n}\n<\/style>\n<div  class='avia-image-container av-1556qb-9f99603f24a51a8b363f8a3b9e9404b8 av-styling- avia-align-center  avia-builder-el-76  el_after_av_hr  avia-builder-el-last '   itemprop=\"image\" itemscope=\"itemscope\" itemtype=\"https:\/\/schema.org\/ImageObject\" ><div class=\"avia-image-container-inner\"><div class=\"avia-image-overlay-wrap\"><img decoding=\"async\" fetchpriority=\"high\" class='wp-image-265 avia-img-lazy-loading-not-265 avia_image ' src=\"https:\/\/bike-baeriswil.ch\/wp-content\/uploads\/2023\/03\/Rusty-M.jpg\" alt='' title='Rusty-M'  height=\"384\" width=\"640\"  itemprop=\"thumbnailUrl\" srcset=\"https:\/\/bike-baeriswil.ch\/wp-content\/uploads\/2023\/03\/Rusty-M.jpg 640w, https:\/\/bike-baeriswil.ch\/wp-content\/uploads\/2023\/03\/Rusty-M-300x180.jpg 300w\" sizes=\"(max-width: 640px) 100vw, 640px\" \/><\/div><\/div><\/div><\/p><\/div>\n\n<style type=\"text\/css\" data-created_by=\"avia_inline_auto\" id=\"style-css-av-14kmrf-858029a4652a567082b0f618d05b1b10\">\n.flex_column.av-14kmrf-858029a4652a567082b0f618d05b1b10{\npadding:10px 10px 10px 10px;\nbackground-color:#384852;\n}\n<\/style>\n<div  class='flex_column av-14kmrf-858029a4652a567082b0f618d05b1b10 av_one_third  avia-builder-el-77  el_after_av_one_third  el_before_av_one_third  flex_column_div  column-top-margin'     ><p><section  class='avia-team-member av-lfk5v2oh-7064a9aec48b8d303fea0369a52a84c0  avia-builder-el-78  el_before_av_textblock  avia-builder-el-first '  itemscope=\"itemscope\" itemtype=\"https:\/\/schema.org\/Person\" ><div class=\"team-img-container\"><img decoding=\"async\" fetchpriority=\"high\" class='wp-image-98 avia-img-lazy-loading-not-98 avia_image avia_image_team' src=\"https:\/\/bike-baeriswil.ch\/wp-content\/uploads\/2023\/03\/Sheppi_Face.jpg\" alt='Sheppi'  itemprop=\"image\"   height=\"800\" width=\"640\" srcset=\"https:\/\/bike-baeriswil.ch\/wp-content\/uploads\/2023\/03\/Sheppi_Face.jpg 640w, https:\/\/bike-baeriswil.ch\/wp-content\/uploads\/2023\/03\/Sheppi_Face-240x300.jpg 240w, https:\/\/bike-baeriswil.ch\/wp-content\/uploads\/2023\/03\/Sheppi_Face-564x705.jpg 564w\" sizes=\"(max-width: 640px) 100vw, 640px\" \/><\/div><h3 class='team-member-name '  itemprop=\"name\" >Sheppi<\/h3><div class='team-member-description '  itemprop=\"description\" ><p>Essen:<br \/>\nZ\u00fcri Gschn\u00e4tzlets in guter Gesellschaft und einen feinen Tropfen Wein dazu<\/p>\n<p>Lieblings-Tour:<br \/>\nJede, sofern sie an einer guten Beiz vorbeif\u00fchrt<\/p>\n<p>Haustour:<br \/>\nGrauholz\/Schwarzkopf kreuz und quer<\/p>\n<p>Mein Bike:<br \/>\n?<\/p>\n<\/div><span class='hidden team-member-affiliation'  itemprop=\"affiliation\" >Biketr\u00e4ff B\u00e4riswil<\/span><\/section><br \/>\n<section  class='av_textblock_section av-b7yw6j-684655478a5c252fda9eb8ea293d90e0 '   itemscope=\"itemscope\" itemtype=\"https:\/\/schema.org\/CreativeWork\" ><div class='avia_textblock'  itemprop=\"text\" ><h5>Mein Bike:<\/h5>\n<\/div><\/section><br \/>\n\n<style type=\"text\/css\" data-created_by=\"avia_inline_auto\" id=\"style-css-av-13nbor-3624ae7035779be10df255cbbef7c8eb\">\n#top .hr.hr-invisible.av-13nbor-3624ae7035779be10df255cbbef7c8eb{\nheight:10px;\n}\n<\/style>\n<div  class='hr av-13nbor-3624ae7035779be10df255cbbef7c8eb hr-invisible  avia-builder-el-80  el_after_av_textblock  el_before_av_image '><span class='hr-inner '><span class=\"hr-inner-style\"><\/span><\/span><\/div><br \/>\n\n<style type=\"text\/css\" data-created_by=\"avia_inline_auto\" id=\"style-css-av-atbqk3-19ee1abb45f63e8e5c44e075e0f057ac\">\n.avia-image-container.av-atbqk3-19ee1abb45f63e8e5c44e075e0f057ac img.avia_image{\nbox-shadow:none;\n}\n.avia-image-container.av-atbqk3-19ee1abb45f63e8e5c44e075e0f057ac .av-image-caption-overlay-center{\ncolor:#ffffff;\n}\n<\/style>\n<div  class='avia-image-container av-atbqk3-19ee1abb45f63e8e5c44e075e0f057ac av-styling- avia-align-center  avia-builder-el-81  el_after_av_hr  avia-builder-el-last '   itemprop=\"image\" itemscope=\"itemscope\" itemtype=\"https:\/\/schema.org\/ImageObject\" ><div class=\"avia-image-container-inner\"><div class=\"avia-image-overlay-wrap\"><img decoding=\"async\" fetchpriority=\"high\" class='wp-image-265 avia-img-lazy-loading-not-265 avia_image ' src=\"https:\/\/bike-baeriswil.ch\/wp-content\/uploads\/2023\/03\/Rusty-M.jpg\" alt='' title='Rusty-M'  height=\"384\" width=\"640\"  itemprop=\"thumbnailUrl\" srcset=\"https:\/\/bike-baeriswil.ch\/wp-content\/uploads\/2023\/03\/Rusty-M.jpg 640w, https:\/\/bike-baeriswil.ch\/wp-content\/uploads\/2023\/03\/Rusty-M-300x180.jpg 300w\" sizes=\"(max-width: 640px) 100vw, 640px\" \/><\/div><\/div><\/div><\/p><\/div>\n\n<style type=\"text\/css\" data-created_by=\"avia_inline_auto\" id=\"style-css-av-amqx3f-b8953e6c3606184e6c7a969fdd10fe74\">\n.flex_column.av-amqx3f-b8953e6c3606184e6c7a969fdd10fe74{\npadding:10px 10px 10px 10px;\nbackground-color:#384852;\n}\n<\/style>\n<div  class='flex_column av-amqx3f-b8953e6c3606184e6c7a969fdd10fe74 av_one_third  avia-builder-el-82  el_after_av_one_third  el_before_av_one_third  first flex_column_div  column-top-margin'     ><p><section  class='avia-team-member av-lfk5wrgt-94012b3ddccefc530bb5294dc00e6537  avia-builder-el-83  el_before_av_textblock  avia-builder-el-first '  itemscope=\"itemscope\" itemtype=\"https:\/\/schema.org\/Person\" ><div class=\"team-img-container\"><img decoding=\"async\" fetchpriority=\"high\" class='wp-image-287 avia-img-lazy-loading-not-287 avia_image avia_image_team' src=\"https:\/\/bike-baeriswil.ch\/wp-content\/uploads\/2023\/03\/Dani_Face-1_2023.jpg\" alt='Dani'  itemprop=\"image\"   height=\"800\" width=\"639\" srcset=\"https:\/\/bike-baeriswil.ch\/wp-content\/uploads\/2023\/03\/Dani_Face-1_2023.jpg 639w, https:\/\/bike-baeriswil.ch\/wp-content\/uploads\/2023\/03\/Dani_Face-1_2023-240x300.jpg 240w, https:\/\/bike-baeriswil.ch\/wp-content\/uploads\/2023\/03\/Dani_Face-1_2023-563x705.jpg 563w\" sizes=\"(max-width: 639px) 100vw, 639px\" \/><\/div><h3 class='team-member-name '  itemprop=\"name\" >Dani<\/h3><div class='team-member-description '  itemprop=\"description\" ><p>Essen:<br \/>\nPizza aus dem eigenen Holzofen mit einem Glas Rotwein<\/p>\n<p>Lieblings-Tour:<br \/>\nMickey Mouse<\/p>\n<p>Haustour:<br \/>\nLatrejetour oder Grosse Scheidegg mit dem Rennrad<\/p>\n<p>Meine Bikes:<br \/>\n- Stoll T1<br \/>\n- OPEN WI.DE.<\/p>\n<\/div><span class='hidden team-member-affiliation'  itemprop=\"affiliation\" >Biketr\u00e4ff B\u00e4riswil<\/span><\/section><br \/>\n<section  class='av_textblock_section av-ait0ar-477452b4eaa45a547ca62eb001b82f83 '   itemscope=\"itemscope\" itemtype=\"https:\/\/schema.org\/CreativeWork\" ><div class='avia_textblock'  itemprop=\"text\" ><h5>Meine Bikes:<\/h5>\n<\/div><\/section><br \/>\n\n<style type=\"text\/css\" data-created_by=\"avia_inline_auto\" id=\"style-css-av-admr1v-7923dcee76cac60ee3aadde9061b80f1\">\n#top .hr.hr-invisible.av-admr1v-7923dcee76cac60ee3aadde9061b80f1{\nheight:10px;\n}\n<\/style>\n<div  class='hr av-admr1v-7923dcee76cac60ee3aadde9061b80f1 hr-invisible  avia-builder-el-85  el_after_av_textblock  el_before_av_image '><span class='hr-inner '><span class=\"hr-inner-style\"><\/span><\/span><\/div><br \/>\n\n<style type=\"text\/css\" data-created_by=\"avia_inline_auto\" id=\"style-css-av-10grgj-6e4418748c92fa3759f341a4b1d2be42\">\n.avia-image-container.av-10grgj-6e4418748c92fa3759f341a4b1d2be42 img.avia_image{\nbox-shadow:none;\n}\n.avia-image-container.av-10grgj-6e4418748c92fa3759f341a4b1d2be42 .av-image-caption-overlay-center{\ncolor:#ffffff;\n}\n<\/style>\n<div  class='avia-image-container av-10grgj-6e4418748c92fa3759f341a4b1d2be42 av-styling- avia-align-center  avia-builder-el-86  el_after_av_hr  el_before_av_image '   itemprop=\"image\" itemscope=\"itemscope\" itemtype=\"https:\/\/schema.org\/ImageObject\" ><div class=\"avia-image-container-inner\"><div class=\"avia-image-overlay-wrap\"><img decoding=\"async\" fetchpriority=\"high\" class='wp-image-285 avia-img-lazy-loading-not-285 avia_image ' src=\"https:\/\/bike-baeriswil.ch\/wp-content\/uploads\/2023\/03\/Dani_Bike_2023.jpg\" alt='' title='Dani_Bike_2023'  height=\"384\" width=\"640\"  itemprop=\"thumbnailUrl\" srcset=\"https:\/\/bike-baeriswil.ch\/wp-content\/uploads\/2023\/03\/Dani_Bike_2023.jpg 640w, https:\/\/bike-baeriswil.ch\/wp-content\/uploads\/2023\/03\/Dani_Bike_2023-300x180.jpg 300w\" sizes=\"(max-width: 640px) 100vw, 640px\" \/><\/div><\/div><\/div><br \/>\n\n<style type=\"text\/css\" data-created_by=\"avia_inline_auto\" id=\"style-css-av-lflitgbq-495b7f2cd18f32be36ec9a4600821d79\">\n.avia-image-container.av-lflitgbq-495b7f2cd18f32be36ec9a4600821d79 img.avia_image{\nbox-shadow:none;\n}\n.avia-image-container.av-lflitgbq-495b7f2cd18f32be36ec9a4600821d79 .av-image-caption-overlay-center{\ncolor:#ffffff;\n}\n<\/style>\n<div  class='avia-image-container av-lflitgbq-495b7f2cd18f32be36ec9a4600821d79 av-styling- avia-align-center  avia-builder-el-87  el_after_av_image  avia-builder-el-last '   itemprop=\"image\" itemscope=\"itemscope\" itemtype=\"https:\/\/schema.org\/ImageObject\" ><div class=\"avia-image-container-inner\"><div class=\"avia-image-overlay-wrap\"><img decoding=\"async\" fetchpriority=\"high\" class='wp-image-286 avia-img-lazy-loading-not-286 avia_image ' src=\"https:\/\/bike-baeriswil.ch\/wp-content\/uploads\/2023\/03\/Dani_Bike-2_2023.jpg\" alt='' title='Dani_Bike-2_2023'  height=\"384\" width=\"640\"  itemprop=\"thumbnailUrl\" srcset=\"https:\/\/bike-baeriswil.ch\/wp-content\/uploads\/2023\/03\/Dani_Bike-2_2023.jpg 640w, https:\/\/bike-baeriswil.ch\/wp-content\/uploads\/2023\/03\/Dani_Bike-2_2023-300x180.jpg 300w\" sizes=\"(max-width: 640px) 100vw, 640px\" \/><\/div><\/div><\/div><\/p><\/div>\n\n<style type=\"text\/css\" data-created_by=\"avia_inline_auto\" id=\"style-css-av-a2o8w3-8da6d9db556569dd20a0dd9fd04e2345\">\n.flex_column.av-a2o8w3-8da6d9db556569dd20a0dd9fd04e2345{\npadding:10px 10px 10px 10px;\nbackground-color:#384852;\n}\n<\/style>\n<div  class='flex_column av-a2o8w3-8da6d9db556569dd20a0dd9fd04e2345 av_one_third  avia-builder-el-88  el_after_av_one_third  el_before_av_one_third  flex_column_div  column-top-margin'     ><p><section  class='avia-team-member av-lfk5xp8d-ed737fbb26c3e9570569b317ce5f12df  avia-builder-el-89  el_before_av_textblock  avia-builder-el-first '  itemscope=\"itemscope\" itemtype=\"https:\/\/schema.org\/Person\" ><div class=\"team-img-container\"><img decoding=\"async\" fetchpriority=\"high\" class='wp-image-74 avia-img-lazy-loading-not-74 avia_image avia_image_team' src=\"https:\/\/bike-baeriswil.ch\/wp-content\/uploads\/2023\/03\/Bruenu_Face.jpg\" alt='Br\u00fcnu'  itemprop=\"image\"   height=\"800\" width=\"640\" srcset=\"https:\/\/bike-baeriswil.ch\/wp-content\/uploads\/2023\/03\/Bruenu_Face.jpg 640w, https:\/\/bike-baeriswil.ch\/wp-content\/uploads\/2023\/03\/Bruenu_Face-240x300.jpg 240w, https:\/\/bike-baeriswil.ch\/wp-content\/uploads\/2023\/03\/Bruenu_Face-564x705.jpg 564w\" sizes=\"(max-width: 640px) 100vw, 640px\" \/><\/div><h3 class='team-member-name '  itemprop=\"name\" >Br\u00fcnu<\/h3><div class='team-member-description '  itemprop=\"description\" ><p>Essen:<br \/>\nGef\u00fcllte Tomaten mit Pommes Frites<\/p>\n<p>Lieblings-Tour:<br \/>\nAdelboden - Chuenisb\u00e4rgli - B\u00fctschital - Hahnenmoos - Sillerenb\u00fchl - Adelboden<\/p>\n<p>Haustour:<br \/>\nBantiger via Schwarzkopf<\/p>\n<p>Mein Bike:<br \/>\n?<\/p>\n<\/div><span class='hidden team-member-affiliation'  itemprop=\"affiliation\" >Biketr\u00e4ff B\u00e4riswil<\/span><\/section><br \/>\n<section  class='av_textblock_section av-9t4y3f-c8cf50abe5174f838ad2c07ac652061d '   itemscope=\"itemscope\" itemtype=\"https:\/\/schema.org\/CreativeWork\" ><div class='avia_textblock'  itemprop=\"text\" ><h5>Mein Bike:<\/h5>\n<\/div><\/section><br \/>\n\n<style type=\"text\/css\" data-created_by=\"avia_inline_auto\" id=\"style-css-av-9pzne3-a06a5cdcb7e6566cfbe34da5a4998b82\">\n#top .hr.hr-invisible.av-9pzne3-a06a5cdcb7e6566cfbe34da5a4998b82{\nheight:10px;\n}\n<\/style>\n<div  class='hr av-9pzne3-a06a5cdcb7e6566cfbe34da5a4998b82 hr-invisible  avia-builder-el-91  el_after_av_textblock  el_before_av_image '><span class='hr-inner '><span class=\"hr-inner-style\"><\/span><\/span><\/div><br \/>\n\n<style type=\"text\/css\" data-created_by=\"avia_inline_auto\" id=\"style-css-av-y8ceb-f4ed169fe79dd23c9d1795b5a139ad84\">\n.avia-image-container.av-y8ceb-f4ed169fe79dd23c9d1795b5a139ad84 img.avia_image{\nbox-shadow:none;\n}\n.avia-image-container.av-y8ceb-f4ed169fe79dd23c9d1795b5a139ad84 .av-image-caption-overlay-center{\ncolor:#ffffff;\n}\n<\/style>\n<div  class='avia-image-container av-y8ceb-f4ed169fe79dd23c9d1795b5a139ad84 av-styling- avia-align-center  avia-builder-el-92  el_after_av_hr  avia-builder-el-last '   itemprop=\"image\" itemscope=\"itemscope\" itemtype=\"https:\/\/schema.org\/ImageObject\" ><div class=\"avia-image-container-inner\"><div class=\"avia-image-overlay-wrap\"><img decoding=\"async\" fetchpriority=\"high\" class='wp-image-265 avia-img-lazy-loading-not-265 avia_image ' src=\"https:\/\/bike-baeriswil.ch\/wp-content\/uploads\/2023\/03\/Rusty-M.jpg\" alt='' title='Rusty-M'  height=\"384\" width=\"640\"  itemprop=\"thumbnailUrl\" srcset=\"https:\/\/bike-baeriswil.ch\/wp-content\/uploads\/2023\/03\/Rusty-M.jpg 640w, https:\/\/bike-baeriswil.ch\/wp-content\/uploads\/2023\/03\/Rusty-M-300x180.jpg 300w\" sizes=\"(max-width: 640px) 100vw, 640px\" \/><\/div><\/div><\/div><\/p><\/div>\n\n<style type=\"text\/css\" data-created_by=\"avia_inline_auto\" id=\"style-css-av-9d3897-e799351af1228dc44f7ce157b6e4f10e\">\n.flex_column.av-9d3897-e799351af1228dc44f7ce157b6e4f10e{\npadding:10px 10px 10px 10px;\nbackground-color:#384852;\n}\n<\/style>\n<div  class='flex_column av-9d3897-e799351af1228dc44f7ce157b6e4f10e av_one_third  avia-builder-el-93  el_after_av_one_third  el_before_av_one_third  flex_column_div  column-top-margin'     ><p><section  class='avia-team-member av-lfk5yjmq-179d22834c7082888277fdff98d59bbf  avia-builder-el-94  el_before_av_textblock  avia-builder-el-first '  itemscope=\"itemscope\" itemtype=\"https:\/\/schema.org\/Person\" ><div class=\"team-img-container\"><img decoding=\"async\" fetchpriority=\"high\" class='wp-image-80 avia-img-lazy-loading-not-80 avia_image avia_image_team' src=\"https:\/\/bike-baeriswil.ch\/wp-content\/uploads\/2023\/03\/Joachim_Face.jpg\" alt='Joachim'  itemprop=\"image\"   height=\"800\" width=\"640\" srcset=\"https:\/\/bike-baeriswil.ch\/wp-content\/uploads\/2023\/03\/Joachim_Face.jpg 640w, https:\/\/bike-baeriswil.ch\/wp-content\/uploads\/2023\/03\/Joachim_Face-240x300.jpg 240w, https:\/\/bike-baeriswil.ch\/wp-content\/uploads\/2023\/03\/Joachim_Face-564x705.jpg 564w\" sizes=\"(max-width: 640px) 100vw, 640px\" \/><\/div><h3 class='team-member-name '  itemprop=\"name\" >Joachim<\/h3><div class='team-member-description '  itemprop=\"description\" ><p>Essen:<br \/>\nK\u00e4ssp\u00e4tzle mit gr\u00fcnem Salat und einem Weissbier von Fl\u00e4tzlinger Br\u00e4u<\/p>\n<p>Lieblings-Tour:<br \/>\nAlles was Flow hat<\/p>\n<p>Haustour:<br \/>\nMeiringen - Grosse Scheidegg mit dem RR, Kleine Scheidegg - Lauterbrunnen mit dem Bike<\/p>\n<p>Mein Bike:<br \/>\n?<\/p>\n<\/div><span class='hidden team-member-affiliation'  itemprop=\"affiliation\" >Biketr\u00e4ff B\u00e4riswil<\/span><\/section><br \/>\n<section  class='av_textblock_section av-96jw17-455dbd9cbea37ee4d48cbd1f1113794e '   itemscope=\"itemscope\" itemtype=\"https:\/\/schema.org\/CreativeWork\" ><div class='avia_textblock'  itemprop=\"text\" ><h5>Mein Bike:<\/h5>\n<\/div><\/section><br \/>\n\n<style type=\"text\/css\" data-created_by=\"avia_inline_auto\" id=\"style-css-av-91cmir-adc493966f813cd38979f58f6dfaa36d\">\n#top .hr.hr-invisible.av-91cmir-adc493966f813cd38979f58f6dfaa36d{\nheight:10px;\n}\n<\/style>\n<div  class='hr av-91cmir-adc493966f813cd38979f58f6dfaa36d hr-invisible  avia-builder-el-96  el_after_av_textblock  el_before_av_image '><span class='hr-inner '><span class=\"hr-inner-style\"><\/span><\/span><\/div><br \/>\n\n<style type=\"text\/css\" data-created_by=\"avia_inline_auto\" id=\"style-css-av-8wx1x7-5ee1038e9de6887c65b1232e10a3344d\">\n.avia-image-container.av-8wx1x7-5ee1038e9de6887c65b1232e10a3344d img.avia_image{\nbox-shadow:none;\n}\n.avia-image-container.av-8wx1x7-5ee1038e9de6887c65b1232e10a3344d .av-image-caption-overlay-center{\ncolor:#ffffff;\n}\n<\/style>\n<div  class='avia-image-container av-8wx1x7-5ee1038e9de6887c65b1232e10a3344d av-styling- avia-align-center  avia-builder-el-97  el_after_av_hr  avia-builder-el-last '   itemprop=\"image\" itemscope=\"itemscope\" itemtype=\"https:\/\/schema.org\/ImageObject\" ><div class=\"avia-image-container-inner\"><div class=\"avia-image-overlay-wrap\"><img decoding=\"async\" fetchpriority=\"high\" class='wp-image-265 avia-img-lazy-loading-not-265 avia_image ' src=\"https:\/\/bike-baeriswil.ch\/wp-content\/uploads\/2023\/03\/Rusty-M.jpg\" alt='' title='Rusty-M'  height=\"384\" width=\"640\"  itemprop=\"thumbnailUrl\" srcset=\"https:\/\/bike-baeriswil.ch\/wp-content\/uploads\/2023\/03\/Rusty-M.jpg 640w, https:\/\/bike-baeriswil.ch\/wp-content\/uploads\/2023\/03\/Rusty-M-300x180.jpg 300w\" sizes=\"(max-width: 640px) 100vw, 640px\" \/><\/div><\/div><\/div><\/p><\/div>\n\n<style type=\"text\/css\" data-created_by=\"avia_inline_auto\" id=\"style-css-av-8qg1sz-3bf0d04d1456f89dc73ec85a7a8bf643\">\n.flex_column.av-8qg1sz-3bf0d04d1456f89dc73ec85a7a8bf643{\npadding:10px 10px 10px 10px;\nbackground-color:#384852;\n}\n<\/style>\n<div  class='flex_column av-8qg1sz-3bf0d04d1456f89dc73ec85a7a8bf643 av_one_third  avia-builder-el-98  el_after_av_one_third  el_before_av_one_third  first flex_column_div  column-top-margin'     ><p><section  class='avia-team-member av-lfk5zfna-5891d9c05c5fc34dbf8f559b571a027f  avia-builder-el-99  el_before_av_textblock  avia-builder-el-first '  itemscope=\"itemscope\" itemtype=\"https:\/\/schema.org\/Person\" ><div class=\"team-img-container\"><img decoding=\"async\" fetchpriority=\"high\" class='wp-image-1861 avia-img-lazy-loading-not-1861 avia_image avia_image_team' src=\"https:\/\/bike-baeriswil.ch\/wp-content\/uploads\/2026\/02\/Tom-Face_2026-scaled.jpg\" alt='Tom'  itemprop=\"image\"   height=\"2560\" width=\"2048\" srcset=\"https:\/\/bike-baeriswil.ch\/wp-content\/uploads\/2026\/02\/Tom-Face_2026-scaled.jpg 2048w, https:\/\/bike-baeriswil.ch\/wp-content\/uploads\/2026\/02\/Tom-Face_2026-240x300.jpg 240w, https:\/\/bike-baeriswil.ch\/wp-content\/uploads\/2026\/02\/Tom-Face_2026-824x1030.jpg 824w, https:\/\/bike-baeriswil.ch\/wp-content\/uploads\/2026\/02\/Tom-Face_2026-768x960.jpg 768w, https:\/\/bike-baeriswil.ch\/wp-content\/uploads\/2026\/02\/Tom-Face_2026-1229x1536.jpg 1229w, https:\/\/bike-baeriswil.ch\/wp-content\/uploads\/2026\/02\/Tom-Face_2026-1638x2048.jpg 1638w, https:\/\/bike-baeriswil.ch\/wp-content\/uploads\/2026\/02\/Tom-Face_2026-1200x1500.jpg 1200w, https:\/\/bike-baeriswil.ch\/wp-content\/uploads\/2026\/02\/Tom-Face_2026-564x705.jpg 564w\" sizes=\"(max-width: 2048px) 100vw, 2048px\" \/><\/div><h3 class='team-member-name '  itemprop=\"name\" >Tom<\/h3><div class='team-member-description '  itemprop=\"description\" ><p>Essen:<br \/>\nAues ufem Grill, Minimum 250 gr.<\/p>\n<p>Lieblings-Tour:<br \/>\n\u00fcberau, Houptsach i dr Natur u Single Trails<\/p>\n<p>Haustour:<br \/>\nBantiger, Schwarzchopf<\/p>\n<p>Mein Bike:<br \/>\nRagley Big Wig - Steel is real!<br \/>\nLieber Fahren als Schrauben \ud83d\ude42<\/p>\n<\/div><span class='hidden team-member-affiliation'  itemprop=\"affiliation\" >Biketr\u00e4ff B\u00e4riswil<\/span><\/section><br \/>\n<section  class='av_textblock_section av-8hybmr-b5b05f57b78ed19ba776a8f3003a4393 '   itemscope=\"itemscope\" itemtype=\"https:\/\/schema.org\/CreativeWork\" ><div class='avia_textblock'  itemprop=\"text\" ><h5>Mein Bike:<\/h5>\n<\/div><\/section><br \/>\n\n<style type=\"text\/css\" data-created_by=\"avia_inline_auto\" id=\"style-css-av-8flzd7-1434cf505f32c2ec5516b6fceae9a2bd\">\n#top .hr.hr-invisible.av-8flzd7-1434cf505f32c2ec5516b6fceae9a2bd{\nheight:10px;\n}\n<\/style>\n<div  class='hr av-8flzd7-1434cf505f32c2ec5516b6fceae9a2bd hr-invisible  avia-builder-el-101  el_after_av_textblock  el_before_av_image '><span class='hr-inner '><span class=\"hr-inner-style\"><\/span><\/span><\/div><br \/>\n\n<style type=\"text\/css\" data-created_by=\"avia_inline_auto\" id=\"style-css-av-86gpyz-b2d7b1c47ac0ecabb07f79ccb5ff4f63\">\n.avia-image-container.av-86gpyz-b2d7b1c47ac0ecabb07f79ccb5ff4f63 img.avia_image{\nbox-shadow:none;\n}\n.avia-image-container.av-86gpyz-b2d7b1c47ac0ecabb07f79ccb5ff4f63 .av-image-caption-overlay-center{\ncolor:#ffffff;\n}\n<\/style>\n<div  class='avia-image-container av-86gpyz-b2d7b1c47ac0ecabb07f79ccb5ff4f63 av-styling- avia-align-center  avia-builder-el-102  el_after_av_hr  avia-builder-el-last '   itemprop=\"image\" itemscope=\"itemscope\" itemtype=\"https:\/\/schema.org\/ImageObject\" ><div class=\"avia-image-container-inner\"><div class=\"avia-image-overlay-wrap\"><img decoding=\"async\" fetchpriority=\"high\" class='wp-image-1862 avia-img-lazy-loading-not-1862 avia_image ' src=\"https:\/\/bike-baeriswil.ch\/wp-content\/uploads\/2026\/02\/Tom-Bike_2026-scaled.jpg\" alt='' title='Tom-Bike_2026'  height=\"1536\" width=\"2560\"  itemprop=\"thumbnailUrl\" srcset=\"https:\/\/bike-baeriswil.ch\/wp-content\/uploads\/2026\/02\/Tom-Bike_2026-scaled.jpg 2560w, https:\/\/bike-baeriswil.ch\/wp-content\/uploads\/2026\/02\/Tom-Bike_2026-300x180.jpg 300w, https:\/\/bike-baeriswil.ch\/wp-content\/uploads\/2026\/02\/Tom-Bike_2026-1030x618.jpg 1030w, https:\/\/bike-baeriswil.ch\/wp-content\/uploads\/2026\/02\/Tom-Bike_2026-768x461.jpg 768w, https:\/\/bike-baeriswil.ch\/wp-content\/uploads\/2026\/02\/Tom-Bike_2026-1536x922.jpg 1536w, https:\/\/bike-baeriswil.ch\/wp-content\/uploads\/2026\/02\/Tom-Bike_2026-2048x1229.jpg 2048w, https:\/\/bike-baeriswil.ch\/wp-content\/uploads\/2026\/02\/Tom-Bike_2026-1500x900.jpg 1500w, https:\/\/bike-baeriswil.ch\/wp-content\/uploads\/2026\/02\/Tom-Bike_2026-705x423.jpg 705w\" sizes=\"(max-width: 2560px) 100vw, 2560px\" \/><\/div><\/div><\/div><\/p><\/div>\n<style type=\"text\/css\" data-created_by=\"avia_inline_auto\" id=\"style-css-av-81ejbv-9cd3b29502e469505c7e0d2c5827a7af\">\n.flex_column.av-81ejbv-9cd3b29502e469505c7e0d2c5827a7af{\npadding:10px 10px 10px 10px;\nbackground-color:#384852;\n}\n<\/style>\n<div  class='flex_column av-81ejbv-9cd3b29502e469505c7e0d2c5827a7af av_one_third  avia-builder-el-103  el_after_av_one_third  el_before_av_one_third  flex_column_div  column-top-margin'     ><p><section  class='avia-team-member av-lfk60qxg-99c9002b15cb467694f2c7d2004e7020  avia-builder-el-104  el_before_av_textblock  avia-builder-el-first '  itemscope=\"itemscope\" itemtype=\"https:\/\/schema.org\/Person\" ><div class=\"team-img-container\"><img decoding=\"async\" fetchpriority=\"high\" class='wp-image-84 avia-img-lazy-loading-not-84 avia_image avia_image_team' src=\"https:\/\/bike-baeriswil.ch\/wp-content\/uploads\/2023\/03\/Kuese_Face.jpg\" alt='K\u00fcse'  itemprop=\"image\"   height=\"800\" width=\"640\" srcset=\"https:\/\/bike-baeriswil.ch\/wp-content\/uploads\/2023\/03\/Kuese_Face.jpg 640w, https:\/\/bike-baeriswil.ch\/wp-content\/uploads\/2023\/03\/Kuese_Face-240x300.jpg 240w, https:\/\/bike-baeriswil.ch\/wp-content\/uploads\/2023\/03\/Kuese_Face-564x705.jpg 564w\" sizes=\"(max-width: 640px) 100vw, 640px\" \/><\/div><h3 class='team-member-name '  itemprop=\"name\" >K\u00fcse<\/h3><div class='team-member-description '  itemprop=\"description\" ><p>Essen:<br \/>\nPowerm\u00fcesli<\/p>\n<p>Lieblings-Tour:<br \/>\nDer Weg ist das Ziel; Am liebsten im Wallis<\/p>\n<p>Haustour:<br \/>\n- G\u00fctsch-Howacht<br \/>\n- Roggenflue-Wannenflue<\/p>\n<p>Mein Bike:<br \/>\nKOBA Trailtool V2<\/p>\n<\/div><span class='hidden team-member-affiliation'  itemprop=\"affiliation\" >Biketr\u00e4ff B\u00e4riswil<\/span><\/section><br \/>\n<section  class='av_textblock_section av-7toi2j-b42f0da01affff9340d73f7d13485cd5 '   itemscope=\"itemscope\" itemtype=\"https:\/\/schema.org\/CreativeWork\" ><div class='avia_textblock'  itemprop=\"text\" ><h5>Mein Bike:<\/h5>\n<\/div><\/section><br \/>\n\n<style type=\"text\/css\" data-created_by=\"avia_inline_auto\" id=\"style-css-av-7r3gj7-3fc560df39c31cfb32aaf8e9fe8a7909\">\n#top .hr.hr-invisible.av-7r3gj7-3fc560df39c31cfb32aaf8e9fe8a7909{\nheight:10px;\n}\n<\/style>\n<div  class='hr av-7r3gj7-3fc560df39c31cfb32aaf8e9fe8a7909 hr-invisible  avia-builder-el-106  el_after_av_textblock  el_before_av_image '><span class='hr-inner '><span class=\"hr-inner-style\"><\/span><\/span><\/div><br \/>\n\n<style type=\"text\/css\" data-created_by=\"avia_inline_auto\" id=\"style-css-av-lfk61xue-81ea825ff212e7bbc09bdc661ed0dce9\">\n.avia-image-container.av-lfk61xue-81ea825ff212e7bbc09bdc661ed0dce9 img.avia_image{\nbox-shadow:none;\n}\n.avia-image-container.av-lfk61xue-81ea825ff212e7bbc09bdc661ed0dce9 .av-image-caption-overlay-center{\ncolor:#ffffff;\n}\n<\/style>\n<div  class='avia-image-container av-lfk61xue-81ea825ff212e7bbc09bdc661ed0dce9 av-styling- avia-align-center  avia-builder-el-107  el_after_av_hr  avia-builder-el-last '   itemprop=\"image\" itemscope=\"itemscope\" itemtype=\"https:\/\/schema.org\/ImageObject\" ><div class=\"avia-image-container-inner\"><div class=\"avia-image-overlay-wrap\"><img decoding=\"async\" fetchpriority=\"high\" class='wp-image-1516 avia-img-lazy-loading-not-1516 avia_image ' src=\"https:\/\/bike-baeriswil.ch\/wp-content\/uploads\/2025\/01\/Kuese_Bike-MTBc.jpg\" alt='' title='K\u00fcse_Bike-MTBc'  height=\"1250\" width=\"2016\"  itemprop=\"thumbnailUrl\" srcset=\"https:\/\/bike-baeriswil.ch\/wp-content\/uploads\/2025\/01\/Kuese_Bike-MTBc.jpg 2016w, https:\/\/bike-baeriswil.ch\/wp-content\/uploads\/2025\/01\/Kuese_Bike-MTBc-300x186.jpg 300w, https:\/\/bike-baeriswil.ch\/wp-content\/uploads\/2025\/01\/Kuese_Bike-MTBc-1030x639.jpg 1030w, https:\/\/bike-baeriswil.ch\/wp-content\/uploads\/2025\/01\/Kuese_Bike-MTBc-768x476.jpg 768w, https:\/\/bike-baeriswil.ch\/wp-content\/uploads\/2025\/01\/Kuese_Bike-MTBc-1536x952.jpg 1536w, https:\/\/bike-baeriswil.ch\/wp-content\/uploads\/2025\/01\/Kuese_Bike-MTBc-1500x930.jpg 1500w, https:\/\/bike-baeriswil.ch\/wp-content\/uploads\/2025\/01\/Kuese_Bike-MTBc-705x437.jpg 705w\" sizes=\"(max-width: 2016px) 100vw, 2016px\" \/><\/div><\/div><\/div><\/p><\/div><\/p>\n\n<style type=\"text\/css\" data-created_by=\"avia_inline_auto\" id=\"style-css-av-7iv3jv-0b812f17f4be549920433475b7d568b7\">\n.flex_column.av-7iv3jv-0b812f17f4be549920433475b7d568b7{\npadding:10px 10px 10px 10px;\nbackground-color:#384852;\n}\n<\/style>\n<div  class='flex_column av-7iv3jv-0b812f17f4be549920433475b7d568b7 av_one_third  avia-builder-el-108  el_after_av_one_third  el_before_av_one_third  flex_column_div  column-top-margin'     ><p><section  class='avia-team-member av-lfk62wmw-44fafd4d61317574a11880cededfe062  avia-builder-el-109  el_before_av_textblock  avia-builder-el-first '  itemscope=\"itemscope\" itemtype=\"https:\/\/schema.org\/Person\" ><div class=\"team-img-container\"><img decoding=\"async\" fetchpriority=\"high\" class='wp-image-72 avia-img-lazy-loading-not-72 avia_image avia_image_team' src=\"https:\/\/bike-baeriswil.ch\/wp-content\/uploads\/2023\/03\/Aendu_Face.jpg\" alt='\u00c4ndu'  itemprop=\"image\"   height=\"800\" width=\"640\" srcset=\"https:\/\/bike-baeriswil.ch\/wp-content\/uploads\/2023\/03\/Aendu_Face.jpg 640w, https:\/\/bike-baeriswil.ch\/wp-content\/uploads\/2023\/03\/Aendu_Face-240x300.jpg 240w, https:\/\/bike-baeriswil.ch\/wp-content\/uploads\/2023\/03\/Aendu_Face-564x705.jpg 564w\" sizes=\"(max-width: 640px) 100vw, 640px\" \/><\/div><h3 class='team-member-name '  itemprop=\"name\" >\u00c4ndu<\/h3><div class='team-member-description '  itemprop=\"description\" ><p>Essen:<br \/>\nS\u00fcdeurop\u00e4ische und Asiatische K\u00fcche. Ab und zu ein Bier oder einen guten Tropfen Wein.<\/p>\n<p>Lieblings-Tour:<br \/>\nCH: Wallis-Jura-Berner Oberland-Emmental; IT: Vinschgau-Toskana; TR: Taurusgebirge<\/p>\n<p>Haustour:<br \/>\nBantiger-Schwarzchopf-Gurten-Dentenberg-Moosegg-M\u00e4nziwilegg<\/p>\n<p>Mein Bike:<br \/>\nCayon Nerve AM8<\/p>\n<\/div><span class='hidden team-member-affiliation'  itemprop=\"affiliation\" >Biketr\u00e4ff B\u00e4riswil<\/span><\/section><br \/>\n<section  class='av_textblock_section av-7fjyyz-b271495face0369c73807b976b7cd1b9 '   itemscope=\"itemscope\" itemtype=\"https:\/\/schema.org\/CreativeWork\" ><div class='avia_textblock'  itemprop=\"text\" ><h5>Mein Bike:<\/h5>\n<\/div><\/section><br \/>\n\n<style type=\"text\/css\" data-created_by=\"avia_inline_auto\" id=\"style-css-av-79pnzf-155de8691b65e7e10ea1f4aa18519101\">\n#top .hr.hr-invisible.av-79pnzf-155de8691b65e7e10ea1f4aa18519101{\nheight:10px;\n}\n<\/style>\n<div  class='hr av-79pnzf-155de8691b65e7e10ea1f4aa18519101 hr-invisible  avia-builder-el-111  el_after_av_textblock  el_before_av_image '><span class='hr-inner '><span class=\"hr-inner-style\"><\/span><\/span><\/div><br \/>\n\n<style type=\"text\/css\" data-created_by=\"avia_inline_auto\" id=\"style-css-av-lfk637cz-68763c8194e170e3f06e4e351d10a79e\">\n.avia-image-container.av-lfk637cz-68763c8194e170e3f06e4e351d10a79e img.avia_image{\nbox-shadow:none;\n}\n.avia-image-container.av-lfk637cz-68763c8194e170e3f06e4e351d10a79e .av-image-caption-overlay-center{\ncolor:#ffffff;\n}\n<\/style>\n<div  class='avia-image-container av-lfk637cz-68763c8194e170e3f06e4e351d10a79e av-styling- avia-align-center  avia-builder-el-112  el_after_av_hr  avia-builder-el-last '   itemprop=\"image\" itemscope=\"itemscope\" itemtype=\"https:\/\/schema.org\/ImageObject\" ><div class=\"avia-image-container-inner\"><div class=\"avia-image-overlay-wrap\"><img decoding=\"async\" fetchpriority=\"high\" class='wp-image-105 avia-img-lazy-loading-not-105 avia_image ' src=\"https:\/\/bike-baeriswil.ch\/wp-content\/uploads\/2023\/03\/Aendu_Bike.jpg\" alt='' title='\u00c4ndu_Bike'  height=\"384\" width=\"640\"  itemprop=\"thumbnailUrl\" srcset=\"https:\/\/bike-baeriswil.ch\/wp-content\/uploads\/2023\/03\/Aendu_Bike.jpg 640w, https:\/\/bike-baeriswil.ch\/wp-content\/uploads\/2023\/03\/Aendu_Bike-300x180.jpg 300w\" sizes=\"(max-width: 640px) 100vw, 640px\" \/><\/div><\/div><\/div><\/p><\/div>\n\n<style type=\"text\/css\" data-created_by=\"avia_inline_auto\" id=\"style-css-av-6zsltf-ef0f96dee77a21afa580c2ba8043cc0a\">\n.flex_column.av-6zsltf-ef0f96dee77a21afa580c2ba8043cc0a{\npadding:10px 10px 10px 10px;\nbackground-color:#384852;\n}\n<\/style>\n<div  class='flex_column av-6zsltf-ef0f96dee77a21afa580c2ba8043cc0a av_one_third  avia-builder-el-113  el_after_av_one_third  el_before_av_one_third  first flex_column_div  column-top-margin'     ><p><section  class='avia-team-member av-lfk6446a-250cce188bfa7d988b67c7611eec6938  avia-builder-el-114  el_before_av_textblock  avia-builder-el-first '  itemscope=\"itemscope\" itemtype=\"https:\/\/schema.org\/Person\" ><div class=\"team-img-container\"><img decoding=\"async\" fetchpriority=\"high\" class='wp-image-79 avia-img-lazy-loading-not-79 avia_image avia_image_team' src=\"https:\/\/bike-baeriswil.ch\/wp-content\/uploads\/2023\/03\/Hoerbi_Face.jpg\" alt='H\u00f6rbi'  itemprop=\"image\"   height=\"800\" width=\"640\" srcset=\"https:\/\/bike-baeriswil.ch\/wp-content\/uploads\/2023\/03\/Hoerbi_Face.jpg 640w, https:\/\/bike-baeriswil.ch\/wp-content\/uploads\/2023\/03\/Hoerbi_Face-240x300.jpg 240w, https:\/\/bike-baeriswil.ch\/wp-content\/uploads\/2023\/03\/Hoerbi_Face-564x705.jpg 564w\" sizes=\"(max-width: 640px) 100vw, 640px\" \/><\/div><h3 class='team-member-name '  itemprop=\"name\" >H\u00f6rbi<\/h3><div class='team-member-description '  itemprop=\"description\" ><p>Essen:<br \/>\n?<\/p>\n<p>Lieblings-Tour:<br \/>\n?<\/p>\n<p>Haustour:<br \/>\n?<\/p>\n<p>Mein Bike:<br \/>\n?<\/p>\n<\/div><span class='hidden team-member-affiliation'  itemprop=\"affiliation\" >Biketr\u00e4ff B\u00e4riswil<\/span><\/section><br \/>\n<section  class='av_textblock_section av-6thhw3-2b3666f47eea291972d7ea64e62b37c6 '   itemscope=\"itemscope\" itemtype=\"https:\/\/schema.org\/CreativeWork\" ><div class='avia_textblock'  itemprop=\"text\" ><h5>Mein Bike:<\/h5>\n<\/div><\/section><br \/>\n\n<style type=\"text\/css\" data-created_by=\"avia_inline_auto\" id=\"style-css-av-6ns6or-f6e55cca1cfa75e02f9efdff05781fe2\">\n#top .hr.hr-invisible.av-6ns6or-f6e55cca1cfa75e02f9efdff05781fe2{\nheight:10px;\n}\n<\/style>\n<div  class='hr av-6ns6or-f6e55cca1cfa75e02f9efdff05781fe2 hr-invisible  avia-builder-el-116  el_after_av_textblock  el_before_av_image '><span class='hr-inner '><span class=\"hr-inner-style\"><\/span><\/span><\/div><br \/>\n\n<style type=\"text\/css\" data-created_by=\"avia_inline_auto\" id=\"style-css-av-6i0037-8836c376777c006d10a9a9d942545b96\">\n.avia-image-container.av-6i0037-8836c376777c006d10a9a9d942545b96 img.avia_image{\nbox-shadow:none;\n}\n.avia-image-container.av-6i0037-8836c376777c006d10a9a9d942545b96 .av-image-caption-overlay-center{\ncolor:#ffffff;\n}\n<\/style>\n<div  class='avia-image-container av-6i0037-8836c376777c006d10a9a9d942545b96 av-styling- avia-align-center  avia-builder-el-117  el_after_av_hr  avia-builder-el-last '   itemprop=\"image\" itemscope=\"itemscope\" itemtype=\"https:\/\/schema.org\/ImageObject\" ><div class=\"avia-image-container-inner\"><div class=\"avia-image-overlay-wrap\"><img decoding=\"async\" fetchpriority=\"high\" class='wp-image-265 avia-img-lazy-loading-not-265 avia_image ' src=\"https:\/\/bike-baeriswil.ch\/wp-content\/uploads\/2023\/03\/Rusty-M.jpg\" alt='' title='Rusty-M'  height=\"384\" width=\"640\"  itemprop=\"thumbnailUrl\" srcset=\"https:\/\/bike-baeriswil.ch\/wp-content\/uploads\/2023\/03\/Rusty-M.jpg 640w, https:\/\/bike-baeriswil.ch\/wp-content\/uploads\/2023\/03\/Rusty-M-300x180.jpg 300w\" sizes=\"(max-width: 640px) 100vw, 640px\" \/><\/div><\/div><\/div><\/p><\/div>\n\n<style type=\"text\/css\" data-created_by=\"avia_inline_auto\" id=\"style-css-av-6b2vq3-f737a08a3fc6751fd1be3106c2a1ca45\">\n.flex_column.av-6b2vq3-f737a08a3fc6751fd1be3106c2a1ca45{\npadding:10px 10px 10px 10px;\nbackground-color:#384852;\n}\n<\/style>\n<div  class='flex_column av-6b2vq3-f737a08a3fc6751fd1be3106c2a1ca45 av_one_third  avia-builder-el-118  el_after_av_one_third  el_before_av_one_third  flex_column_div  column-top-margin'     ><p><section  class='avia-team-member av-lfk6573d-02da193de65ac2c58621a8c2a243365d  avia-builder-el-119  el_before_av_textblock  avia-builder-el-first '  itemscope=\"itemscope\" itemtype=\"https:\/\/schema.org\/Person\" ><div class=\"team-img-container\"><img decoding=\"async\" fetchpriority=\"high\" class='wp-image-86 avia-img-lazy-loading-not-86 avia_image avia_image_team' src=\"https:\/\/bike-baeriswil.ch\/wp-content\/uploads\/2023\/03\/Maja_Face.jpg\" alt='Maja'  itemprop=\"image\"   height=\"800\" width=\"640\" srcset=\"https:\/\/bike-baeriswil.ch\/wp-content\/uploads\/2023\/03\/Maja_Face.jpg 640w, https:\/\/bike-baeriswil.ch\/wp-content\/uploads\/2023\/03\/Maja_Face-240x300.jpg 240w, https:\/\/bike-baeriswil.ch\/wp-content\/uploads\/2023\/03\/Maja_Face-564x705.jpg 564w\" sizes=\"(max-width: 640px) 100vw, 640px\" \/><\/div><h3 class='team-member-name '  itemprop=\"name\" >Maja<\/h3><div class='team-member-description '  itemprop=\"description\" ><p>Essen:<br \/>\nIsostar Fruit Boost \ud83d\ude09<\/p>\n<p>Lieblings-Tour:<br \/>\nNiesensattel<\/p>\n<p>Haustour:<br \/>\nSchwarzchopf, Bantiger<\/p>\n<p>Mein Bike:<br \/>\nTh\u00f6mus Lightrider CL AM Pro<\/p>\n<\/div><span class='hidden team-member-affiliation'  itemprop=\"affiliation\" >Biketr\u00e4ff B\u00e4riswil<\/span><\/section><br \/>\n<section  class='av_textblock_section av-me1y3-7d752666e1cfe7031b22eb05837e0606 '   itemscope=\"itemscope\" itemtype=\"https:\/\/schema.org\/CreativeWork\" ><div class='avia_textblock'  itemprop=\"text\" ><h5>Mein Bike:<\/h5>\n<\/div><\/section><br \/>\n\n<style type=\"text\/css\" data-created_by=\"avia_inline_auto\" id=\"style-css-av-61xfdv-3c7656219c499efb413e379f8daa9c58\">\n#top .hr.hr-invisible.av-61xfdv-3c7656219c499efb413e379f8daa9c58{\nheight:10px;\n}\n<\/style>\n<div  class='hr av-61xfdv-3c7656219c499efb413e379f8daa9c58 hr-invisible  avia-builder-el-121  el_after_av_textblock  el_before_av_image '><span class='hr-inner '><span class=\"hr-inner-style\"><\/span><\/span><\/div><br \/>\n\n<style type=\"text\/css\" data-created_by=\"avia_inline_auto\" id=\"style-css-av-lfk65il1-870f3209d97578cf55ca0abc7d16e44c\">\n.avia-image-container.av-lfk65il1-870f3209d97578cf55ca0abc7d16e44c img.avia_image{\nbox-shadow:none;\n}\n.avia-image-container.av-lfk65il1-870f3209d97578cf55ca0abc7d16e44c .av-image-caption-overlay-center{\ncolor:#ffffff;\n}\n<\/style>\n<div  class='avia-image-container av-lfk65il1-870f3209d97578cf55ca0abc7d16e44c av-styling- avia-align-center  avia-builder-el-122  el_after_av_hr  avia-builder-el-last '   itemprop=\"image\" itemscope=\"itemscope\" itemtype=\"https:\/\/schema.org\/ImageObject\" ><div class=\"avia-image-container-inner\"><div class=\"avia-image-overlay-wrap\"><img decoding=\"async\" fetchpriority=\"high\" class='wp-image-119 avia-img-lazy-loading-not-119 avia_image ' src=\"https:\/\/bike-baeriswil.ch\/wp-content\/uploads\/2023\/03\/Maja_Bike.jpg\" alt='' title='Maja_Bike'  height=\"384\" width=\"640\"  itemprop=\"thumbnailUrl\" srcset=\"https:\/\/bike-baeriswil.ch\/wp-content\/uploads\/2023\/03\/Maja_Bike.jpg 640w, https:\/\/bike-baeriswil.ch\/wp-content\/uploads\/2023\/03\/Maja_Bike-300x180.jpg 300w\" sizes=\"(max-width: 640px) 100vw, 640px\" \/><\/div><\/div><\/div><\/p><\/div>\n\n<style type=\"text\/css\" data-created_by=\"avia_inline_auto\" id=\"style-css-av-5umbxn-70a355b90249dea40ab76671f0f09673\">\n.flex_column.av-5umbxn-70a355b90249dea40ab76671f0f09673{\npadding:10px 10px 10px 10px;\nbackground-color:#384852;\n}\n<\/style>\n<div  class='flex_column av-5umbxn-70a355b90249dea40ab76671f0f09673 av_one_third  avia-builder-el-123  el_after_av_one_third  el_before_av_one_third  flex_column_div  column-top-margin'     ><p><section  class='avia-team-member av-lfk66d9a-9e15db35468546f190a4159e88b76ea0  avia-builder-el-124  el_before_av_textblock  avia-builder-el-first '  itemscope=\"itemscope\" itemtype=\"https:\/\/schema.org\/Person\" ><div class=\"team-img-container\"><img decoding=\"async\" fetchpriority=\"high\" class='wp-image-94 avia-img-lazy-loading-not-94 avia_image avia_image_team' src=\"https:\/\/bike-baeriswil.ch\/wp-content\/uploads\/2023\/03\/Phippu_Face.jpg\" alt='Phippu'  itemprop=\"image\"   height=\"800\" width=\"640\" srcset=\"https:\/\/bike-baeriswil.ch\/wp-content\/uploads\/2023\/03\/Phippu_Face.jpg 640w, https:\/\/bike-baeriswil.ch\/wp-content\/uploads\/2023\/03\/Phippu_Face-240x300.jpg 240w, https:\/\/bike-baeriswil.ch\/wp-content\/uploads\/2023\/03\/Phippu_Face-564x705.jpg 564w\" sizes=\"(max-width: 640px) 100vw, 640px\" \/><\/div><h3 class='team-member-name '  itemprop=\"name\" >Phippu<\/h3><div class='team-member-description '  itemprop=\"description\" ><p>Essen:<br \/>\nMit Rotwy....Fleisch, Pasta, Gm\u00fces...etc., s\u00fcsch lieber n\u00fct.<\/p>\n<p>Lieblings-Tour:<br \/>\nDucanfurgga mitem Sertigtrail<\/p>\n<p>Haustour:<br \/>\nBantiger mit e chli Wurzutrail derzue<\/p>\n<p>Mein Bike:<br \/>\nTh\u00f6mus Oberrider<\/p>\n<\/div><span class='hidden team-member-affiliation'  itemprop=\"affiliation\" >Biketr\u00e4ff B\u00e4riswil<\/span><\/section><br \/>\n<section  class='av_textblock_section av-5pdufv-8383ba80f8b45fcf3fc84c132314d514 '   itemscope=\"itemscope\" itemtype=\"https:\/\/schema.org\/CreativeWork\" ><div class='avia_textblock'  itemprop=\"text\" ><h5>Mein Bike:<\/h5>\n<\/div><\/section><br \/>\n\n<style type=\"text\/css\" data-created_by=\"avia_inline_auto\" id=\"style-css-av-5lzrdn-95e832ef7f525d3b68feebac8f4e92fa\">\n#top .hr.hr-invisible.av-5lzrdn-95e832ef7f525d3b68feebac8f4e92fa{\nheight:10px;\n}\n<\/style>\n<div  class='hr av-5lzrdn-95e832ef7f525d3b68feebac8f4e92fa hr-invisible  avia-builder-el-126  el_after_av_textblock  el_before_av_image '><span class='hr-inner '><span class=\"hr-inner-style\"><\/span><\/span><\/div><br \/>\n\n<style type=\"text\/css\" data-created_by=\"avia_inline_auto\" id=\"style-css-av-lfk66y17-468d18cefccc5fdd6a2310df90a085d9\">\n.avia-image-container.av-lfk66y17-468d18cefccc5fdd6a2310df90a085d9 img.avia_image{\nbox-shadow:none;\n}\n.avia-image-container.av-lfk66y17-468d18cefccc5fdd6a2310df90a085d9 .av-image-caption-overlay-center{\ncolor:#ffffff;\n}\n<\/style>\n<div  class='avia-image-container av-lfk66y17-468d18cefccc5fdd6a2310df90a085d9 av-styling- avia-align-center  avia-builder-el-127  el_after_av_hr  avia-builder-el-last '   itemprop=\"image\" itemscope=\"itemscope\" itemtype=\"https:\/\/schema.org\/ImageObject\" ><div class=\"avia-image-container-inner\"><div class=\"avia-image-overlay-wrap\"><img decoding=\"async\" fetchpriority=\"high\" class='wp-image-127 avia-img-lazy-loading-not-127 avia_image ' src=\"https:\/\/bike-baeriswil.ch\/wp-content\/uploads\/2023\/03\/Phippu_Bike.jpg\" alt='' title='Phippu_Bike'  height=\"384\" width=\"640\"  itemprop=\"thumbnailUrl\" srcset=\"https:\/\/bike-baeriswil.ch\/wp-content\/uploads\/2023\/03\/Phippu_Bike.jpg 640w, https:\/\/bike-baeriswil.ch\/wp-content\/uploads\/2023\/03\/Phippu_Bike-300x180.jpg 300w\" sizes=\"(max-width: 640px) 100vw, 640px\" \/><\/div><\/div><\/div><\/p><\/div>\n\n<style type=\"text\/css\" data-created_by=\"avia_inline_auto\" id=\"style-css-av-5g5xd7-fa79dc2daa6b2115a14e620bdac4f010\">\n.flex_column.av-5g5xd7-fa79dc2daa6b2115a14e620bdac4f010{\npadding:10px 10px 10px 10px;\nbackground-color:#384852;\n}\n<\/style>\n<div  class='flex_column av-5g5xd7-fa79dc2daa6b2115a14e620bdac4f010 av_one_third  avia-builder-el-128  el_after_av_one_third  el_before_av_one_third  first flex_column_div  column-top-margin'     ><p><section  class='avia-team-member av-lfk67jqe-46ec69871885db56cd539167c939c57c  avia-builder-el-129  el_before_av_textblock  avia-builder-el-first '  itemscope=\"itemscope\" itemtype=\"https:\/\/schema.org\/Person\" ><div class=\"team-img-container\"><img decoding=\"async\" fetchpriority=\"high\" class='wp-image-99 avia-img-lazy-loading-not-99 avia_image avia_image_team' src=\"https:\/\/bike-baeriswil.ch\/wp-content\/uploads\/2023\/03\/Steffi_Face.jpg\" alt='Steffi'  itemprop=\"image\"   height=\"800\" width=\"640\" srcset=\"https:\/\/bike-baeriswil.ch\/wp-content\/uploads\/2023\/03\/Steffi_Face.jpg 640w, https:\/\/bike-baeriswil.ch\/wp-content\/uploads\/2023\/03\/Steffi_Face-240x300.jpg 240w, https:\/\/bike-baeriswil.ch\/wp-content\/uploads\/2023\/03\/Steffi_Face-564x705.jpg 564w\" sizes=\"(max-width: 640px) 100vw, 640px\" \/><\/div><h3 class='team-member-name '  itemprop=\"name\" >Steffi<\/h3><div class='team-member-description '  itemprop=\"description\" ><p>Essen:<br \/>\n\u00c4s feins Scht\u00fcck Fleisch mit Salat u \u00e4 guets Glas Rotwy drzue.<\/p>\n<p>Lieblings-Tour:<br \/>\nHouptsach e guete Guide<\/p>\n<p>Haustour:<br \/>\nSchwarzchopf-Bantiger<\/p>\n<p>Mein Bike:<br \/>\n?<\/p>\n<\/div><span class='hidden team-member-affiliation'  itemprop=\"affiliation\" >Biketr\u00e4ff B\u00e4riswil<\/span><\/section><br \/>\n<section  class='av_textblock_section av-56ngnv-1a2c046e35e99e573f78f3feca942a1e '   itemscope=\"itemscope\" itemtype=\"https:\/\/schema.org\/CreativeWork\" ><div class='avia_textblock'  itemprop=\"text\" ><h5>Mein Bike:<\/h5>\n<\/div><\/section><br \/>\n\n<style type=\"text\/css\" data-created_by=\"avia_inline_auto\" id=\"style-css-av-52vidf-9fde09e4433276650854055e3a3fd6a7\">\n#top .hr.hr-invisible.av-52vidf-9fde09e4433276650854055e3a3fd6a7{\nheight:10px;\n}\n<\/style>\n<div  class='hr av-52vidf-9fde09e4433276650854055e3a3fd6a7 hr-invisible  avia-builder-el-131  el_after_av_textblock  el_before_av_image '><span class='hr-inner '><span class=\"hr-inner-style\"><\/span><\/span><\/div><br \/>\n\n<style type=\"text\/css\" data-created_by=\"avia_inline_auto\" id=\"style-css-av-lfk69v45-f21ac9797879989c1bf7efa3b0b13185\">\n.avia-image-container.av-lfk69v45-f21ac9797879989c1bf7efa3b0b13185 img.avia_image{\nbox-shadow:none;\n}\n.avia-image-container.av-lfk69v45-f21ac9797879989c1bf7efa3b0b13185 .av-image-caption-overlay-center{\ncolor:#ffffff;\n}\n<\/style>\n<div  class='avia-image-container av-lfk69v45-f21ac9797879989c1bf7efa3b0b13185 av-styling- avia-align-center  avia-builder-el-132  el_after_av_hr  avia-builder-el-last '   itemprop=\"image\" itemscope=\"itemscope\" itemtype=\"https:\/\/schema.org\/ImageObject\" ><div class=\"avia-image-container-inner\"><div class=\"avia-image-overlay-wrap\"><img decoding=\"async\" fetchpriority=\"high\" class='wp-image-264 avia-img-lazy-loading-not-264 avia_image ' src=\"https:\/\/bike-baeriswil.ch\/wp-content\/uploads\/2023\/03\/Rusty-F.jpg\" alt='' title='Rusty-F'  height=\"384\" width=\"640\"  itemprop=\"thumbnailUrl\" srcset=\"https:\/\/bike-baeriswil.ch\/wp-content\/uploads\/2023\/03\/Rusty-F.jpg 640w, https:\/\/bike-baeriswil.ch\/wp-content\/uploads\/2023\/03\/Rusty-F-300x180.jpg 300w\" sizes=\"(max-width: 640px) 100vw, 640px\" \/><\/div><\/div><\/div><\/p><\/div>\n\n<style type=\"text\/css\" data-created_by=\"avia_inline_auto\" id=\"style-css-av-4uynqr-a3eb8c20f6dbf8dcfa5ddceec0c767c8\">\n.flex_column.av-4uynqr-a3eb8c20f6dbf8dcfa5ddceec0c767c8{\npadding:10px 10px 10px 10px;\nbackground-color:#384852;\n}\n<\/style>\n<div  class='flex_column av-4uynqr-a3eb8c20f6dbf8dcfa5ddceec0c767c8 av_one_third  avia-builder-el-133  el_after_av_one_third  el_before_av_one_third  flex_column_div  column-top-margin'     ><p><section  class='avia-team-member av-lfk68ucj-6318691ebb6ff60333a72d17b2e783ba  avia-builder-el-134  el_before_av_textblock  avia-builder-el-first '  itemscope=\"itemscope\" itemtype=\"https:\/\/schema.org\/Person\" ><div class=\"team-img-container\"><img decoding=\"async\" fetchpriority=\"high\" class='wp-image-103 avia-img-lazy-loading-not-103 avia_image avia_image_team' src=\"https:\/\/bike-baeriswil.ch\/wp-content\/uploads\/2023\/03\/Tom-Spiez_Face.jpg\" alt='Tom Spiez'  itemprop=\"image\"   height=\"800\" width=\"640\" srcset=\"https:\/\/bike-baeriswil.ch\/wp-content\/uploads\/2023\/03\/Tom-Spiez_Face.jpg 640w, https:\/\/bike-baeriswil.ch\/wp-content\/uploads\/2023\/03\/Tom-Spiez_Face-240x300.jpg 240w, https:\/\/bike-baeriswil.ch\/wp-content\/uploads\/2023\/03\/Tom-Spiez_Face-564x705.jpg 564w\" sizes=\"(max-width: 640px) 100vw, 640px\" \/><\/div><h3 class='team-member-name '  itemprop=\"name\" >Tom Spiez<\/h3><div class='team-member-description '  itemprop=\"description\" ><p>Essen:<br \/>\nK\u00e4seschnitte mit Ei, italienische K\u00fcche und nat\u00fcrlich Fleisch vom Grill (mit Salat)<\/p>\n<p>Lieblings-Tour:<br \/>\nMoosalp, Micky Maus<\/p>\n<p>Haustour:<br \/>\nZwischenfl\u00fch-Rinderalp-Diemtigb\u00e4rgli<\/p>\n<p>Mein Bike:<br \/>\n?<\/p>\n<\/div><span class='hidden team-member-affiliation'  itemprop=\"affiliation\" >Biketr\u00e4ff B\u00e4riswil<\/span><\/section><br \/>\n<section  class='av_textblock_section av-4rin8j-bfbc688be6e53daea069792cdc08f6d1 '   itemscope=\"itemscope\" itemtype=\"https:\/\/schema.org\/CreativeWork\" ><div class='avia_textblock'  itemprop=\"text\" ><h5>Mein Bike:<\/h5>\n<\/div><\/section><br \/>\n\n<style type=\"text\/css\" data-created_by=\"avia_inline_auto\" id=\"style-css-av-4j80gr-84b8da24cf17e565912692deaf3941cf\">\n#top .hr.hr-invisible.av-4j80gr-84b8da24cf17e565912692deaf3941cf{\nheight:10px;\n}\n<\/style>\n<div  class='hr av-4j80gr-84b8da24cf17e565912692deaf3941cf hr-invisible  avia-builder-el-136  el_after_av_textblock  el_before_av_image '><span class='hr-inner '><span class=\"hr-inner-style\"><\/span><\/span><\/div><br \/>\n\n<style type=\"text\/css\" data-created_by=\"avia_inline_auto\" id=\"style-css-av-4f05n7-101021e16d7093c057fae98cd7e526dc\">\n.avia-image-container.av-4f05n7-101021e16d7093c057fae98cd7e526dc img.avia_image{\nbox-shadow:none;\n}\n.avia-image-container.av-4f05n7-101021e16d7093c057fae98cd7e526dc .av-image-caption-overlay-center{\ncolor:#ffffff;\n}\n<\/style>\n<div  class='avia-image-container av-4f05n7-101021e16d7093c057fae98cd7e526dc av-styling- avia-align-center  avia-builder-el-137  el_after_av_hr  avia-builder-el-last '   itemprop=\"image\" itemscope=\"itemscope\" itemtype=\"https:\/\/schema.org\/ImageObject\" ><div class=\"avia-image-container-inner\"><div class=\"avia-image-overlay-wrap\"><img decoding=\"async\" fetchpriority=\"high\" class='wp-image-265 avia-img-lazy-loading-not-265 avia_image ' src=\"https:\/\/bike-baeriswil.ch\/wp-content\/uploads\/2023\/03\/Rusty-M.jpg\" alt='' title='Rusty-M'  height=\"384\" width=\"640\"  itemprop=\"thumbnailUrl\" srcset=\"https:\/\/bike-baeriswil.ch\/wp-content\/uploads\/2023\/03\/Rusty-M.jpg 640w, https:\/\/bike-baeriswil.ch\/wp-content\/uploads\/2023\/03\/Rusty-M-300x180.jpg 300w\" sizes=\"(max-width: 640px) 100vw, 640px\" \/><\/div><\/div><\/div><\/p><\/div>\n\n<style type=\"text\/css\" data-created_by=\"avia_inline_auto\" id=\"style-css-av-3q9idf-2ff6e282aed91daba10751c3551fc9cc\">\n.flex_column.av-3q9idf-2ff6e282aed91daba10751c3551fc9cc{\npadding:10px 10px 10px 10px;\nbackground-color:#384852;\n}\n<\/style>\n<div  class='flex_column av-3q9idf-2ff6e282aed91daba10751c3551fc9cc av_one_third  avia-builder-el-138  el_after_av_one_third  el_before_av_one_third  flex_column_div  column-top-margin'     ><p><section  class='avia-team-member av-lfk6b0fu-7afb5dea97197713d7e9a317e027eac5  avia-builder-el-139  el_before_av_textblock  avia-builder-el-first '  itemscope=\"itemscope\" itemtype=\"https:\/\/schema.org\/Person\" ><div class=\"team-img-container\"><img decoding=\"async\" fetchpriority=\"high\" class='wp-image-91 avia-img-lazy-loading-not-91 avia_image avia_image_team' src=\"https:\/\/bike-baeriswil.ch\/wp-content\/uploads\/2023\/03\/Moritz_Face.jpg\" alt='Moritz'  itemprop=\"image\"   height=\"800\" width=\"640\" srcset=\"https:\/\/bike-baeriswil.ch\/wp-content\/uploads\/2023\/03\/Moritz_Face.jpg 640w, https:\/\/bike-baeriswil.ch\/wp-content\/uploads\/2023\/03\/Moritz_Face-240x300.jpg 240w, https:\/\/bike-baeriswil.ch\/wp-content\/uploads\/2023\/03\/Moritz_Face-564x705.jpg 564w\" sizes=\"(max-width: 640px) 100vw, 640px\" \/><\/div><h3 class='team-member-name '  itemprop=\"name\" >Moritz<\/h3><div class='team-member-description '  itemprop=\"description\" ><p>Essen:<br \/>\n?<\/p>\n<p>Lieblings-Tour:<br \/>\n?<br \/>\nHaustour:<br \/>\n?<\/p>\n<p>Mein Bike:<br \/>\n?<\/p>\n<\/div><span class='hidden team-member-affiliation'  itemprop=\"affiliation\" >Biketr\u00e4ff B\u00e4riswil<\/span><\/section><br \/>\n<section  class='av_textblock_section av-3i10rf-286edb1f90f693e3f6773320b415033f '   itemscope=\"itemscope\" itemtype=\"https:\/\/schema.org\/CreativeWork\" ><div class='avia_textblock'  itemprop=\"text\" ><h5>Mein Bike:<\/h5>\n<\/div><\/section><br \/>\n\n<style type=\"text\/css\" data-created_by=\"avia_inline_auto\" id=\"style-css-av-cc32z-d1eac1b2f5bd5116183d4afd626bde4d\">\n#top .hr.hr-invisible.av-cc32z-d1eac1b2f5bd5116183d4afd626bde4d{\nheight:10px;\n}\n<\/style>\n<div  class='hr av-cc32z-d1eac1b2f5bd5116183d4afd626bde4d hr-invisible  avia-builder-el-141  el_after_av_textblock  el_before_av_image '><span class='hr-inner '><span class=\"hr-inner-style\"><\/span><\/span><\/div><br \/>\n\n<style type=\"text\/css\" data-created_by=\"avia_inline_auto\" id=\"style-css-av-3ai8az-ebe58d976699e86ebf64c1acd8cdda54\">\n.avia-image-container.av-3ai8az-ebe58d976699e86ebf64c1acd8cdda54 img.avia_image{\nbox-shadow:none;\n}\n.avia-image-container.av-3ai8az-ebe58d976699e86ebf64c1acd8cdda54 .av-image-caption-overlay-center{\ncolor:#ffffff;\n}\n<\/style>\n<div  class='avia-image-container av-3ai8az-ebe58d976699e86ebf64c1acd8cdda54 av-styling- avia-align-center  avia-builder-el-142  el_after_av_hr  avia-builder-el-last '   itemprop=\"image\" itemscope=\"itemscope\" itemtype=\"https:\/\/schema.org\/ImageObject\" ><div class=\"avia-image-container-inner\"><div class=\"avia-image-overlay-wrap\"><img decoding=\"async\" fetchpriority=\"high\" class='wp-image-265 avia-img-lazy-loading-not-265 avia_image ' src=\"https:\/\/bike-baeriswil.ch\/wp-content\/uploads\/2023\/03\/Rusty-M.jpg\" alt='' title='Rusty-M'  height=\"384\" width=\"640\"  itemprop=\"thumbnailUrl\" srcset=\"https:\/\/bike-baeriswil.ch\/wp-content\/uploads\/2023\/03\/Rusty-M.jpg 640w, https:\/\/bike-baeriswil.ch\/wp-content\/uploads\/2023\/03\/Rusty-M-300x180.jpg 300w\" sizes=\"(max-width: 640px) 100vw, 640px\" \/><\/div><\/div><\/div><\/p><\/div>\n<div class='flex_column_table av-330iff-381472aafcc0f1d016a3eac37434e338 sc-av_one_third av-equal-height-column-flextable'>\n<style type=\"text\/css\" data-created_by=\"avia_inline_auto\" id=\"style-css-av-330iff-381472aafcc0f1d016a3eac37434e338\">\n.flex_column.av-330iff-381472aafcc0f1d016a3eac37434e338{\npadding:10px 10px 10px 10px;\nbackground-color:#384852;\n}\n<\/style>\n<div  class='flex_column av-330iff-381472aafcc0f1d016a3eac37434e338 av_one_third  avia-builder-el-143  el_after_av_one_third  el_before_av_one_third  first flex_column_table_cell av-equal-height-column av-align-top  column-top-margin'     ><p><section  class='avia-team-member av-lfk6bu8d-2c6f61d63463f103f1d0bf3296eb4586  avia-builder-el-144  el_before_av_textblock  avia-builder-el-first '  itemscope=\"itemscope\" itemtype=\"https:\/\/schema.org\/Person\" ><div class=\"team-img-container\"><img decoding=\"async\" fetchpriority=\"high\" class='wp-image-97 avia-img-lazy-loading-not-97 avia_image avia_image_team' src=\"https:\/\/bike-baeriswil.ch\/wp-content\/uploads\/2023\/03\/Ruedi_Face.jpg\" alt='Ruedi'  itemprop=\"image\"   height=\"800\" width=\"640\" srcset=\"https:\/\/bike-baeriswil.ch\/wp-content\/uploads\/2023\/03\/Ruedi_Face.jpg 640w, https:\/\/bike-baeriswil.ch\/wp-content\/uploads\/2023\/03\/Ruedi_Face-240x300.jpg 240w, https:\/\/bike-baeriswil.ch\/wp-content\/uploads\/2023\/03\/Ruedi_Face-564x705.jpg 564w\" sizes=\"(max-width: 640px) 100vw, 640px\" \/><\/div><h3 class='team-member-name '  itemprop=\"name\" >Ruedi<\/h3><div class='team-member-description '  itemprop=\"description\" ><p>Essen:<br \/>\n?<\/p>\n<p>Lieblings-Tour:<br \/>\n?<\/p>\n<p>Haustour:<br \/>\n?<\/p>\n<p>Mein Bike:<br \/>\n?<\/p>\n<\/div><span class='hidden team-member-affiliation'  itemprop=\"affiliation\" >Biketr\u00e4ff B\u00e4riswil<\/span><\/section><br \/>\n<section  class='av_textblock_section av-2waukz-a460d9955052dee51319d4d93b175b63 '   itemscope=\"itemscope\" itemtype=\"https:\/\/schema.org\/CreativeWork\" ><div class='avia_textblock'  itemprop=\"text\" ><h5>Mein Bike:<\/h5>\n<\/div><\/section><br \/>\n\n<style type=\"text\/css\" data-created_by=\"avia_inline_auto\" id=\"style-css-av-2nwohv-0cc230ff7080ebc23777a19c6aba3b72\">\n#top .hr.hr-invisible.av-2nwohv-0cc230ff7080ebc23777a19c6aba3b72{\nheight:10px;\n}\n<\/style>\n<div  class='hr av-2nwohv-0cc230ff7080ebc23777a19c6aba3b72 hr-invisible  avia-builder-el-146  el_after_av_textblock  el_before_av_image '><span class='hr-inner '><span class=\"hr-inner-style\"><\/span><\/span><\/div><br \/>\n\n<style type=\"text\/css\" data-created_by=\"avia_inline_auto\" id=\"style-css-av-2ireqr-eda2f6578956aeda48af21f2c8d3efa0\">\n.avia-image-container.av-2ireqr-eda2f6578956aeda48af21f2c8d3efa0 img.avia_image{\nbox-shadow:none;\n}\n.avia-image-container.av-2ireqr-eda2f6578956aeda48af21f2c8d3efa0 .av-image-caption-overlay-center{\ncolor:#ffffff;\n}\n<\/style>\n<div  class='avia-image-container av-2ireqr-eda2f6578956aeda48af21f2c8d3efa0 av-styling- avia-align-center  avia-builder-el-147  el_after_av_hr  avia-builder-el-last '   itemprop=\"image\" itemscope=\"itemscope\" itemtype=\"https:\/\/schema.org\/ImageObject\" ><div class=\"avia-image-container-inner\"><div class=\"avia-image-overlay-wrap\"><img decoding=\"async\" fetchpriority=\"high\" class='wp-image-265 avia-img-lazy-loading-not-265 avia_image ' src=\"https:\/\/bike-baeriswil.ch\/wp-content\/uploads\/2023\/03\/Rusty-M.jpg\" alt='' title='Rusty-M'  height=\"384\" width=\"640\"  itemprop=\"thumbnailUrl\" srcset=\"https:\/\/bike-baeriswil.ch\/wp-content\/uploads\/2023\/03\/Rusty-M.jpg 640w, https:\/\/bike-baeriswil.ch\/wp-content\/uploads\/2023\/03\/Rusty-M-300x180.jpg 300w\" sizes=\"(max-width: 640px) 100vw, 640px\" \/><\/div><\/div><\/div><\/p><\/div>\n<div class='av-flex-placeholder'><\/div>\n<style type=\"text\/css\" data-created_by=\"avia_inline_auto\" id=\"style-css-av-2fikq3-1a97f578956d7a927abeda159bf71d85\">\n.flex_column.av-2fikq3-1a97f578956d7a927abeda159bf71d85{\npadding:10px 10px 10px 10px;\nbackground-color:#384852;\n}\n<\/style>\n<div  class='flex_column av-2fikq3-1a97f578956d7a927abeda159bf71d85 av_one_third  avia-builder-el-148  el_after_av_one_third  el_before_av_one_third  flex_column_table_cell av-equal-height-column av-align-top  column-top-margin'     ><p><section  class='avia-team-member av-lfk6cni7-1007e01d36fd055e7abf8232dfff8d85  avia-builder-el-149  el_before_av_textblock  avia-builder-el-first '  itemscope=\"itemscope\" itemtype=\"https:\/\/schema.org\/Person\" ><div class=\"team-img-container\"><img decoding=\"async\" fetchpriority=\"high\" class='wp-image-96 avia-img-lazy-loading-not-96 avia_image avia_image_team' src=\"https:\/\/bike-baeriswil.ch\/wp-content\/uploads\/2023\/03\/Roeschu_Face.jpg\" alt='R\u00f6schu'  itemprop=\"image\"   height=\"800\" width=\"640\" srcset=\"https:\/\/bike-baeriswil.ch\/wp-content\/uploads\/2023\/03\/Roeschu_Face.jpg 640w, https:\/\/bike-baeriswil.ch\/wp-content\/uploads\/2023\/03\/Roeschu_Face-240x300.jpg 240w, https:\/\/bike-baeriswil.ch\/wp-content\/uploads\/2023\/03\/Roeschu_Face-564x705.jpg 564w\" sizes=\"(max-width: 640px) 100vw, 640px\" \/><\/div><h3 class='team-member-name '  itemprop=\"name\" >R\u00f6schu<\/h3><div class='team-member-description '  itemprop=\"description\" ><p>Essen:<br \/>\nGuets vom Grill, drzeu es Glas Wy.<\/p>\n<p>Lieblings-Tour:<br \/>\nHouptsach cooli Trails u z\u00fcgig nitzi.<\/p>\n<p>Haustour:<br \/>\n\u00d6ppe Schwarzchopf<\/p>\n<p>Mein Bike:<br \/>\nSanta Cruz Bronson<\/p>\n<\/div><span class='hidden team-member-affiliation'  itemprop=\"affiliation\" >Biketr\u00e4ff B\u00e4riswil<\/span><\/section><br \/>\n<section  class='av_textblock_section av-2876gz-fa8dc46d65dd5ea0e3781af4bba0af31 '   itemscope=\"itemscope\" itemtype=\"https:\/\/schema.org\/CreativeWork\" ><div class='avia_textblock'  itemprop=\"text\" ><h5>Mein Bike:<\/h5>\n<\/div><\/section><br \/>\n\n<style type=\"text\/css\" data-created_by=\"avia_inline_auto\" id=\"style-css-av-24kh83-d74b58dddc17d03a46370dfbf5f9a3a8\">\n#top .hr.hr-invisible.av-24kh83-d74b58dddc17d03a46370dfbf5f9a3a8{\nheight:10px;\n}\n<\/style>\n<div  class='hr av-24kh83-d74b58dddc17d03a46370dfbf5f9a3a8 hr-invisible  avia-builder-el-151  el_after_av_textblock  el_before_av_image '><span class='hr-inner '><span class=\"hr-inner-style\"><\/span><\/span><\/div><br \/>\n\n<style type=\"text\/css\" data-created_by=\"avia_inline_auto\" id=\"style-css-av-lfk6czfv-63086f75bbc49271a5b336d3694a4f97\">\n.avia-image-container.av-lfk6czfv-63086f75bbc49271a5b336d3694a4f97 img.avia_image{\nbox-shadow:none;\n}\n.avia-image-container.av-lfk6czfv-63086f75bbc49271a5b336d3694a4f97 .av-image-caption-overlay-center{\ncolor:#ffffff;\n}\n<\/style>\n<div  class='avia-image-container av-lfk6czfv-63086f75bbc49271a5b336d3694a4f97 av-styling- avia-align-center  avia-builder-el-152  el_after_av_hr  avia-builder-el-last '   itemprop=\"image\" itemscope=\"itemscope\" itemtype=\"https:\/\/schema.org\/ImageObject\" ><div class=\"avia-image-container-inner\"><div class=\"avia-image-overlay-wrap\"><img decoding=\"async\" fetchpriority=\"high\" class='wp-image-129 avia-img-lazy-loading-not-129 avia_image ' src=\"https:\/\/bike-baeriswil.ch\/wp-content\/uploads\/2023\/03\/Roeschu_Bike.jpg\" alt='' title='Roeschu_Bike'  height=\"384\" width=\"640\"  itemprop=\"thumbnailUrl\" srcset=\"https:\/\/bike-baeriswil.ch\/wp-content\/uploads\/2023\/03\/Roeschu_Bike.jpg 640w, https:\/\/bike-baeriswil.ch\/wp-content\/uploads\/2023\/03\/Roeschu_Bike-300x180.jpg 300w\" sizes=\"(max-width: 640px) 100vw, 640px\" \/><\/div><\/div><\/div><\/p><\/div>\n<div class='av-flex-placeholder'><\/div>\n<style type=\"text\/css\" data-created_by=\"avia_inline_auto\" id=\"style-css-av-1ymju3-0bfa79732c0f31a891f30328e83a4e2b\">\n.flex_column.av-1ymju3-0bfa79732c0f31a891f30328e83a4e2b{\npadding:10px 10px 10px 10px;\nbackground-color:#384852;\n}\n<\/style>\n<div  class='flex_column av-1ymju3-0bfa79732c0f31a891f30328e83a4e2b av_one_third  avia-builder-el-153  el_after_av_one_third  el_before_av_one_third  flex_column_table_cell av-equal-height-column av-align-top  column-top-margin'     ><p><section  class='avia-team-member av-lfk6e6yn-f28f35814540cfc71b350d2112d853bb  avia-builder-el-154  el_before_av_textblock  avia-builder-el-first '  itemscope=\"itemscope\" itemtype=\"https:\/\/schema.org\/Person\" ><div class=\"team-img-container\"><img decoding=\"async\" fetchpriority=\"high\" class='wp-image-897 avia-img-lazy-loading-not-897 avia_image avia_image_team' src=\"https:\/\/bike-baeriswil.ch\/wp-content\/uploads\/2024\/01\/Joere_Face_2024.jpg\" alt='J\u00f6re'  itemprop=\"image\"   height=\"329\" width=\"263\" srcset=\"https:\/\/bike-baeriswil.ch\/wp-content\/uploads\/2024\/01\/Joere_Face_2024.jpg 263w, https:\/\/bike-baeriswil.ch\/wp-content\/uploads\/2024\/01\/Joere_Face_2024-240x300.jpg 240w\" sizes=\"(max-width: 263px) 100vw, 263px\" \/><\/div><h3 class='team-member-name '  itemprop=\"name\" >J\u00f6re<\/h3><div class='team-member-description '  itemprop=\"description\" ><p>Essen:<br \/>\nVegetarische - internationale K\u00fcche,<br \/>\nzum Verdauen ein kleines vegetgarisches Getr\u00e4nk aus meiner Heimat.<\/p>\n<p>Lieblings-Tour:<br \/>\nCol de L\u2019Iseran (FR)<\/p>\n<p>Haustour:<br \/>\nLueg Rundkurs<\/p>\n<p>Mein Bike:<br \/>\nGravel OPEN<\/p>\n<\/div><span class='hidden team-member-affiliation'  itemprop=\"affiliation\" >Biketr\u00e4ff B\u00e4riswil<\/span><\/section><br \/>\n<section  class='av_textblock_section av-1ok5jf-58eb3797b83faf89afbe1402544b67ce '   itemscope=\"itemscope\" itemtype=\"https:\/\/schema.org\/CreativeWork\" ><div class='avia_textblock'  itemprop=\"text\" ><h5>Mein Bike:<\/h5>\n<\/div><\/section><br \/>\n\n<style type=\"text\/css\" data-created_by=\"avia_inline_auto\" id=\"style-css-av-1m6ts3-9a0f1d8f43fb15f4b9da235ce5a0fec5\">\n#top .hr.hr-invisible.av-1m6ts3-9a0f1d8f43fb15f4b9da235ce5a0fec5{\nheight:10px;\n}\n<\/style>\n<div  class='hr av-1m6ts3-9a0f1d8f43fb15f4b9da235ce5a0fec5 hr-invisible  avia-builder-el-156  el_after_av_textblock  el_before_av_image '><span class='hr-inner '><span class=\"hr-inner-style\"><\/span><\/span><\/div><br \/>\n\n<style type=\"text\/css\" data-created_by=\"avia_inline_auto\" id=\"style-css-av-1fknpf-6107f3f1b11c392addd0fb0c21d0770c\">\n.avia-image-container.av-1fknpf-6107f3f1b11c392addd0fb0c21d0770c img.avia_image{\nbox-shadow:none;\n}\n.avia-image-container.av-1fknpf-6107f3f1b11c392addd0fb0c21d0770c .av-image-caption-overlay-center{\ncolor:#ffffff;\n}\n<\/style>\n<div  class='avia-image-container av-1fknpf-6107f3f1b11c392addd0fb0c21d0770c av-styling- avia-align-center  avia-builder-el-157  el_after_av_hr  avia-builder-el-last '   itemprop=\"image\" itemscope=\"itemscope\" itemtype=\"https:\/\/schema.org\/ImageObject\" ><div class=\"avia-image-container-inner\"><div class=\"avia-image-overlay-wrap\"><img decoding=\"async\" fetchpriority=\"high\" class='wp-image-901 avia-img-lazy-loading-not-901 avia_image ' src=\"https:\/\/bike-baeriswil.ch\/wp-content\/uploads\/2024\/01\/Joere_Bike_2024.jpg\" alt='' title='J\u00f6re_Bike_2024'  height=\"627\" width=\"640\"  itemprop=\"thumbnailUrl\" srcset=\"https:\/\/bike-baeriswil.ch\/wp-content\/uploads\/2024\/01\/Joere_Bike_2024.jpg 640w, https:\/\/bike-baeriswil.ch\/wp-content\/uploads\/2024\/01\/Joere_Bike_2024-300x294.jpg 300w, https:\/\/bike-baeriswil.ch\/wp-content\/uploads\/2024\/01\/Joere_Bike_2024-36x36.jpg 36w\" sizes=\"(max-width: 640px) 100vw, 640px\" \/><\/div><\/div><\/div><\/p><\/div><\/div><!--close column table wrapper. Autoclose: 1 -->\n<div class='flex_column_table av-49bhn-8c7e767c2e09eba7378fc419a37d595b sc-av_one_third av-equal-height-column-flextable'>\n<style type=\"text\/css\" data-created_by=\"avia_inline_auto\" id=\"style-css-av-49bhn-8c7e767c2e09eba7378fc419a37d595b\">\n.flex_column.av-49bhn-8c7e767c2e09eba7378fc419a37d595b{\npadding:10px 10px 10px 10px;\nbackground-color:#384852;\n}\n<\/style>\n<div  class='flex_column av-49bhn-8c7e767c2e09eba7378fc419a37d595b av_one_third  avia-builder-el-158  el_after_av_one_third  el_before_av_one_third  first flex_column_table_cell av-equal-height-column av-align-top  column-top-margin'     ><p><section  class='avia-team-member av-lfk6ewb0-4123f6f68bb90429e522d50733398350  avia-builder-el-159  el_before_av_textblock  avia-builder-el-first '  itemscope=\"itemscope\" itemtype=\"https:\/\/schema.org\/Person\" ><div class=\"team-img-container\"><img decoding=\"async\" fetchpriority=\"high\" class='wp-image-88 avia-img-lazy-loading-not-88 avia_image avia_image_team' src=\"https:\/\/bike-baeriswil.ch\/wp-content\/uploads\/2023\/03\/Marc_Face.jpg\" alt='Marc'  itemprop=\"image\"   height=\"800\" width=\"640\" srcset=\"https:\/\/bike-baeriswil.ch\/wp-content\/uploads\/2023\/03\/Marc_Face.jpg 640w, https:\/\/bike-baeriswil.ch\/wp-content\/uploads\/2023\/03\/Marc_Face-240x300.jpg 240w, https:\/\/bike-baeriswil.ch\/wp-content\/uploads\/2023\/03\/Marc_Face-564x705.jpg 564w\" sizes=\"(max-width: 640px) 100vw, 640px\" \/><\/div><h3 class='team-member-name '  itemprop=\"name\" >Marc<\/h3><div class='team-member-description '  itemprop=\"description\" ><p>Essen:<br \/>\nEs guets Fleisch oder italienische K\u00fcche und es Bierli (oder o zw\u00f6i)<\/p>\n<p>Lieblings-Tour:<br \/>\nHaupsache \u201eb\u00e4rgab\u201c<\/p>\n<p>Haustour:<br \/>\nSchwarzkopf Freeridestrecke<\/p>\n<p>Mein Bike:<br \/>\nScott Ransom 920<\/p>\n<\/div><span class='hidden team-member-affiliation'  itemprop=\"affiliation\" >Biketr\u00e4ff B\u00e4riswil<\/span><\/section><br \/>\n<section  class='av_textblock_section av-12ru77-5f6ae7142eacdb044fdd764da8d0c1f4 '   itemscope=\"itemscope\" itemtype=\"https:\/\/schema.org\/CreativeWork\" ><div class='avia_textblock'  itemprop=\"text\" ><h5>Mein Bike:<\/h5>\n<\/div><\/section><br \/>\n\n<style type=\"text\/css\" data-created_by=\"avia_inline_auto\" id=\"style-css-av-32h1v-166e14db5fb018f07a9563b66b5ab0a7\">\n#top .hr.hr-invisible.av-32h1v-166e14db5fb018f07a9563b66b5ab0a7{\nheight:10px;\n}\n<\/style>\n<div  class='hr av-32h1v-166e14db5fb018f07a9563b66b5ab0a7 hr-invisible  avia-builder-el-161  el_after_av_textblock  el_before_av_image '><span class='hr-inner '><span class=\"hr-inner-style\"><\/span><\/span><\/div><br \/>\n\n<style type=\"text\/css\" data-created_by=\"avia_inline_auto\" id=\"style-css-av-lfk6ffbw-7116ae9b00a57fa615164df0cc6f069e\">\n.avia-image-container.av-lfk6ffbw-7116ae9b00a57fa615164df0cc6f069e img.avia_image{\nbox-shadow:none;\n}\n.avia-image-container.av-lfk6ffbw-7116ae9b00a57fa615164df0cc6f069e .av-image-caption-overlay-center{\ncolor:#ffffff;\n}\n<\/style>\n<div  class='avia-image-container av-lfk6ffbw-7116ae9b00a57fa615164df0cc6f069e av-styling- avia-align-center  avia-builder-el-162  el_after_av_hr  avia-builder-el-last '   itemprop=\"image\" itemscope=\"itemscope\" itemtype=\"https:\/\/schema.org\/ImageObject\" ><div class=\"avia-image-container-inner\"><div class=\"avia-image-overlay-wrap\"><img decoding=\"async\" fetchpriority=\"high\" class='wp-image-121 avia-img-lazy-loading-not-121 avia_image ' src=\"https:\/\/bike-baeriswil.ch\/wp-content\/uploads\/2023\/03\/Marc_Bike.jpg\" alt='' title='Marc_Bike'  height=\"384\" width=\"640\"  itemprop=\"thumbnailUrl\" srcset=\"https:\/\/bike-baeriswil.ch\/wp-content\/uploads\/2023\/03\/Marc_Bike.jpg 640w, https:\/\/bike-baeriswil.ch\/wp-content\/uploads\/2023\/03\/Marc_Bike-300x180.jpg 300w\" sizes=\"(max-width: 640px) 100vw, 640px\" \/><\/div><\/div><\/div><\/p><\/div>\n<div class='av-flex-placeholder'><\/div>\n<style type=\"text\/css\" data-created_by=\"avia_inline_auto\" id=\"style-css-av-2qcbn-15f243900340cf4709da2a9ce2945357\">\n.flex_column.av-2qcbn-15f243900340cf4709da2a9ce2945357{\npadding:10px 10px 10px 10px;\nbackground-color:#384852;\n}\n<\/style>\n<div  class='flex_column av-2qcbn-15f243900340cf4709da2a9ce2945357 av_one_third  avia-builder-el-163  el_after_av_one_third  el_before_av_one_third  flex_column_table_cell av-equal-height-column av-align-top  column-top-margin'     ><p><section  class='avia-team-member av-lfk6g6ph-308ea5d220a42388e97df5bf5b5507ef  avia-builder-el-164  el_before_av_textblock  avia-builder-el-first '  itemscope=\"itemscope\" itemtype=\"https:\/\/schema.org\/Person\" ><div class=\"team-img-container\"><img decoding=\"async\" fetchpriority=\"high\" class='wp-image-87 avia-img-lazy-loading-not-87 avia_image avia_image_team' src=\"https:\/\/bike-baeriswil.ch\/wp-content\/uploads\/2023\/03\/Maenu_Face.jpg\" alt='M\u00e4nu'  itemprop=\"image\"   height=\"800\" width=\"640\" srcset=\"https:\/\/bike-baeriswil.ch\/wp-content\/uploads\/2023\/03\/Maenu_Face.jpg 640w, https:\/\/bike-baeriswil.ch\/wp-content\/uploads\/2023\/03\/Maenu_Face-240x300.jpg 240w, https:\/\/bike-baeriswil.ch\/wp-content\/uploads\/2023\/03\/Maenu_Face-564x705.jpg 564w\" sizes=\"(max-width: 640px) 100vw, 640px\" \/><\/div><h3 class='team-member-name '  itemprop=\"name\" >M\u00e4nu<\/h3><div class='team-member-description '  itemprop=\"description\" ><p>Essen:<br \/>\nG\u00e4rn usgwoge und Gm\u00fces isch nid nume Bylage zum guete Scht\u00fcck Fleisch<\/p>\n<p>Lieblings-Tour:<br \/>\nGschpickt mit flowige, f\u00e4gige und technische Singeltrails, wo m\u00e4 sich zersch mit \u00e4mene faire Uphill verdient het<\/p>\n<p>Haustour:<br \/>\nVom Schwarzkopf bis Bantiger<\/p>\n<p>Meine Bikes:<br \/>\n- Scott Sparks 910<br \/>\n- Rose Xlite<\/p>\n<\/div><span class='hidden team-member-affiliation'  itemprop=\"affiliation\" >Biketr\u00e4ff B\u00e4riswil<\/span><\/section><br \/>\n<section  class='av_textblock_section av-ihyqj-0e132f86b9244469188b77128b470d18 '   itemscope=\"itemscope\" itemtype=\"https:\/\/schema.org\/CreativeWork\" ><div class='avia_textblock'  itemprop=\"text\" ><h5>Meine Bikes:<\/h5>\n<\/div><\/section><br \/>\n\n<style type=\"text\/css\" data-created_by=\"avia_inline_auto\" id=\"style-css-av-gblqz-a9ed08344ffcb86588242070bf216223\">\n#top .hr.hr-invisible.av-gblqz-a9ed08344ffcb86588242070bf216223{\nheight:10px;\n}\n<\/style>\n<div  class='hr av-gblqz-a9ed08344ffcb86588242070bf216223 hr-invisible  avia-builder-el-166  el_after_av_textblock  el_before_av_image '><span class='hr-inner '><span class=\"hr-inner-style\"><\/span><\/span><\/div><br \/>\n\n<style type=\"text\/css\" data-created_by=\"avia_inline_auto\" id=\"style-css-av-6lj4j-a1057c246020db8eb69a54cb8ab8a1cb\">\n.avia-image-container.av-6lj4j-a1057c246020db8eb69a54cb8ab8a1cb img.avia_image{\nbox-shadow:none;\n}\n.avia-image-container.av-6lj4j-a1057c246020db8eb69a54cb8ab8a1cb .av-image-caption-overlay-center{\ncolor:#ffffff;\n}\n<\/style>\n<div  class='avia-image-container av-6lj4j-a1057c246020db8eb69a54cb8ab8a1cb av-styling- avia-align-center  avia-builder-el-167  el_after_av_hr  el_before_av_image '   itemprop=\"image\" itemscope=\"itemscope\" itemtype=\"https:\/\/schema.org\/ImageObject\" ><div class=\"avia-image-container-inner\"><div class=\"avia-image-overlay-wrap\"><img decoding=\"async\" fetchpriority=\"high\" class='wp-image-1364 avia-img-lazy-loading-not-1364 avia_image ' src=\"https:\/\/bike-baeriswil.ch\/wp-content\/uploads\/2024\/11\/Maenu_Bike-MTBs.jpg\" alt='' title='M\u00e4nu_Bike-MTBs'  height=\"384\" width=\"640\"  itemprop=\"thumbnailUrl\" srcset=\"https:\/\/bike-baeriswil.ch\/wp-content\/uploads\/2024\/11\/Maenu_Bike-MTBs.jpg 640w, https:\/\/bike-baeriswil.ch\/wp-content\/uploads\/2024\/11\/Maenu_Bike-MTBs-300x180.jpg 300w\" sizes=\"(max-width: 640px) 100vw, 640px\" \/><\/div><\/div><\/div><br \/>\n\n<style type=\"text\/css\" data-created_by=\"avia_inline_auto\" id=\"style-css-av-m3pqcle9-23fe076aef86d6c5810f9a21d3445d79\">\n.avia-image-container.av-m3pqcle9-23fe076aef86d6c5810f9a21d3445d79 img.avia_image{\nbox-shadow:none;\n}\n.avia-image-container.av-m3pqcle9-23fe076aef86d6c5810f9a21d3445d79 .av-image-caption-overlay-center{\ncolor:#ffffff;\n}\n<\/style>\n<div  class='avia-image-container av-m3pqcle9-23fe076aef86d6c5810f9a21d3445d79 av-styling- avia-align-center  avia-builder-el-168  el_after_av_image  avia-builder-el-last '   itemprop=\"image\" itemscope=\"itemscope\" itemtype=\"https:\/\/schema.org\/ImageObject\" ><div class=\"avia-image-container-inner\"><div class=\"avia-image-overlay-wrap\"><img decoding=\"async\" fetchpriority=\"high\" class='wp-image-1365 avia-img-lazy-loading-not-1365 avia_image ' src=\"https:\/\/bike-baeriswil.ch\/wp-content\/uploads\/2024\/11\/Maenu_Bike-RVs.jpg\" alt='' title='M\u00e4nu_Bike-RVs'  height=\"384\" width=\"640\"  itemprop=\"thumbnailUrl\" srcset=\"https:\/\/bike-baeriswil.ch\/wp-content\/uploads\/2024\/11\/Maenu_Bike-RVs.jpg 640w, https:\/\/bike-baeriswil.ch\/wp-content\/uploads\/2024\/11\/Maenu_Bike-RVs-300x180.jpg 300w\" sizes=\"(max-width: 640px) 100vw, 640px\" \/><\/div><\/div><\/div><\/p><\/div>\n<div class='av-flex-placeholder'><\/div>\n<style type=\"text\/css\" data-created_by=\"avia_inline_auto\" id=\"style-css-av-m5m67j09-a3e552b8fd02e0f6f40193ceb990ac4d\">\n.flex_column.av-m5m67j09-a3e552b8fd02e0f6f40193ceb990ac4d{\npadding:10px 10px 10px 10px;\nbackground-color:#28343c;\n}\n<\/style>\n<div  class='flex_column av-m5m67j09-a3e552b8fd02e0f6f40193ceb990ac4d av_one_third  avia-builder-el-169  el_after_av_one_third  avia-builder-el-last  flex_column_table_cell av-equal-height-column av-align-top  column-top-margin'     ><\/div><\/div><!--close column table wrapper. Autoclose: 1 -->\n","protected":false},"excerpt":{"rendered":"","protected":false},"author":1,"featured_media":0,"parent":0,"menu_order":0,"comment_status":"closed","ping_status":"closed","template":"","meta":{"footnotes":""},"class_list":["post-259","page","type-page","status-publish","hentry"],"_links":{"self":[{"href":"https:\/\/bike-baeriswil.ch\/index.php\/wp-json\/wp\/v2\/pages\/259","targetHints":{"allow":["GET"]}}],"collection":[{"href":"https:\/\/bike-baeriswil.ch\/index.php\/wp-json\/wp\/v2\/pages"}],"about":[{"href":"https:\/\/bike-baeriswil.ch\/index.php\/wp-json\/wp\/v2\/types\/page"}],"author":[{"embeddable":true,"href":"https:\/\/bike-baeriswil.ch\/index.php\/wp-json\/wp\/v2\/users\/1"}],"replies":[{"embeddable":true,"href":"https:\/\/bike-baeriswil.ch\/index.php\/wp-json\/wp\/v2\/comments?post=259"}],"version-history":[{"count":53,"href":"https:\/\/bike-baeriswil.ch\/index.php\/wp-json\/wp\/v2\/pages\/259\/revisions"}],"predecessor-version":[{"id":1867,"href":"https:\/\/bike-baeriswil.ch\/index.php\/wp-json\/wp\/v2\/pages\/259\/revisions\/1867"}],"wp:attachment":[{"href":"https:\/\/bike-baeriswil.ch\/index.php\/wp-json\/wp\/v2\/media?parent=259"}],"curies":[{"name":"wp","href":"https:\/\/api.w.org\/{rel}","templated":true}]}}